{"id":13,"date":"2020-10-27T15:01:51","date_gmt":"2020-10-27T15:01:51","guid":{"rendered":"https:\/\/desracinesalavie.avsit.be\/?page_id=13"},"modified":"2025-08-12T07:42:09","modified_gmt":"2025-08-12T07:42:09","slug":"jennyfer-verhoeven","status":"publish","type":"page","link":"https:\/\/desracinesalavie.be\/index.php\/therapeutes\/jennyfer-verhoeven\/","title":{"rendered":"Jennyfer Verhoeven"},"content":{"rendered":"<div data-colibri-id=\"13-c1\" class=\"style-364 style-local-13-c1 position-relative\">\n  <!---->\n  <div data-colibri-component=\"section\" data-colibri-id=\"13-c2\" id=\"initial-content\" class=\"h-section h-section-global-spacing d-flex align-items-lg-center align-items-md-center align-items-center style-365 style-local-13-c2 position-relative\">\n    <!---->\n    <!---->\n    <div class=\"h-section-grid-container h-section-boxed-container\">\n      <!---->\n      <div data-colibri-id=\"13-c3\" class=\"h-row-container gutters-row-lg-2 gutters-row-md-2 gutters-row-0 gutters-row-v-lg-2 gutters-row-v-md-2 gutters-row-v-2 style-1097 style-local-13-c3 position-relative\">\n        <!---->\n        <div class=\"h-row justify-content-lg-center justify-content-md-center justify-content-center align-items-lg-stretch align-items-md-stretch align-items-stretch gutters-col-lg-2 gutters-col-md-2 gutters-col-0 gutters-col-v-lg-2 gutters-col-v-md-2 gutters-col-v-2\">\n          <!---->\n          <div class=\"h-column h-column-container d-flex h-col-lg-auto h-col-md-auto h-col-auto style-1098-outer style-local-13-c4-outer\">\n            <div data-colibri-id=\"13-c4\" class=\"d-flex h-flex-basis h-column__inner h-px-lg-2 h-px-md-2 h-px-2 v-inner-lg-2 v-inner-md-2 v-inner-2 style-1098 style-local-13-c4 position-relative\">\n              <!---->\n              <!---->\n              <div class=\"w-100 h-y-container h-column__content h-column__v-align flex-basis-100 align-self-lg-start align-self-md-start align-self-start\">\n                <!---->\n                <div data-colibri-id=\"13-c5\" class=\"h-global-transition-all h-heading style-1099 style-local-13-c5 position-relative h-element\">\n                  <!---->\n                  <div class=\"h-heading__outer style-1099 style-local-13-c5\">\n                    <!---->\n                    <!---->\n                    <h3 class=\"\">Kin\u00e9sith\u00e9rapeute, microkin\u00e9sith\u00e9rapeute et acupunctrice \u00e0 Gembloux<\/h3>\n                  <\/div>\n                <\/div>\n              <\/div>\n            <\/div>\n          <\/div>\n        <\/div>\n      <\/div>\n      <div data-colibri-id=\"13-c6\" class=\"h-row-container gutters-row-lg-2 gutters-row-md-2 gutters-row-0 gutters-row-v-lg-2 gutters-row-v-md-2 gutters-row-v-2 style-1048 style-local-13-c6 position-relative\">\n        <!---->\n        <div class=\"h-row justify-content-lg-center justify-content-md-center justify-content-center align-items-lg-stretch align-items-md-stretch align-items-stretch gutters-col-lg-2 gutters-col-md-2 gutters-col-0 gutters-col-v-lg-2 gutters-col-v-md-2 gutters-col-v-2\">\n          <!---->\n          <div class=\"h-column h-column-container d-flex h-col-lg-auto h-col-md-auto h-col-auto style-1049-outer style-local-13-c7-outer\">\n            <div data-colibri-id=\"13-c7\" class=\"d-flex h-flex-basis h-column__inner h-px-lg-2 h-px-md-2 h-px-2 v-inner-lg-2 v-inner-md-2 v-inner-2 style-1049 style-local-13-c7 position-relative\">\n              <!---->\n              <!---->\n              <div class=\"w-100 h-y-container h-column__content h-column__v-align flex-basis-100 align-self-lg-start align-self-md-start align-self-start\">\n                <!---->\n                <div data-colibri-id=\"13-c8\" class=\"h-text h-text-component style-1086 style-local-13-c8 position-relative h-element\">\n                  <!---->\n                  <!---->\n                  <div class=\"\">\n                    <p><span style=\"font-weight: 600; font-size: 16px; font-family: &quot;Open Sans&quot;; color: rgb(51, 51, 51);\">\ufeffJennyfer Verhoeven vous re\u00e7oit en consultation en kin\u00e9sith\u00e9rapie, microkin\u00e9sith\u00e9rapie ou acupuncture \u00e0 Des Racines \u00e0 la Vie  \u00e0 Gembloux (Namur).&nbsp;<\/span><\/p>\n                    <p><span style=\"font-weight: 600; font-size: 16px; font-family: &quot;Open Sans&quot;; color: rgb(51, 51, 51);\">Vous pouvez la joindre par t\u00e9l\u00e9phone ou prendre directement votre rendez-vous en ligne.&nbsp;Vous trouverez plus d&#8217;informations sur les diff\u00e9rentes techniques en cliquant sur les liens ci-dessous.<\/span><\/p>\n                  <\/div>\n                <\/div>\n              <\/div>\n            <\/div>\n          <\/div>\n        <\/div>\n      <\/div>\n      <div data-colibri-id=\"13-c9\" class=\"h-row-container gutters-row-lg-2 gutters-row-md-2 gutters-row-0 gutters-row-v-lg-2 gutters-row-v-md-2 gutters-row-v-2 style-369 style-local-13-c9 position-relative\">\n        <!---->\n        <div class=\"h-row justify-content-lg-center justify-content-md-center justify-content-center align-items-lg-stretch align-items-md-stretch align-items-stretch gutters-col-lg-2 gutters-col-md-2 gutters-col-0 gutters-col-v-lg-2 gutters-col-v-md-2 gutters-col-v-2\">\n          <!---->\n          <div class=\"h-column h-column-container d-flex h-col-lg-auto h-col-md-auto h-col-auto style-370-outer style-local-13-c10-outer\">\n            <div data-colibri-id=\"13-c10\" class=\"d-flex h-flex-basis h-column__inner h-px-lg-2 h-px-md-2 h-px-2 v-inner-lg-2 v-inner-md-2 v-inner-2 style-370 style-local-13-c10 position-relative\">\n              <!---->\n              <!---->\n              <div class=\"w-100 h-y-container h-column__content h-column__v-align flex-basis-100 align-self-lg-start align-self-md-start align-self-start\">\n                <!---->\n                <div data-colibri-id=\"13-c11\" class=\"d-block style-372 style-local-13-c11 position-relative h-element\">\n                  <!---->\n                  <div class=\"h-image__frame-container-outer\">\n                    <div class=\"h-image__frame-container\">\n                      <!---->\n                      <!---->\n                      <img loading=\"lazy\" decoding=\"async\" width=\"1250\" height=\"1250\" src=\"https:\/\/desracinesalavie.be\/wp-content\/uploads\/2025\/08\/DSC02387-2_1250.png\" class=\"wp-image-10178 style-372-image style-local-13-c11-image\" alt=\"Jennyfer Verhoeven kin\u00e9 microkin\u00e9 acupuncture\" srcset=\"https:\/\/desracinesalavie.be\/wp-content\/uploads\/2025\/08\/DSC02387-2_1250.png 1250w, https:\/\/desracinesalavie.be\/wp-content\/uploads\/2025\/08\/DSC02387-2_1250-300x300.png 300w, https:\/\/desracinesalavie.be\/wp-content\/uploads\/2025\/08\/DSC02387-2_1250-1024x1024.png 1024w, https:\/\/desracinesalavie.be\/wp-content\/uploads\/2025\/08\/DSC02387-2_1250-150x150.png 150w, https:\/\/desracinesalavie.be\/wp-content\/uploads\/2025\/08\/DSC02387-2_1250-768x768.png 768w\" sizes=\"auto, (max-width: 1250px) 100vw, 1250px\" \/>\n                      <div class=\"h-image__frame h-hide-lg h-hide-md h-hide-sm style-372-frameImage style-local-13-c11-frameImage\"><\/div>\n                    <\/div>\n                  <\/div>\n                <\/div>\n              <\/div>\n            <\/div>\n          <\/div>\n          <div class=\"h-column h-column-container d-flex h-col-lg-auto h-col-md-auto h-col-auto style-371-outer style-local-13-c12-outer\">\n            <div data-colibri-id=\"13-c12\" class=\"d-flex h-flex-basis h-column__inner h-px-lg-2 h-px-md-2 h-px-2 v-inner-lg-2 v-inner-md-2 v-inner-2 style-371 style-local-13-c12 position-relative\">\n              <!---->\n              <!---->\n              <div class=\"w-100 h-y-container h-column__content h-column__v-align flex-basis-100 align-self-lg-center align-self-md-center align-self-center\">\n                <!---->\n                <div data-colibri-id=\"13-c13\" class=\"h-x-container style-905 style-local-13-c13 position-relative h-element\">\n                  <!---->\n                  <div class=\"h-x-container-inner style-dynamic-13-c13-group style-905-spacing style-local-13-c13-spacing\"><span class=\"h-link__outer style-906-outer style-local-13-c14-outer d-inline-flex h-element\"><a h-use-smooth-scroll=\"true\" href=\"https:\/\/desracinesalavie.be\/index.php\/therapeutes\/jennyfer-verhoeven\/kinesitherapie\/\"  data-colibri-id=\"13-c14\" class=\"d-flex w-100 align-items-center h-link style-906 style-local-13-c14 position-relative\"><!----><!----> <span>Kin\u00e9sith\u00e9rapie<\/span><\/a>\n                    <\/span>\n                  <\/div>\n                <\/div>\n                <div data-colibri-id=\"13-c15\" class=\"h-x-container style-909 style-local-13-c15 position-relative h-element\">\n                  <!---->\n                  <div class=\"h-x-container-inner style-dynamic-13-c15-group style-909-spacing style-local-13-c15-spacing\"><span class=\"h-link__outer style-910-outer style-local-13-c16-outer d-inline-flex h-element\"><a h-use-smooth-scroll=\"true\" href=\"https:\/\/desracinesalavie.be\/index.php\/therapeutes\/jennyfer-verhoeven\/microkinesitherapie\/\"  data-colibri-id=\"13-c16\" class=\"d-flex w-100 align-items-center h-link style-910 style-local-13-c16 position-relative\"><!----><!----> <span>Microkin\u00e9sith\u00e9rapie<\/span><\/a>\n                    <\/span>\n                  <\/div>\n                <\/div>\n                <div data-colibri-id=\"13-c17\" class=\"h-x-container style-907 style-local-13-c17 position-relative h-element\">\n                  <!---->\n                  <div class=\"h-x-container-inner style-dynamic-13-c17-group style-907-spacing style-local-13-c17-spacing\"><span class=\"h-link__outer style-908-outer style-local-13-c18-outer d-inline-flex h-element\"><a h-use-smooth-scroll=\"true\" href=\"https:\/\/desracinesalavie.be\/index.php\/therapeutes\/jennyfer-verhoeven\/acupuncture\/\"  data-colibri-id=\"13-c18\" class=\"d-flex w-100 align-items-center h-link style-908 style-local-13-c18 position-relative\"><!----><!----> <span>Acupuncture<\/span><\/a>\n                    <\/span>\n                  <\/div>\n                <\/div>\n                <div data-colibri-id=\"13-c19\" class=\"h-text h-text-component style-965 style-local-13-c19 position-relative h-element\">\n                  <!---->\n                  <!---->\n                  <div class=\"\">\n                    <p>+32 498 65 96 26<\/p>\n                  <\/div>\n                <\/div>\n                <div data-colibri-id=\"13-c20\" class=\"h-x-container style-374 style-local-13-c20 position-relative h-element\">\n                  <!---->\n                  <div class=\"h-x-container-inner style-dynamic-13-c20-group style-374-spacing style-local-13-c20-spacing\"><span class=\"h-button__outer style-375-outer style-local-13-c21-outer d-inline-flex h-element\"><a h-use-smooth-scroll=\"true\" href=\"https:\/\/www.doctoranytime.be\/cl\/des-racines-a-la-vie\" target=\"_blank\"  data-colibri-id=\"13-c21\" class=\"d-flex w-100 align-items-center h-button justify-content-lg-center justify-content-md-center justify-content-center style-375 style-local-13-c21 position-relative\"><!----><!----> <span>Prendre RDV<\/span><\/a>\n                    <\/span>\n                  <\/div>\n                <\/div>\n              <\/div>\n            <\/div>\n          <\/div>\n        <\/div>\n      <\/div>\n    <\/div>\n  <\/div>\n  <div data-colibri-component=\"section\" data-colibri-id=\"13-c22\" id=\"custom\" class=\"h-section h-section-global-spacing d-flex align-items-lg-center align-items-md-center align-items-center style-376 style-local-13-c22 position-relative\">\n    <!---->\n    <!---->\n    <div class=\"h-section-grid-container h-section-boxed-container\">\n      <!---->\n      <div data-colibri-id=\"13-c23\" class=\"h-row-container gutters-row-lg-2 gutters-row-md-2 gutters-row-0 gutters-row-v-lg-2 gutters-row-v-md-2 gutters-row-v-2 style-380 style-local-13-c23 position-relative\">\n        <!---->\n        <div class=\"h-row justify-content-lg-center justify-content-md-center justify-content-center align-items-lg-stretch align-items-md-stretch align-items-stretch gutters-col-lg-2 gutters-col-md-2 gutters-col-0 gutters-col-v-lg-2 gutters-col-v-md-2 gutters-col-v-2\">\n          <!---->\n          <div class=\"h-column h-column-container d-flex h-col-lg-auto h-col-md-auto h-col-auto style-381-outer style-local-13-c24-outer\">\n            <div data-colibri-id=\"13-c24\" class=\"d-flex h-flex-basis h-column__inner h-px-lg-2 h-px-md-2 h-px-2 v-inner-lg-2 v-inner-md-2 v-inner-2 style-381 style-local-13-c24 position-relative\">\n              <!---->\n              <!---->\n              <div class=\"w-100 h-y-container h-column__content h-column__v-align flex-basis-100 align-self-lg-start align-self-md-start align-self-start\">\n                <!---->\n                <div data-colibri-id=\"13-c25\" class=\"h-global-transition-all h-heading style-382 style-local-13-c25 position-relative h-element\">\n                  <!---->\n                  <div class=\"h-heading__outer style-382 style-local-13-c25\">\n                    <!---->\n                    <!---->\n                    <h2 class=\"\">Formation<\/h2>\n                  <\/div>\n                <\/div>\n              <\/div>\n            <\/div>\n          <\/div>\n        <\/div>\n      <\/div>\n      <div data-colibri-id=\"13-c26\" class=\"h-row-container gutters-row-lg-2 gutters-row-md-2 gutters-row-0 gutters-row-v-lg-2 gutters-row-v-md-2 gutters-row-v-2 style-377 style-local-13-c26 position-relative\">\n        <!---->\n        <div class=\"h-row justify-content-lg-center justify-content-md-center justify-content-center align-items-lg-stretch align-items-md-stretch align-items-stretch gutters-col-lg-2 gutters-col-md-2 gutters-col-0 gutters-col-v-lg-2 gutters-col-v-md-2 gutters-col-v-2\">\n          <!---->\n          <div class=\"h-column h-column-container d-flex h-col-lg-auto h-col-md-auto h-col-auto style-378-outer style-local-13-c27-outer\">\n            <div data-colibri-id=\"13-c27\" class=\"d-flex h-flex-basis h-column__inner h-px-lg-2 h-px-md-2 h-px-2 v-inner-lg-2 v-inner-md-2 v-inner-2 style-378 style-local-13-c27 position-relative\">\n              <!---->\n              <!---->\n              <div class=\"w-100 h-y-container h-column__content h-column__v-align flex-basis-100 align-self-lg-start align-self-md-start align-self-start\">\n                <!---->\n                <div data-colibri-id=\"13-c28\" class=\"h-text h-text-component style-383 style-local-13-c28 position-relative h-element\">\n                  <!---->\n                  <!---->\n                  <div class=\"\">\n                    <ul>\n                      <li>Master en kin\u00e9sith\u00e9rapie, HEPL \u2013 2010 &#8211; 2014<\/li>\n                      <li>Microkin\u00e9sith\u00e9rapie, ABM \u2013 2014 \u2013 2017<\/li>\n                      <li>M\u00e9decine traditionnelle chinoise, ESCOFTCM \u2013 2014 &#8211; 2018<\/li>\n                      <li>P\u00e9rin\u00e9ologie et p\u00e9rinatalit\u00e9, SFER \u2013 2016 &#8211; 2017<\/li>\n                      <li>Dry needling, DGSA \u2013 2019<\/li>\n                      <li>La gyn\u00e9cologie selon la m\u00e9decine traditionnelle chinoise, ESCOTCM \u2013 2019 et 2022<\/li>\n                      <li>Ost\u00e9opathie \u00e9nerg\u00e9tique, NEMI &#8211; 2021<\/li>\n                      <li>L&#8217;enfance, La Royale &#8211; 2022<\/li>\n                      <li>Les freins restrictifs buccaux et l&#8217;allaitement, Institut au sein en douceur &#8211; 2023<\/li>\n                      <li>L&#8217;\u00e9lectro-acupuncture, ABMA &#8211; 2023<\/li>\n                      <li>Troubles oro-myofacieux, sommeil et posture &#8211; module b\u00e9b\u00e9, Sereniteeth &#8211; 2023<\/li>\n                      <li>Obst\u00e9trique \u00e9nerg\u00e9tique, NEMI &#8211; 2023<\/li>\n                      <li>Diagnostic Auriculaire Causal, Acad\u00e9mie Nadia Wolf &#8211; 2024<\/li>\n                    <\/ul>\n                    <p>\n                      <br>\n                    <\/p>\n                  <\/div>\n                <\/div>\n              <\/div>\n            <\/div>\n          <\/div>\n          <div class=\"h-column h-column-container d-flex h-col-lg-auto h-col-md-auto h-col-auto style-379-outer style-local-13-c29-outer\">\n            <div data-colibri-id=\"13-c29\" class=\"d-flex h-flex-basis h-column__inner h-px-lg-2 h-px-md-2 h-px-2 v-inner-lg-2 v-inner-md-2 v-inner-2 style-379 style-local-13-c29 position-relative\">\n              <!---->\n              <!---->\n              <div class=\"w-100 h-y-container h-column__content h-column__v-align flex-basis-100 align-self-lg-start align-self-md-start align-self-start\">\n                <!---->\n                <div data-colibri-id=\"13-c30\" class=\"h-text h-text-component style-384 style-local-13-c30 position-relative h-element\">\n                  <!---->\n                  <!---->\n                  <div class=\"\">\n                    <p>Bient\u00f4t :<\/p>\n                    <ul>\n                      <li>Formation continue et recherches en microkin\u00e9sith\u00e9rapie<\/li>\n                      <li>Formation continue en acupuncture<\/li>\n                    <\/ul>\n                    <p>\n                      <br>\n                    <\/p>\n                  <\/div>\n                <\/div>\n              <\/div>\n            <\/div>\n          <\/div>\n        <\/div>\n      <\/div>\n    <\/div>\n  <\/div>\n  <div data-colibri-component=\"section\" data-colibri-id=\"13-c31\" id=\"custom-2\" class=\"h-section h-section-global-spacing d-flex align-items-lg-center align-items-md-center align-items-center style-848 style-local-13-c31 position-relative\">\n    <!---->\n    <!---->\n    <div class=\"h-section-grid-container h-section-boxed-container\">\n      <!---->\n      <div data-colibri-id=\"13-c32\" class=\"h-row-container gutters-row-lg-2 gutters-row-md-2 gutters-row-0 gutters-row-v-lg-2 gutters-row-v-md-2 gutters-row-v-2 style-849 style-local-13-c32 position-relative\">\n        <!---->\n        <div class=\"h-row justify-content-lg-center justify-content-md-center justify-content-center align-items-lg-stretch align-items-md-stretch align-items-stretch gutters-col-lg-2 gutters-col-md-2 gutters-col-0 gutters-col-v-lg-2 gutters-col-v-md-2 gutters-col-v-2\">\n          <!---->\n          <div class=\"h-column h-column-container d-flex h-col-lg-auto h-col-md-auto h-col-auto style-850-outer style-local-13-c33-outer\">\n            <div data-colibri-id=\"13-c33\" class=\"d-flex h-flex-basis h-column__inner h-px-lg-2 h-px-md-2 h-px-2 v-inner-lg-2 v-inner-md-2 v-inner-2 style-850 style-local-13-c33 position-relative\">\n              <!---->\n              <!---->\n              <div class=\"w-100 h-y-container h-column__content h-column__v-align flex-basis-100 align-self-lg-start align-self-md-start align-self-start\">\n                <!---->\n                <div data-colibri-id=\"13-c34\" class=\"h-global-transition-all h-heading style-851 style-local-13-c34 position-relative h-element\">\n                  <!---->\n                  <div class=\"h-heading__outer style-851 style-local-13-c34\">\n                    <!---->\n                    <!---->\n                    <h2 class=\"\">Qui est Jennyfer Verhoeven ?<\/h2>\n                  <\/div>\n                <\/div>\n                <div data-colibri-id=\"13-c35\" class=\"h-text h-text-component style-852 style-local-13-c35 position-relative h-element\">\n                  <!---->\n                  <!---->\n                  <div class=\"\">\n                    <p>J&#8217;ai toujours \u00e9t\u00e9 un peu bipolaire&#8230; un versant scientifique et l&#8217;autre artistique, basculant de l&#8217;un \u00e0 l&#8217;autre constamment, cherchant toujours \u00e0 apprendre, chercher, r\u00e9inventer, me perfectionner, r\u00e9ajuster, cr\u00e9\u00e9r&#8230;<\/p>\n                    <p>Parfois qualifi\u00e9e d&#8217;hyperactive ou de pile \u00e9lectrique, je me canalisais par le dessin ou la lecture. A pr\u00e9sent ce sont mes patients qui me canalisent : parce-que j&#8217;\u00e9coute, parce-que je cherche d&#8217;o\u00f9 vient le probl\u00e8me, me concentre sur\n                      mes palpations, mes punctures&#8230; Alors le reste dispara\u00eet et je me d\u00e9tends. <\/p>\n                    <p>Merci \u00e0 ma ni\u00e8ce, Nad\u00e8ge, qui toute petite m&#8217;a ouverte \u00e0 mon m\u00e9tier, lorsque je l&#8217;accompagnais \u00e0 ses s\u00e9ances de kin\u00e9 Bobbath. Parce-que j&#8217;ai d\u00e9couvert cette discipline, adolescente, je me suis int\u00e9rress\u00e9e \u00e0 comment soulager la douleur,\n                      quelle qu&#8217;elle soit et d&#8217;o\u00f9 qu&#8217;elle vienne, \u00e0 accompagner les enfants, les personnes handicap\u00e9es, les patients en d\u00e9tresse respiratoire&#8230; et c&#8217;est au fur et \u00e0 mesure de mes stages, de mes rencontres, de mes lectures que j&#8217;ai affin\u00e9\n                      mes centres d&#8217;int\u00e9r\u00eats professionnels et me suis form\u00e9e.<\/p>\n                    <p>D&#8217;abord \u00e0 la microkin\u00e9. Ma technique de coeur. Ce n&#8217;est plus moi qui traite mais le corps du patient qui retrouve ses propres capacit\u00e9s d&#8217;auto-r\u00e9gulation&#8230;\n                      <br>\n                    <\/p>\n                    <p>La m\u00e9decine chinoise, quant \u00e0 elle, m&#8217;a toujours fascin\u00e9e. D\u00e9j\u00e0 ado je jouais au taro, je tentais de reproduire des sinogrammes chinois, je m&#8217;interressais \u00e0 cette culture&#8230; Alors il \u00e9tait logique que je m&#8217;y int\u00e9resse de plus pr\u00e8s\n                      en tant que kin\u00e9 ! C&#8217;est une approche et une mani\u00e8re de penser si riche et compl\u00e8te !<\/p>\n                    <p>Et puis tout ce qui touche \u00e0 la grossesse, la naissance, le post-partum, le traitement des b\u00e9b\u00e9s et des enfants&#8230; ben j&#8217;adore, c&#8217;est tout \ud83d\ude42<\/p>\n                    <p>et puis pour la suite&#8230; toujours plein d&#8217;id\u00e9es, d&#8217;envies, de projets&#8230; on verra !\n                      <br>\n                    <\/p>\n                  <\/div>\n                <\/div>\n              <\/div>\n            <\/div>\n          <\/div>\n        <\/div>\n      <\/div>\n    <\/div>\n  <\/div>\n<\/div>","protected":false},"excerpt":{"rendered":"<p>Kin\u00e9sith\u00e9rapeute, microkin\u00e9sith\u00e9rapeute et acupunctrice \u00e0 Gembloux \ufeffJennyfer Verhoeven vous re\u00e7oit en consultation en kin\u00e9sith\u00e9rapie, microkin\u00e9sith\u00e9rapie ou acupuncture \u00e0 Des Racines \u00e0 la Vie \u00e0 Gembloux (Namur).&nbsp; Vous pouvez la joindre par t\u00e9l\u00e9phone ou prendre directement votre rendez-vous en ligne.&nbsp;Vous trouverez plus d&#8217;informations sur les diff\u00e9rentes techniques en cliquant sur les liens ci-dessous. Kin\u00e9sith\u00e9rapie Microkin\u00e9sith\u00e9rapie Acupuncture [&hellip;]<\/p>\n","protected":false},"author":1,"featured_media":0,"parent":343,"menu_order":1,"comment_status":"closed","ping_status":"closed","template":"page-templates\/full-width-page.php","meta":{"footnotes":""},"class_list":["post-13","page","type-page","status-publish","hentry"],"yoast_head":"<!-- This site is optimized with the Yoast SEO plugin v27.4 - https:\/\/yoast.com\/product\/yoast-seo-wordpress\/ -->\n<title>Jennyfer Verhoeven - Des Racines \u00e0 la Vie - Gembloux<\/title>\n<meta name=\"description\" content=\"Jennyfer Verhoeven, kin\u00e9sith\u00e9rapeute sp\u00e9cialis\u00e9e en p\u00e9rin\u00e9ologie, p\u00e9rinatalit\u00e9, dry needling, microkin\u00e9sith\u00e9rapie et acupuncture \u00e0 Gembloux\" \/>\n<meta name=\"robots\" content=\"index, follow, max-snippet:-1, max-image-preview:large, max-video-preview:-1\" \/>\n<link rel=\"canonical\" href=\"https:\/\/desracinesalavie.be\/index.php\/therapeutes\/jennyfer-verhoeven\/\" \/>\n<meta property=\"og:locale\" content=\"en_US\" \/>\n<meta property=\"og:type\" content=\"article\" \/>\n<meta property=\"og:title\" content=\"Jennyfer Verhoeven - Des Racines \u00e0 la Vie - Gembloux\" \/>\n<meta property=\"og:description\" content=\"Jennyfer Verhoeven, kin\u00e9sith\u00e9rapeute sp\u00e9cialis\u00e9e en p\u00e9rin\u00e9ologie, p\u00e9rinatalit\u00e9, dry needling, microkin\u00e9sith\u00e9rapie et acupuncture \u00e0 Gembloux\" \/>\n<meta property=\"og:url\" content=\"https:\/\/desracinesalavie.be\/index.php\/therapeutes\/jennyfer-verhoeven\/\" \/>\n<meta property=\"og:site_name\" content=\"Des Racines \u00e0 la Vie\" \/>\n<meta property=\"article:modified_time\" content=\"2025-08-12T07:42:09+00:00\" \/>\n<meta property=\"og:image\" content=\"https:\/\/desracinesalavie.be\/wp-content\/uploads\/2025\/08\/DSC02387-2_1250.png\" \/>\n\t<meta property=\"og:image:width\" content=\"1250\" \/>\n\t<meta property=\"og:image:height\" content=\"1250\" \/>\n\t<meta property=\"og:image:type\" content=\"image\/png\" \/>\n<meta name=\"twitter:card\" content=\"summary_large_image\" \/>\n<meta name=\"twitter:label1\" content=\"Est. reading time\" \/>\n\t<meta name=\"twitter:data1\" content=\"2 minutes\" \/>\n<script type=\"application\/ld+json\" class=\"yoast-schema-graph\">{\"@context\":\"https:\\\/\\\/schema.org\",\"@graph\":[{\"@type\":\"WebPage\",\"@id\":\"https:\\\/\\\/desracinesalavie.be\\\/index.php\\\/therapeutes\\\/jennyfer-verhoeven\\\/\",\"url\":\"https:\\\/\\\/desracinesalavie.be\\\/index.php\\\/therapeutes\\\/jennyfer-verhoeven\\\/\",\"name\":\"Jennyfer Verhoeven - Des Racines \u00e0 la Vie - Gembloux\",\"isPartOf\":{\"@id\":\"https:\\\/\\\/desracinesalavie.be\\\/#website\"},\"primaryImageOfPage\":{\"@id\":\"https:\\\/\\\/desracinesalavie.be\\\/index.php\\\/therapeutes\\\/jennyfer-verhoeven\\\/#primaryimage\"},\"image\":{\"@id\":\"https:\\\/\\\/desracinesalavie.be\\\/index.php\\\/therapeutes\\\/jennyfer-verhoeven\\\/#primaryimage\"},\"thumbnailUrl\":\"https:\\\/\\\/desracinesalavie.be\\\/wp-content\\\/uploads\\\/2025\\\/08\\\/DSC02387-2_1250.png\",\"datePublished\":\"2020-10-27T15:01:51+00:00\",\"dateModified\":\"2025-08-12T07:42:09+00:00\",\"description\":\"Jennyfer Verhoeven, kin\u00e9sith\u00e9rapeute sp\u00e9cialis\u00e9e en p\u00e9rin\u00e9ologie, p\u00e9rinatalit\u00e9, dry needling, microkin\u00e9sith\u00e9rapie et acupuncture \u00e0 Gembloux\",\"breadcrumb\":{\"@id\":\"https:\\\/\\\/desracinesalavie.be\\\/index.php\\\/therapeutes\\\/jennyfer-verhoeven\\\/#breadcrumb\"},\"inLanguage\":\"en-US\",\"potentialAction\":[{\"@type\":\"ReadAction\",\"target\":[\"https:\\\/\\\/desracinesalavie.be\\\/index.php\\\/therapeutes\\\/jennyfer-verhoeven\\\/\"]}]},{\"@type\":\"ImageObject\",\"inLanguage\":\"en-US\",\"@id\":\"https:\\\/\\\/desracinesalavie.be\\\/index.php\\\/therapeutes\\\/jennyfer-verhoeven\\\/#primaryimage\",\"url\":\"https:\\\/\\\/desracinesalavie.be\\\/wp-content\\\/uploads\\\/2025\\\/08\\\/DSC02387-2_1250.png\",\"contentUrl\":\"https:\\\/\\\/desracinesalavie.be\\\/wp-content\\\/uploads\\\/2025\\\/08\\\/DSC02387-2_1250.png\",\"width\":1250,\"height\":1250,\"caption\":\"Jennyfer Verhoeven kin\u00e9 microkin\u00e9 acupuncture\"},{\"@type\":\"BreadcrumbList\",\"@id\":\"https:\\\/\\\/desracinesalavie.be\\\/index.php\\\/therapeutes\\\/jennyfer-verhoeven\\\/#breadcrumb\",\"itemListElement\":[{\"@type\":\"ListItem\",\"position\":1,\"name\":\"Home\",\"item\":\"https:\\\/\\\/desracinesalavie.be\\\/\"},{\"@type\":\"ListItem\",\"position\":2,\"name\":\"Th\u00e9rapeutes\",\"item\":\"https:\\\/\\\/desracinesalavie.be\\\/index.php\\\/therapeutes\\\/\"},{\"@type\":\"ListItem\",\"position\":3,\"name\":\"Jennyfer Verhoeven\"}]},{\"@type\":\"WebSite\",\"@id\":\"https:\\\/\\\/desracinesalavie.be\\\/#website\",\"url\":\"https:\\\/\\\/desracinesalavie.be\\\/\",\"name\":\"Des Racines \u00e0 la Vie\",\"description\":\"Votre centre param\u00e9dical \u00e0 Gembloux\",\"publisher\":{\"@id\":\"https:\\\/\\\/desracinesalavie.be\\\/#organization\"},\"potentialAction\":[{\"@type\":\"SearchAction\",\"target\":{\"@type\":\"EntryPoint\",\"urlTemplate\":\"https:\\\/\\\/desracinesalavie.be\\\/?s={search_term_string}\"},\"query-input\":{\"@type\":\"PropertyValueSpecification\",\"valueRequired\":true,\"valueName\":\"search_term_string\"}}],\"inLanguage\":\"en-US\"},{\"@type\":\"Organization\",\"@id\":\"https:\\\/\\\/desracinesalavie.be\\\/#organization\",\"name\":\"Des Racines \u00e0 la Vie\",\"url\":\"https:\\\/\\\/desracinesalavie.be\\\/\",\"logo\":{\"@type\":\"ImageObject\",\"inLanguage\":\"en-US\",\"@id\":\"https:\\\/\\\/desracinesalavie.be\\\/#\\\/schema\\\/logo\\\/image\\\/\",\"url\":\"https:\\\/\\\/desracinesalavie.be\\\/wp-content\\\/uploads\\\/2020\\\/11\\\/cropped-logo-Jennyfer-blanc.png\",\"contentUrl\":\"https:\\\/\\\/desracinesalavie.be\\\/wp-content\\\/uploads\\\/2020\\\/11\\\/cropped-logo-Jennyfer-blanc.png\",\"width\":300,\"height\":410,\"caption\":\"Des Racines \u00e0 la Vie\"},\"image\":{\"@id\":\"https:\\\/\\\/desracinesalavie.be\\\/#\\\/schema\\\/logo\\\/image\\\/\"}}]}<\/script>\n<!-- \/ Yoast SEO plugin. -->","yoast_head_json":{"title":"Jennyfer Verhoeven - Des Racines \u00e0 la Vie - Gembloux","description":"Jennyfer Verhoeven, kin\u00e9sith\u00e9rapeute sp\u00e9cialis\u00e9e en p\u00e9rin\u00e9ologie, p\u00e9rinatalit\u00e9, dry needling, microkin\u00e9sith\u00e9rapie et acupuncture \u00e0 Gembloux","robots":{"index":"index","follow":"follow","max-snippet":"max-snippet:-1","max-image-preview":"max-image-preview:large","max-video-preview":"max-video-preview:-1"},"canonical":"https:\/\/desracinesalavie.be\/index.php\/therapeutes\/jennyfer-verhoeven\/","og_locale":"en_US","og_type":"article","og_title":"Jennyfer Verhoeven - Des Racines \u00e0 la Vie - Gembloux","og_description":"Jennyfer Verhoeven, kin\u00e9sith\u00e9rapeute sp\u00e9cialis\u00e9e en p\u00e9rin\u00e9ologie, p\u00e9rinatalit\u00e9, dry needling, microkin\u00e9sith\u00e9rapie et acupuncture \u00e0 Gembloux","og_url":"https:\/\/desracinesalavie.be\/index.php\/therapeutes\/jennyfer-verhoeven\/","og_site_name":"Des Racines \u00e0 la Vie","article_modified_time":"2025-08-12T07:42:09+00:00","og_image":[{"width":1250,"height":1250,"url":"https:\/\/desracinesalavie.be\/wp-content\/uploads\/2025\/08\/DSC02387-2_1250.png","type":"image\/png"}],"twitter_card":"summary_large_image","twitter_misc":{"Est. reading time":"2 minutes"},"schema":{"@context":"https:\/\/schema.org","@graph":[{"@type":"WebPage","@id":"https:\/\/desracinesalavie.be\/index.php\/therapeutes\/jennyfer-verhoeven\/","url":"https:\/\/desracinesalavie.be\/index.php\/therapeutes\/jennyfer-verhoeven\/","name":"Jennyfer Verhoeven - Des Racines \u00e0 la Vie - Gembloux","isPartOf":{"@id":"https:\/\/desracinesalavie.be\/#website"},"primaryImageOfPage":{"@id":"https:\/\/desracinesalavie.be\/index.php\/therapeutes\/jennyfer-verhoeven\/#primaryimage"},"image":{"@id":"https:\/\/desracinesalavie.be\/index.php\/therapeutes\/jennyfer-verhoeven\/#primaryimage"},"thumbnailUrl":"https:\/\/desracinesalavie.be\/wp-content\/uploads\/2025\/08\/DSC02387-2_1250.png","datePublished":"2020-10-27T15:01:51+00:00","dateModified":"2025-08-12T07:42:09+00:00","description":"Jennyfer Verhoeven, kin\u00e9sith\u00e9rapeute sp\u00e9cialis\u00e9e en p\u00e9rin\u00e9ologie, p\u00e9rinatalit\u00e9, dry needling, microkin\u00e9sith\u00e9rapie et acupuncture \u00e0 Gembloux","breadcrumb":{"@id":"https:\/\/desracinesalavie.be\/index.php\/therapeutes\/jennyfer-verhoeven\/#breadcrumb"},"inLanguage":"en-US","potentialAction":[{"@type":"ReadAction","target":["https:\/\/desracinesalavie.be\/index.php\/therapeutes\/jennyfer-verhoeven\/"]}]},{"@type":"ImageObject","inLanguage":"en-US","@id":"https:\/\/desracinesalavie.be\/index.php\/therapeutes\/jennyfer-verhoeven\/#primaryimage","url":"https:\/\/desracinesalavie.be\/wp-content\/uploads\/2025\/08\/DSC02387-2_1250.png","contentUrl":"https:\/\/desracinesalavie.be\/wp-content\/uploads\/2025\/08\/DSC02387-2_1250.png","width":1250,"height":1250,"caption":"Jennyfer Verhoeven kin\u00e9 microkin\u00e9 acupuncture"},{"@type":"BreadcrumbList","@id":"https:\/\/desracinesalavie.be\/index.php\/therapeutes\/jennyfer-verhoeven\/#breadcrumb","itemListElement":[{"@type":"ListItem","position":1,"name":"Home","item":"https:\/\/desracinesalavie.be\/"},{"@type":"ListItem","position":2,"name":"Th\u00e9rapeutes","item":"https:\/\/desracinesalavie.be\/index.php\/therapeutes\/"},{"@type":"ListItem","position":3,"name":"Jennyfer Verhoeven"}]},{"@type":"WebSite","@id":"https:\/\/desracinesalavie.be\/#website","url":"https:\/\/desracinesalavie.be\/","name":"Des Racines \u00e0 la Vie","description":"Votre centre param\u00e9dical \u00e0 Gembloux","publisher":{"@id":"https:\/\/desracinesalavie.be\/#organization"},"potentialAction":[{"@type":"SearchAction","target":{"@type":"EntryPoint","urlTemplate":"https:\/\/desracinesalavie.be\/?s={search_term_string}"},"query-input":{"@type":"PropertyValueSpecification","valueRequired":true,"valueName":"search_term_string"}}],"inLanguage":"en-US"},{"@type":"Organization","@id":"https:\/\/desracinesalavie.be\/#organization","name":"Des Racines \u00e0 la Vie","url":"https:\/\/desracinesalavie.be\/","logo":{"@type":"ImageObject","inLanguage":"en-US","@id":"https:\/\/desracinesalavie.be\/#\/schema\/logo\/image\/","url":"https:\/\/desracinesalavie.be\/wp-content\/uploads\/2020\/11\/cropped-logo-Jennyfer-blanc.png","contentUrl":"https:\/\/desracinesalavie.be\/wp-content\/uploads\/2020\/11\/cropped-logo-Jennyfer-blanc.png","width":300,"height":410,"caption":"Des Racines \u00e0 la Vie"},"image":{"@id":"https:\/\/desracinesalavie.be\/#\/schema\/logo\/image\/"}}]}},"_links":{"self":[{"href":"https:\/\/desracinesalavie.be\/index.php\/wp-json\/wp\/v2\/pages\/13","targetHints":{"allow":["GET"]}}],"collection":[{"href":"https:\/\/desracinesalavie.be\/index.php\/wp-json\/wp\/v2\/pages"}],"about":[{"href":"https:\/\/desracinesalavie.be\/index.php\/wp-json\/wp\/v2\/types\/page"}],"author":[{"embeddable":true,"href":"https:\/\/desracinesalavie.be\/index.php\/wp-json\/wp\/v2\/users\/1"}],"replies":[{"embeddable":true,"href":"https:\/\/desracinesalavie.be\/index.php\/wp-json\/wp\/v2\/comments?post=13"}],"version-history":[{"count":20,"href":"https:\/\/desracinesalavie.be\/index.php\/wp-json\/wp\/v2\/pages\/13\/revisions"}],"predecessor-version":[{"id":10181,"href":"https:\/\/desracinesalavie.be\/index.php\/wp-json\/wp\/v2\/pages\/13\/revisions\/10181"}],"up":[{"embeddable":true,"href":"https:\/\/desracinesalavie.be\/index.php\/wp-json\/wp\/v2\/pages\/343"}],"wp:attachment":[{"href":"https:\/\/desracinesalavie.be\/index.php\/wp-json\/wp\/v2\/media?parent=13"}],"curies":[{"name":"wp","href":"https:\/\/api.w.org\/{rel}","templated":true}]}}