{"id":233,"date":"2020-11-01T15:24:55","date_gmt":"2020-11-01T15:24:55","guid":{"rendered":"https:\/\/desracinesalavie.avsit.be\/index.php\/kinesitherapie\/"},"modified":"2025-08-12T07:44:10","modified_gmt":"2025-08-12T07:44:10","slug":"kinesitherapie-gembloux","status":"publish","type":"page","link":"https:\/\/desracinesalavie.be\/index.php\/therapeutes\/jennyfer-verhoeven\/kinesitherapie-gembloux\/","title":{"rendered":"Kin\u00e9sith\u00e9rapie"},"content":{"rendered":"<div data-colibri-id=\"233-c1\" class=\"style-561 style-local-233-c1 position-relative\">\n  <!---->\n  <div data-colibri-component=\"section\" data-colibri-id=\"233-c2\" id=\"custom\" class=\"h-section h-section-global-spacing d-flex align-items-lg-center align-items-md-center align-items-center style-568 style-local-233-c2 position-relative\">\n    <!---->\n    <!---->\n    <div class=\"h-section-grid-container h-section-boxed-container\">\n      <!---->\n      <div data-colibri-id=\"233-c3\" class=\"h-row-container gutters-row-lg-2 gutters-row-md-2 gutters-row-0 gutters-row-v-lg-2 gutters-row-v-md-2 gutters-row-v-2 style-1051 style-local-233-c3 position-relative\">\n        <!---->\n        <div class=\"h-row justify-content-lg-center justify-content-md-center justify-content-center align-items-lg-stretch align-items-md-stretch align-items-stretch gutters-col-lg-2 gutters-col-md-2 gutters-col-0 gutters-col-v-lg-2 gutters-col-v-md-2 gutters-col-v-2\">\n          <!---->\n          <div class=\"h-column h-column-container d-flex h-col-lg-auto h-col-md-auto h-col-auto style-1902-outer style-local-233-c4-outer\">\n            <div data-colibri-id=\"233-c4\" class=\"d-flex h-flex-basis h-column__inner h-px-lg-2 h-px-md-2 h-px-2 v-inner-lg-2 v-inner-md-2 v-inner-2 style-1902 style-local-233-c4 position-relative\">\n              <!---->\n              <!---->\n              <div class=\"w-100 h-y-container h-column__content h-column__v-align flex-basis-100 align-self-lg-start align-self-md-start align-self-start\">\n                <!---->\n                <div data-colibri-id=\"233-c5\" class=\"h-global-transition-all h-heading style-1053 style-local-233-c5 position-relative h-element\">\n                  <!---->\n                  <div class=\"h-heading__outer style-1053 style-local-233-c5\">\n                    <!---->\n                    <!---->\n                    <h3 class=\"\">Kin\u00e9sith\u00e9rapeute \u00e0 Gembloux (Namur)<\/h3>\n                  <\/div>\n                <\/div>\n                <div data-colibri-id=\"233-c6\" class=\"h-text h-text-component style-1113 style-local-233-c6 position-relative h-element\">\n                  <!---->\n                  <!---->\n                  <div class=\"\">\n                    <p><span style=\"font-weight: 600; font-size: 16px; font-family: &quot;Open Sans&quot;; color: rgb(51, 51, 51);\">Jennyfer Verhoeven vous re\u00e7oit en consultation de kin\u00e9sith\u00e9rapie \u00e0 Des Racines \u00e0 la Vie \u00e0 Gembloux.&nbsp;<\/span><\/p>\n                    <p><span style=\"font-weight: 600; font-size: 16px; font-family: &quot;Open Sans&quot;; color: rgb(51, 51, 51);\">Vous pouvez la joindre par t\u00e9l\u00e9phone ou prendre directement votre rendez-vous en ligne.<\/span><\/p>\n                  <\/div>\n                <\/div>\n              <\/div>\n            <\/div>\n          <\/div>\n        <\/div>\n      <\/div>\n      <div data-colibri-id=\"233-c7\" class=\"h-row-container gutters-row-lg-2 gutters-row-md-2 gutters-row-0 gutters-row-v-lg-2 gutters-row-v-md-2 gutters-row-v-2 style-569 style-local-233-c7 position-relative\">\n        <!---->\n        <div class=\"h-row justify-content-lg-center justify-content-md-center justify-content-center align-items-lg-stretch align-items-md-stretch align-items-stretch gutters-col-lg-2 gutters-col-md-2 gutters-col-0 gutters-col-v-lg-2 gutters-col-v-md-2 gutters-col-v-2\">\n          <!---->\n          <div class=\"h-column h-column-container d-flex h-col-lg-auto h-col-md-auto h-col-auto style-570-outer style-local-233-c8-outer\">\n            <div data-colibri-id=\"233-c8\" class=\"d-flex h-flex-basis h-column__inner h-px-lg-2 h-px-md-2 h-px-2 v-inner-lg-2 v-inner-md-2 v-inner-2 style-570 style-local-233-c8 position-relative\">\n              <!---->\n              <!---->\n              <div class=\"w-100 h-y-container h-column__content h-column__v-align flex-basis-100 align-self-lg-center align-self-md-center align-self-center\">\n                <!---->\n                <div data-colibri-id=\"233-c9\" class=\"h-text h-text-component style-573 style-local-233-c9 position-relative h-element\">\n                  <!---->\n                  <!---->\n                  <div class=\"\">\n                    <p>Kin\u00e9sith\u00e9rapeute conventionn\u00e9e<\/p>\n                    <p>Kin\u00e9sith\u00e9rapie sp\u00e9cialis\u00e9e :<\/p>\n                    <ul>\n                      <li>P\u00e9rin\u00e9ologie&nbsp;: permet de pr\u00e9venir et de traiter les probl\u00e8mes tels que incontinences (\u00e0 la toux, aux efforts&#8230;), urgences ou besoins fr\u00e9quents d&#8217;uriner, descentes d\u2019organes (prolapsus) etc<\/li>\n                      <li>P\u00e9ri-natalit\u00e9 : J&#8217;assure le suivit depuis la grossesse (<span style=\"color: rgb(153, 153, 153); font-family: &quot;Open Sans&quot;; font-size: 16px; font-weight: 400;\">yoga pr\u00e9natal, apprentissage de la pouss\u00e9e, maintient de la mobilit\u00e9 du bassin, traitement des d\u00e9sagr\u00e9ments de la grossesse tels que douleurs, jambes lourdes&#8230;)<\/span>&nbsp;jusqu&#8217;au\n                        post-partum (biofeedback p\u00e9rin\u00e9al, gymnastique hypopressive&#8230;).<\/li>\n                      <li>Dry needling : la technique consiste en l&#8217;utilisation d&#8217;aiguilles pour traiter les points douloureux musculaires.\n                        <br>\n                      <\/li>\n                    <\/ul>\n                    <p>\n                      <br>\n                    <\/p>\n                  <\/div>\n                <\/div>\n              <\/div>\n            <\/div>\n          <\/div>\n          <div class=\"h-column h-column-container d-flex h-col-lg-auto h-col-md-auto h-col-auto style-571-outer style-local-233-c10-outer\">\n            <div data-colibri-id=\"233-c10\" class=\"d-flex h-flex-basis h-column__inner h-px-lg-2 h-px-md-2 h-px-2 v-inner-lg-2 v-inner-md-2 v-inner-2 style-571 style-local-233-c10 position-relative\">\n              <!---->\n              <!---->\n              <div class=\"w-100 h-y-container h-column__content h-column__v-align flex-basis-100 align-self-lg-center align-self-md-center align-self-center\">\n                <!---->\n                <div data-colibri-id=\"233-c11\" class=\"d-block style-572 style-local-233-c11 position-relative h-element\">\n                  <!---->\n                  <div class=\"h-image__frame-container-outer\">\n                    <div class=\"h-image__frame-container\">\n                      <!---->\n                      <!---->\n                      <img loading=\"lazy\" decoding=\"async\" width=\"1858\" height=\"1855\" src=\"https:\/\/desracinesalavie.be\/wp-content\/uploads\/2020\/11\/cropped-femme-enceinte-scaled-1.jpg\" class=\"wp-image-823 style-572-image style-local-233-c11-image\" alt=\"Kin\u00e9sith\u00e9rapie Jennyfer Verhoeven\" srcset=\"https:\/\/desracinesalavie.be\/wp-content\/uploads\/2020\/11\/cropped-femme-enceinte-scaled-1.jpg 1858w, https:\/\/desracinesalavie.be\/wp-content\/uploads\/2020\/11\/cropped-femme-enceinte-scaled-1-300x300.jpg 300w, https:\/\/desracinesalavie.be\/wp-content\/uploads\/2020\/11\/cropped-femme-enceinte-scaled-1-1024x1022.jpg 1024w, https:\/\/desracinesalavie.be\/wp-content\/uploads\/2020\/11\/cropped-femme-enceinte-scaled-1-150x150.jpg 150w, https:\/\/desracinesalavie.be\/wp-content\/uploads\/2020\/11\/cropped-femme-enceinte-scaled-1-768x767.jpg 768w, https:\/\/desracinesalavie.be\/wp-content\/uploads\/2020\/11\/cropped-femme-enceinte-scaled-1-1536x1534.jpg 1536w\" sizes=\"auto, (max-width: 1858px) 100vw, 1858px\" \/>\n                      <div class=\"h-image__frame h-hide-lg h-hide-md h-hide-sm style-572-frameImage style-local-233-c11-frameImage\"><\/div>\n                    <\/div>\n                  <\/div>\n                <\/div>\n              <\/div>\n            <\/div>\n          <\/div>\n          <div class=\"h-column h-column-container d-flex h-col-lg-auto h-col-md-auto h-col-auto style-1108-outer style-local-233-c12-outer\">\n            <div data-colibri-id=\"233-c12\" class=\"d-flex h-flex-basis h-column__inner h-px-lg-2 h-px-md-2 h-px-2 v-inner-lg-2 v-inner-md-2 v-inner-2 style-1108 style-local-233-c12 position-relative\">\n              <!---->\n              <!---->\n              <div class=\"w-100 h-y-container h-column__content h-column__v-align flex-basis-100 align-self-lg-center align-self-md-center align-self-center\">\n                <!---->\n                <div data-colibri-id=\"233-c13\" class=\"h-icon style-844 style-local-233-c13 position-relative h-element\">\n                  <!----><span class=\"h-svg-icon h-icon__icon style-844-icon style-local-233-c13-icon\"><!--Icon by Font Awesome (https:\/\/fontawesome.com)-->\n    <svg version=\"1.1\" xmlns=\"http:\/\/www.w3.org\/2000\/svg\" xmlns:xlink=\"http:\/\/www.w3.org\/1999\/xlink\" id=\"info-circle\" viewBox=\"0 0 1536 1896.0833\">\n      <path d=\"M1024 1376v-160q0-14-9-23t-23-9h-96V672q0-14-9-23t-23-9H544q-14 0-23 9t-9 23v160q0 14 9 23t23 9h96v320h-96q-14 0-23 9t-9 23v160q0 14 9 23t23 9h448q14 0 23-9t9-23zM896 480V320q0-14-9-23t-23-9H672q-14 0-23 9t-9 23v160q0 14 9 23t23 9h192q14 0 23-9t9-23zm640 416q0 209-103 385.5T1153.5 1561 768 1664t-385.5-103T103 1281.5 0 896t103-385.5T382.5 231 768 128t385.5 103T1433 510.5 1536 896z\"><\/path>\n    <\/svg><\/span><\/div>\n                <div data-colibri-id=\"233-c14\" class=\"h-text h-text-component style-845 style-local-233-c14 position-relative h-element\">\n                  <!---->\n                  <!---->\n                  <div class=\"\">\n                    <p>Dur\u00e9e : 30&#8242;<\/p>\n                    <p>Fr\u00e9quence : \u00e0 d\u00e9terminer selon la probl\u00e9matique et la prescription m\u00e9dicale<\/p>\n                    <p>Tarif : 30,8 \u00e0 37,99 \u20ac<\/p>\n                    <p>Remboursement : uniquement si prescription m\u00e9dicale<\/p>\n                    <p><span style=\"font-weight: 400; font-size: 16px; font-family: &quot;Open Sans&quot;; color: rgb(153, 153, 153);\">Moyens de paiement :&nbsp;application bancontact ou liquide (pas de terminal bancontact)<\/span><\/p>\n                  <\/div>\n                <\/div>\n              <\/div>\n            <\/div>\n          <\/div>\n        <\/div>\n      <\/div>\n    <\/div>\n  <\/div>\n  <div data-colibri-component=\"section\" data-colibri-id=\"233-c15\" id=\"custom-2\" class=\"h-section h-section-global-spacing d-flex align-items-lg-center align-items-md-center align-items-center style-574 style-local-233-c15 position-relative\">\n    <!---->\n    <!---->\n    <div class=\"h-section-grid-container h-section-boxed-container\">\n      <!---->\n      <div data-colibri-id=\"233-c16\" class=\"h-row-container gutters-row-lg-2 gutters-row-md-2 gutters-row-0 gutters-row-v-lg-2 gutters-row-v-md-2 gutters-row-v-2 style-575 style-local-233-c16 position-relative\">\n        <!---->\n        <div class=\"h-row justify-content-lg-center justify-content-md-center justify-content-center align-items-lg-stretch align-items-md-stretch align-items-stretch gutters-col-lg-2 gutters-col-md-2 gutters-col-0 gutters-col-v-lg-2 gutters-col-v-md-2 gutters-col-v-2\">\n          <!---->\n          <div class=\"h-column h-column-container d-flex h-col-lg-auto h-col-md-auto h-col-auto style-576-outer style-local-233-c17-outer\">\n            <div data-colibri-id=\"233-c17\" class=\"d-flex h-flex-basis h-column__inner h-px-lg-2 h-px-md-2 h-px-2 v-inner-lg-2 v-inner-md-2 v-inner-2 style-576 style-local-233-c17 position-relative\">\n              <!---->\n              <!---->\n              <div class=\"w-100 h-y-container h-column__content h-column__v-align flex-basis-100 align-self-lg-center align-self-md-center align-self-center\">\n                <!---->\n                <div data-colibri-id=\"233-c18\" class=\"h-x-container style-977 style-local-233-c18 position-relative h-element\">\n                  <!---->\n                  <div class=\"h-x-container-inner style-dynamic-233-c18-group style-977-spacing style-local-233-c18-spacing\"><span class=\"h-link__outer style-978-outer style-local-233-c19-outer d-inline-flex h-element\"><a h-use-smooth-scroll=\"true\" href=\"https:\/\/desracinesalavie.be\/index.php\/therapeutes\/jennyfer-verhoeven\/\"  data-colibri-id=\"233-c19\" class=\"d-flex w-100 align-items-center h-link style-978 style-local-233-c19 position-relative\"><!----><!----> <span>Jennyfer Verhoeven<\/span><\/a>\n                    <\/span>\n                  <\/div>\n                <\/div>\n                <div data-colibri-id=\"233-c20\" class=\"h-text h-text-component style-613 style-local-233-c20 position-relative h-element\">\n                  <!---->\n                  <!---->\n                  <div class=\"\">\n                    <p>+32 498 65 96 26\n                      <br>\n                    <\/p>\n                  <\/div>\n                <\/div>\n                <div data-colibri-id=\"233-c21\" class=\"h-text h-text-component style-1452 style-local-233-c21 position-relative h-element\">\n                  <!---->\n                  <!---->\n                  <div class=\"\">\n                    <p>Horaire :<\/p>\n                    <p>Mardi de 9h \u00e0 19h<\/p>\n                    <p>Mercredi de 9h \u00e0 18h<\/p>\n                    <p>Jeudi de 9h \u00e0 19h<\/p>\n                  <\/div>\n                <\/div>\n                <div data-colibri-id=\"233-c22\" class=\"h-x-container style-580 style-local-233-c22 position-relative h-element\">\n                  <!---->\n                  <div class=\"h-x-container-inner style-dynamic-233-c22-group style-580-spacing style-local-233-c22-spacing\"><span class=\"h-button__outer style-581-outer style-local-233-c23-outer d-inline-flex h-element\"><a h-use-smooth-scroll=\"true\" href=\"https:\/\/www.doctoranytime.be\/cl\/des-racines-a-la-vie\" target=\"_blank\"  data-colibri-id=\"233-c23\" class=\"d-flex w-100 align-items-center h-button justify-content-lg-center justify-content-md-center justify-content-center style-581 style-local-233-c23 position-relative\"><!----><!----> <span>Prendre RDV<\/span><\/a>\n                    <\/span>\n                  <\/div>\n                <\/div>\n              <\/div>\n            <\/div>\n          <\/div>\n          <div class=\"h-column h-column-container d-flex h-col-lg-auto h-col-md-auto h-col-auto style-577-outer style-local-233-c24-outer\">\n            <div data-colibri-id=\"233-c24\" class=\"d-flex h-flex-basis h-column__inner h-px-lg-2 h-px-md-2 h-px-2 v-inner-lg-2 v-inner-md-2 v-inner-2 style-577 style-local-233-c24 position-relative\">\n              <!---->\n              <!---->\n              <div class=\"w-100 h-y-container h-column__content h-column__v-align flex-basis-100 align-self-lg-center align-self-md-center align-self-center\">\n                <!---->\n                <div data-colibri-id=\"233-c25\" class=\"d-block style-578 style-local-233-c25 position-relative h-element\">\n                  <!---->\n                  <div class=\"h-image__frame-container-outer\">\n                    <a href=\"https:\/\/desracinesalavie.be\/index.php\/therapeutes\/jennyfer-verhoeven\/\" h-use-smooth-scroll=\"true\" class=\"image-link\">\n                      <div class=\"h-image__frame-container\">\n                        <!---->\n                        <!---->\n                        <img loading=\"lazy\" decoding=\"async\" width=\"1250\" height=\"1250\" src=\"https:\/\/desracinesalavie.be\/wp-content\/uploads\/2025\/08\/DSC02387-2_1250.png\" class=\"wp-image-10178 style-578-image style-local-233-c25-image\" alt=\"Jennyfer Verhoeven kin\u00e9 microkin\u00e9 acupuncture\" srcset=\"https:\/\/desracinesalavie.be\/wp-content\/uploads\/2025\/08\/DSC02387-2_1250.png 1250w, https:\/\/desracinesalavie.be\/wp-content\/uploads\/2025\/08\/DSC02387-2_1250-300x300.png 300w, https:\/\/desracinesalavie.be\/wp-content\/uploads\/2025\/08\/DSC02387-2_1250-1024x1024.png 1024w, https:\/\/desracinesalavie.be\/wp-content\/uploads\/2025\/08\/DSC02387-2_1250-150x150.png 150w, https:\/\/desracinesalavie.be\/wp-content\/uploads\/2025\/08\/DSC02387-2_1250-768x768.png 768w\" sizes=\"auto, (max-width: 1250px) 100vw, 1250px\" \/>\n                        <div class=\"h-image__frame h-hide-lg h-hide-md h-hide-sm style-578-frameImage style-local-233-c25-frameImage\"><\/div>\n                      <\/div>\n                    <\/a>\n                  <\/div>\n                <\/div>\n              <\/div>\n            <\/div>\n          <\/div>\n          <div class=\"h-column h-column-container d-flex h-col-lg-auto h-col-md-auto h-col-auto style-3900-outer style-local-233-c26-outer\">\n            <div data-colibri-id=\"233-c26\" class=\"d-flex h-flex-basis h-column__inner h-px-lg-2 h-px-md-2 h-px-2 v-inner-lg-2 v-inner-md-2 v-inner-2 style-3900 style-local-233-c26 position-relative\">\n              <!---->\n              <!---->\n              <div class=\"w-100 h-y-container h-column__content h-column__v-align flex-basis-100 align-self-lg-center align-self-md-center align-self-center\">\n                <!---->\n                <div data-colibri-id=\"233-c27\" class=\"h-text h-text-component style-1142 style-local-233-c27 position-relative h-element\">\n                  <!---->\n                  <!---->\n                  <div class=\"\">\n                    <p><span style=\"font-weight: 600; font-size: 16px; font-family: &quot;Open Sans&quot;; color: rgb(153, 153, 153);\">Autre(s) prestation(s) :&nbsp;<\/span><\/p>\n                  <\/div>\n                <\/div>\n                <div data-colibri-id=\"233-c28\" class=\"h-x-container style-1143 style-local-233-c28 position-relative h-element\">\n                  <!---->\n                  <div class=\"h-x-container-inner style-dynamic-233-c28-group style-1143-spacing style-local-233-c28-spacing\"><span class=\"h-link__outer style-1144-outer style-local-233-c29-outer d-inline-flex h-element\"><a h-use-smooth-scroll=\"true\" href=\"https:\/\/desracinesalavie.be\/index.php\/therapeutes\/jennyfer-verhoeven\/microkinesitherapie-gembloux\/\"  data-colibri-id=\"233-c29\" class=\"d-flex w-100 align-items-center h-link style-1144 style-local-233-c29 position-relative\"><!----><!----> <span>Microkin\u00e9sith\u00e9rapie<\/span><\/a>\n                    <\/span>\n                  <\/div>\n                <\/div>\n                <div data-colibri-id=\"233-c30\" class=\"h-x-container style-1145 style-local-233-c30 position-relative h-element\">\n                  <!---->\n                  <div class=\"h-x-container-inner style-dynamic-233-c30-group style-1145-spacing style-local-233-c30-spacing\"><span class=\"h-link__outer style-1146-outer style-local-233-c31-outer d-inline-flex h-element\"><a h-use-smooth-scroll=\"true\" href=\"https:\/\/desracinesalavie.be\/index.php\/therapeutes\/jennyfer-verhoeven\/acupuncture-gembloux\/\"  data-colibri-id=\"233-c31\" class=\"d-flex w-100 align-items-center h-link style-1146 style-local-233-c31 position-relative\"><!----><!----> <span>Acupuncture<\/span><\/a>\n                    <\/span>\n                  <\/div>\n                <\/div>\n              <\/div>\n            <\/div>\n          <\/div>\n        <\/div>\n      <\/div>\n    <\/div>\n  <\/div>\n<\/div>","protected":false},"excerpt":{"rendered":"<p>Kin\u00e9sith\u00e9rapeute \u00e0 Gembloux (Namur) Jennyfer Verhoeven vous re\u00e7oit en consultation de kin\u00e9sith\u00e9rapie \u00e0 Des Racines \u00e0 la Vie \u00e0 Gembloux.&nbsp; Vous pouvez la joindre par t\u00e9l\u00e9phone ou prendre directement votre rendez-vous en ligne. Kin\u00e9sith\u00e9rapeute conventionn\u00e9e Kin\u00e9sith\u00e9rapie sp\u00e9cialis\u00e9e : P\u00e9rin\u00e9ologie&nbsp;: permet de pr\u00e9venir et de traiter les probl\u00e8mes tels que incontinences (\u00e0 la toux, aux efforts&#8230;), [&hellip;]<\/p>\n","protected":false},"author":1,"featured_media":0,"parent":13,"menu_order":0,"comment_status":"closed","ping_status":"closed","template":"page-templates\/full-width-page.php","meta":{"footnotes":""},"class_list":["post-233","page","type-page","status-publish","hentry"],"yoast_head":"<!-- This site is optimized with the Yoast SEO plugin v27.5 - https:\/\/yoast.com\/product\/yoast-seo-wordpress\/ -->\n<title>Kin\u00e9sith\u00e9rapie - Jennyfer Verhoeven - Des Racines \u00e0 la Vie - Gembloux<\/title>\n<meta name=\"description\" content=\"Kin\u00e9sith\u00e9rapie \u00e0 Gembloux, sp\u00e9cialisation en p\u00e9rin\u00e9ologie, p\u00e9rinatalit\u00e9 et dry needling : kin\u00e9 pr\u00e9- et postnatale, traitement des douleurs\" \/>\n<meta name=\"robots\" content=\"index, follow, max-snippet:-1, max-image-preview:large, max-video-preview:-1\" \/>\n<link rel=\"canonical\" href=\"https:\/\/desracinesalavie.be\/index.php\/therapeutes\/jennyfer-verhoeven\/kinesitherapie-gembloux\/\" \/>\n<meta property=\"og:locale\" content=\"en_US\" \/>\n<meta property=\"og:type\" content=\"article\" \/>\n<meta property=\"og:title\" content=\"Kin\u00e9sith\u00e9rapie - Jennyfer Verhoeven - Des Racines \u00e0 la Vie - Gembloux\" \/>\n<meta property=\"og:description\" content=\"Kin\u00e9sith\u00e9rapie \u00e0 Gembloux, sp\u00e9cialisation en p\u00e9rin\u00e9ologie, p\u00e9rinatalit\u00e9 et dry needling : kin\u00e9 pr\u00e9- et postnatale, traitement des douleurs\" \/>\n<meta property=\"og:url\" content=\"https:\/\/desracinesalavie.be\/index.php\/therapeutes\/jennyfer-verhoeven\/kinesitherapie-gembloux\/\" \/>\n<meta property=\"og:site_name\" content=\"Des Racines \u00e0 la Vie\" \/>\n<meta property=\"article:modified_time\" content=\"2025-08-12T07:44:10+00:00\" \/>\n<meta property=\"og:image\" content=\"https:\/\/desracinesalavie.be\/wp-content\/uploads\/2020\/11\/cropped-femme-enceinte-scaled-1.jpg\" \/>\n\t<meta property=\"og:image:width\" content=\"1858\" \/>\n\t<meta property=\"og:image:height\" content=\"1855\" \/>\n\t<meta property=\"og:image:type\" content=\"image\/jpeg\" \/>\n<meta name=\"twitter:card\" content=\"summary_large_image\" \/>\n<meta name=\"twitter:label1\" content=\"Est. reading time\" \/>\n\t<meta name=\"twitter:data1\" content=\"1 minute\" \/>\n<script type=\"application\/ld+json\" class=\"yoast-schema-graph\">{\"@context\":\"https:\\\/\\\/schema.org\",\"@graph\":[{\"@type\":\"WebPage\",\"@id\":\"https:\\\/\\\/desracinesalavie.be\\\/index.php\\\/therapeutes\\\/jennyfer-verhoeven\\\/kinesitherapie-gembloux\\\/\",\"url\":\"https:\\\/\\\/desracinesalavie.be\\\/index.php\\\/therapeutes\\\/jennyfer-verhoeven\\\/kinesitherapie-gembloux\\\/\",\"name\":\"Kin\u00e9sith\u00e9rapie - Jennyfer Verhoeven - Des Racines \u00e0 la Vie - Gembloux\",\"isPartOf\":{\"@id\":\"https:\\\/\\\/desracinesalavie.be\\\/#website\"},\"primaryImageOfPage\":{\"@id\":\"https:\\\/\\\/desracinesalavie.be\\\/index.php\\\/therapeutes\\\/jennyfer-verhoeven\\\/kinesitherapie-gembloux\\\/#primaryimage\"},\"image\":{\"@id\":\"https:\\\/\\\/desracinesalavie.be\\\/index.php\\\/therapeutes\\\/jennyfer-verhoeven\\\/kinesitherapie-gembloux\\\/#primaryimage\"},\"thumbnailUrl\":\"https:\\\/\\\/desracinesalavie.be\\\/wp-content\\\/uploads\\\/2020\\\/11\\\/cropped-femme-enceinte-scaled-1.jpg\",\"datePublished\":\"2020-11-01T15:24:55+00:00\",\"dateModified\":\"2025-08-12T07:44:10+00:00\",\"description\":\"Kin\u00e9sith\u00e9rapie \u00e0 Gembloux, sp\u00e9cialisation en p\u00e9rin\u00e9ologie, p\u00e9rinatalit\u00e9 et dry needling : kin\u00e9 pr\u00e9- et postnatale, traitement des douleurs\",\"breadcrumb\":{\"@id\":\"https:\\\/\\\/desracinesalavie.be\\\/index.php\\\/therapeutes\\\/jennyfer-verhoeven\\\/kinesitherapie-gembloux\\\/#breadcrumb\"},\"inLanguage\":\"en-US\",\"potentialAction\":[{\"@type\":\"ReadAction\",\"target\":[\"https:\\\/\\\/desracinesalavie.be\\\/index.php\\\/therapeutes\\\/jennyfer-verhoeven\\\/kinesitherapie-gembloux\\\/\"]}]},{\"@type\":\"ImageObject\",\"inLanguage\":\"en-US\",\"@id\":\"https:\\\/\\\/desracinesalavie.be\\\/index.php\\\/therapeutes\\\/jennyfer-verhoeven\\\/kinesitherapie-gembloux\\\/#primaryimage\",\"url\":\"https:\\\/\\\/desracinesalavie.be\\\/wp-content\\\/uploads\\\/2020\\\/11\\\/cropped-femme-enceinte-scaled-1.jpg\",\"contentUrl\":\"https:\\\/\\\/desracinesalavie.be\\\/wp-content\\\/uploads\\\/2020\\\/11\\\/cropped-femme-enceinte-scaled-1.jpg\",\"width\":1858,\"height\":1855,\"caption\":\"Kin\u00e9sith\u00e9rapie Jennyfer Verhoeven\"},{\"@type\":\"BreadcrumbList\",\"@id\":\"https:\\\/\\\/desracinesalavie.be\\\/index.php\\\/therapeutes\\\/jennyfer-verhoeven\\\/kinesitherapie-gembloux\\\/#breadcrumb\",\"itemListElement\":[{\"@type\":\"ListItem\",\"position\":1,\"name\":\"Home\",\"item\":\"https:\\\/\\\/desracinesalavie.be\\\/\"},{\"@type\":\"ListItem\",\"position\":2,\"name\":\"Th\u00e9rapeutes\",\"item\":\"https:\\\/\\\/desracinesalavie.be\\\/index.php\\\/therapeutes\\\/\"},{\"@type\":\"ListItem\",\"position\":3,\"name\":\"Jennyfer Verhoeven\",\"item\":\"https:\\\/\\\/desracinesalavie.be\\\/index.php\\\/therapeutes\\\/jennyfer-verhoeven\\\/\"},{\"@type\":\"ListItem\",\"position\":4,\"name\":\"Kin\u00e9sith\u00e9rapie\"}]},{\"@type\":\"WebSite\",\"@id\":\"https:\\\/\\\/desracinesalavie.be\\\/#website\",\"url\":\"https:\\\/\\\/desracinesalavie.be\\\/\",\"name\":\"Des Racines \u00e0 la Vie\",\"description\":\"Votre centre param\u00e9dical \u00e0 Gembloux\",\"publisher\":{\"@id\":\"https:\\\/\\\/desracinesalavie.be\\\/#organization\"},\"potentialAction\":[{\"@type\":\"SearchAction\",\"target\":{\"@type\":\"EntryPoint\",\"urlTemplate\":\"https:\\\/\\\/desracinesalavie.be\\\/?s={search_term_string}\"},\"query-input\":{\"@type\":\"PropertyValueSpecification\",\"valueRequired\":true,\"valueName\":\"search_term_string\"}}],\"inLanguage\":\"en-US\"},{\"@type\":\"Organization\",\"@id\":\"https:\\\/\\\/desracinesalavie.be\\\/#organization\",\"name\":\"Des Racines \u00e0 la Vie\",\"url\":\"https:\\\/\\\/desracinesalavie.be\\\/\",\"logo\":{\"@type\":\"ImageObject\",\"inLanguage\":\"en-US\",\"@id\":\"https:\\\/\\\/desracinesalavie.be\\\/#\\\/schema\\\/logo\\\/image\\\/\",\"url\":\"https:\\\/\\\/desracinesalavie.be\\\/wp-content\\\/uploads\\\/2020\\\/11\\\/cropped-logo-Jennyfer-blanc.png\",\"contentUrl\":\"https:\\\/\\\/desracinesalavie.be\\\/wp-content\\\/uploads\\\/2020\\\/11\\\/cropped-logo-Jennyfer-blanc.png\",\"width\":300,\"height\":410,\"caption\":\"Des Racines \u00e0 la Vie\"},\"image\":{\"@id\":\"https:\\\/\\\/desracinesalavie.be\\\/#\\\/schema\\\/logo\\\/image\\\/\"}}]}<\/script>\n<!-- \/ Yoast SEO plugin. -->","yoast_head_json":{"title":"Kin\u00e9sith\u00e9rapie - Jennyfer Verhoeven - Des Racines \u00e0 la Vie - Gembloux","description":"Kin\u00e9sith\u00e9rapie \u00e0 Gembloux, sp\u00e9cialisation en p\u00e9rin\u00e9ologie, p\u00e9rinatalit\u00e9 et dry needling : kin\u00e9 pr\u00e9- et postnatale, traitement des douleurs","robots":{"index":"index","follow":"follow","max-snippet":"max-snippet:-1","max-image-preview":"max-image-preview:large","max-video-preview":"max-video-preview:-1"},"canonical":"https:\/\/desracinesalavie.be\/index.php\/therapeutes\/jennyfer-verhoeven\/kinesitherapie-gembloux\/","og_locale":"en_US","og_type":"article","og_title":"Kin\u00e9sith\u00e9rapie - Jennyfer Verhoeven - Des Racines \u00e0 la Vie - Gembloux","og_description":"Kin\u00e9sith\u00e9rapie \u00e0 Gembloux, sp\u00e9cialisation en p\u00e9rin\u00e9ologie, p\u00e9rinatalit\u00e9 et dry needling : kin\u00e9 pr\u00e9- et postnatale, traitement des douleurs","og_url":"https:\/\/desracinesalavie.be\/index.php\/therapeutes\/jennyfer-verhoeven\/kinesitherapie-gembloux\/","og_site_name":"Des Racines \u00e0 la Vie","article_modified_time":"2025-08-12T07:44:10+00:00","og_image":[{"width":1858,"height":1855,"url":"https:\/\/desracinesalavie.be\/wp-content\/uploads\/2020\/11\/cropped-femme-enceinte-scaled-1.jpg","type":"image\/jpeg"}],"twitter_card":"summary_large_image","twitter_misc":{"Est. reading time":"1 minute"},"schema":{"@context":"https:\/\/schema.org","@graph":[{"@type":"WebPage","@id":"https:\/\/desracinesalavie.be\/index.php\/therapeutes\/jennyfer-verhoeven\/kinesitherapie-gembloux\/","url":"https:\/\/desracinesalavie.be\/index.php\/therapeutes\/jennyfer-verhoeven\/kinesitherapie-gembloux\/","name":"Kin\u00e9sith\u00e9rapie - Jennyfer Verhoeven - Des Racines \u00e0 la Vie - Gembloux","isPartOf":{"@id":"https:\/\/desracinesalavie.be\/#website"},"primaryImageOfPage":{"@id":"https:\/\/desracinesalavie.be\/index.php\/therapeutes\/jennyfer-verhoeven\/kinesitherapie-gembloux\/#primaryimage"},"image":{"@id":"https:\/\/desracinesalavie.be\/index.php\/therapeutes\/jennyfer-verhoeven\/kinesitherapie-gembloux\/#primaryimage"},"thumbnailUrl":"https:\/\/desracinesalavie.be\/wp-content\/uploads\/2020\/11\/cropped-femme-enceinte-scaled-1.jpg","datePublished":"2020-11-01T15:24:55+00:00","dateModified":"2025-08-12T07:44:10+00:00","description":"Kin\u00e9sith\u00e9rapie \u00e0 Gembloux, sp\u00e9cialisation en p\u00e9rin\u00e9ologie, p\u00e9rinatalit\u00e9 et dry needling : kin\u00e9 pr\u00e9- et postnatale, traitement des douleurs","breadcrumb":{"@id":"https:\/\/desracinesalavie.be\/index.php\/therapeutes\/jennyfer-verhoeven\/kinesitherapie-gembloux\/#breadcrumb"},"inLanguage":"en-US","potentialAction":[{"@type":"ReadAction","target":["https:\/\/desracinesalavie.be\/index.php\/therapeutes\/jennyfer-verhoeven\/kinesitherapie-gembloux\/"]}]},{"@type":"ImageObject","inLanguage":"en-US","@id":"https:\/\/desracinesalavie.be\/index.php\/therapeutes\/jennyfer-verhoeven\/kinesitherapie-gembloux\/#primaryimage","url":"https:\/\/desracinesalavie.be\/wp-content\/uploads\/2020\/11\/cropped-femme-enceinte-scaled-1.jpg","contentUrl":"https:\/\/desracinesalavie.be\/wp-content\/uploads\/2020\/11\/cropped-femme-enceinte-scaled-1.jpg","width":1858,"height":1855,"caption":"Kin\u00e9sith\u00e9rapie Jennyfer Verhoeven"},{"@type":"BreadcrumbList","@id":"https:\/\/desracinesalavie.be\/index.php\/therapeutes\/jennyfer-verhoeven\/kinesitherapie-gembloux\/#breadcrumb","itemListElement":[{"@type":"ListItem","position":1,"name":"Home","item":"https:\/\/desracinesalavie.be\/"},{"@type":"ListItem","position":2,"name":"Th\u00e9rapeutes","item":"https:\/\/desracinesalavie.be\/index.php\/therapeutes\/"},{"@type":"ListItem","position":3,"name":"Jennyfer Verhoeven","item":"https:\/\/desracinesalavie.be\/index.php\/therapeutes\/jennyfer-verhoeven\/"},{"@type":"ListItem","position":4,"name":"Kin\u00e9sith\u00e9rapie"}]},{"@type":"WebSite","@id":"https:\/\/desracinesalavie.be\/#website","url":"https:\/\/desracinesalavie.be\/","name":"Des Racines \u00e0 la Vie","description":"Votre centre param\u00e9dical \u00e0 Gembloux","publisher":{"@id":"https:\/\/desracinesalavie.be\/#organization"},"potentialAction":[{"@type":"SearchAction","target":{"@type":"EntryPoint","urlTemplate":"https:\/\/desracinesalavie.be\/?s={search_term_string}"},"query-input":{"@type":"PropertyValueSpecification","valueRequired":true,"valueName":"search_term_string"}}],"inLanguage":"en-US"},{"@type":"Organization","@id":"https:\/\/desracinesalavie.be\/#organization","name":"Des Racines \u00e0 la Vie","url":"https:\/\/desracinesalavie.be\/","logo":{"@type":"ImageObject","inLanguage":"en-US","@id":"https:\/\/desracinesalavie.be\/#\/schema\/logo\/image\/","url":"https:\/\/desracinesalavie.be\/wp-content\/uploads\/2020\/11\/cropped-logo-Jennyfer-blanc.png","contentUrl":"https:\/\/desracinesalavie.be\/wp-content\/uploads\/2020\/11\/cropped-logo-Jennyfer-blanc.png","width":300,"height":410,"caption":"Des Racines \u00e0 la Vie"},"image":{"@id":"https:\/\/desracinesalavie.be\/#\/schema\/logo\/image\/"}}]}},"_links":{"self":[{"href":"https:\/\/desracinesalavie.be\/index.php\/wp-json\/wp\/v2\/pages\/233","targetHints":{"allow":["GET"]}}],"collection":[{"href":"https:\/\/desracinesalavie.be\/index.php\/wp-json\/wp\/v2\/pages"}],"about":[{"href":"https:\/\/desracinesalavie.be\/index.php\/wp-json\/wp\/v2\/types\/page"}],"author":[{"embeddable":true,"href":"https:\/\/desracinesalavie.be\/index.php\/wp-json\/wp\/v2\/users\/1"}],"replies":[{"embeddable":true,"href":"https:\/\/desracinesalavie.be\/index.php\/wp-json\/wp\/v2\/comments?post=233"}],"version-history":[{"count":20,"href":"https:\/\/desracinesalavie.be\/index.php\/wp-json\/wp\/v2\/pages\/233\/revisions"}],"predecessor-version":[{"id":10202,"href":"https:\/\/desracinesalavie.be\/index.php\/wp-json\/wp\/v2\/pages\/233\/revisions\/10202"}],"up":[{"embeddable":true,"href":"https:\/\/desracinesalavie.be\/index.php\/wp-json\/wp\/v2\/pages\/13"}],"wp:attachment":[{"href":"https:\/\/desracinesalavie.be\/index.php\/wp-json\/wp\/v2\/media?parent=233"}],"curies":[{"name":"wp","href":"https:\/\/api.w.org\/{rel}","templated":true}]}}