{"id":266,"date":"2020-11-01T15:38:14","date_gmt":"2020-11-01T15:38:14","guid":{"rendered":"https:\/\/desracinesalavie.avsit.be\/index.php\/coaching-de-vie\/"},"modified":"2025-01-14T09:12:55","modified_gmt":"2025-01-14T09:12:55","slug":"coach-de-vie-gembloux","status":"publish","type":"page","link":"https:\/\/desracinesalavie.be\/index.php\/therapeutes\/esther-servais\/coach-de-vie-gembloux\/","title":{"rendered":"Coach de vie"},"content":{"rendered":"<div data-colibri-id=\"266-c1\" class=\"style-586 style-local-266-c1 position-relative\">\n  <!---->\n  <div data-colibri-component=\"section\" data-colibri-id=\"266-c2\" id=\"custom\" class=\"h-section h-section-global-spacing d-flex align-items-lg-center align-items-md-center align-items-center style-587 style-local-266-c2 position-relative\">\n    <!---->\n    <!---->\n    <div class=\"h-section-grid-container h-section-boxed-container\">\n      <!---->\n      <div data-colibri-id=\"266-c3\" class=\"h-row-container gutters-row-lg-2 gutters-row-md-2 gutters-row-0 gutters-row-v-lg-2 gutters-row-v-md-2 gutters-row-v-2 style-1036 style-local-266-c3 position-relative\">\n        <!---->\n        <div class=\"h-row justify-content-lg-center justify-content-md-center justify-content-center align-items-lg-stretch align-items-md-stretch align-items-stretch gutters-col-lg-2 gutters-col-md-2 gutters-col-0 gutters-col-v-lg-2 gutters-col-v-md-2 gutters-col-v-2\">\n          <!---->\n          <div class=\"h-column h-column-container d-flex h-col-lg-auto h-col-md-auto h-col-auto style-1902-outer style-local-266-c4-outer\">\n            <div data-colibri-id=\"266-c4\" class=\"d-flex h-flex-basis h-column__inner h-px-lg-2 h-px-md-2 h-px-2 v-inner-lg-2 v-inner-md-2 v-inner-2 style-1902 style-local-266-c4 position-relative\">\n              <!---->\n              <!---->\n              <div class=\"w-100 h-y-container h-column__content h-column__v-align flex-basis-100 align-self-lg-start align-self-md-start align-self-start\">\n                <!---->\n                <div data-colibri-id=\"266-c5\" class=\"h-global-transition-all h-heading style-1038 style-local-266-c5 position-relative h-element\">\n                  <!---->\n                  <div class=\"h-heading__outer style-1038 style-local-266-c5\">\n                    <!---->\n                    <!---->\n                    <h3 class=\"\">Coaching de vie \u00e0 Gembloux (Namur)<\/h3>\n                  <\/div>\n                <\/div>\n                <div data-colibri-id=\"266-c6\" class=\"h-text h-text-component style-1102 style-local-266-c6 position-relative h-element\">\n                  <!---->\n                  <!---->\n                  <div class=\"\">\n                    <p><span style=\"color: rgb(51, 51, 51); font-family: &quot;Open Sans&quot;; font-size: 16px; font-weight: 600;\">Esther Servais vous re\u00e7oit en consultation en coaching de vie \u00e0 Des Racines \u00e0 la Vie  \u00e0 Gembloux.&nbsp;<\/span><\/p>\n                    <p><span style=\"color: rgb(51, 51, 51); font-family: &quot;Open Sans&quot;; font-size: 16px; font-weight: 600;\">Vous pouvez la joindre par t\u00e9l\u00e9phone ou mail, ou prendre directement votre rendez-vous en ligne.<\/span><\/p>\n                  <\/div>\n                <\/div>\n              <\/div>\n            <\/div>\n          <\/div>\n        <\/div>\n      <\/div>\n      <div data-colibri-id=\"266-c7\" class=\"h-row-container gutters-row-lg-2 gutters-row-md-2 gutters-row-0 gutters-row-v-lg-2 gutters-row-v-md-2 gutters-row-v-2 style-1039 style-local-266-c7 position-relative\">\n        <!---->\n        <div class=\"h-row justify-content-lg-center justify-content-md-center justify-content-center align-items-lg-stretch align-items-md-stretch align-items-stretch gutters-col-lg-2 gutters-col-md-2 gutters-col-0 gutters-col-v-lg-2 gutters-col-v-md-2 gutters-col-v-2\">\n          <!---->\n          <div class=\"h-column h-column-container d-flex h-col-lg-auto h-col-md-auto h-col-auto style-1040-outer style-local-266-c8-outer\">\n            <div data-colibri-id=\"266-c8\" class=\"d-flex h-flex-basis h-column__inner h-px-lg-2 h-px-md-2 h-px-2 v-inner-lg-2 v-inner-md-2 v-inner-2 style-1040 style-local-266-c8 position-relative\">\n              <!---->\n              <!---->\n              <div class=\"w-100 h-y-container h-column__content h-column__v-align flex-basis-100 align-self-lg-start align-self-md-start align-self-start\">\n                <!---->\n                <div data-colibri-id=\"266-c9\" class=\"h-text h-text-component style-590 style-local-266-c9 position-relative h-element\">\n                  <!---->\n                  <!---->\n                  <div class=\"\">\n                    <p><span style=\"color: rgb(153, 153, 153);\">Le coaching est un <\/span><span style=\"color: rgb(153, 153, 153); font-weight: 600;\">accompagnement personnalis\u00e9 et sur-mesure, orient\u00e9 sur les solutions<\/span><span style=\"color: rgb(153, 153, 153);\"> et non sur les probl\u00e8mes, <\/span>\n                      <span\n                        style=\"color: rgb(153, 153, 153); font-weight: 600;\">sur le pr\u00e9sent et l\u2019avenir<\/span><span style=\"color: rgb(153, 153, 153);\"> et non le pass\u00e9.&nbsp;Lors de p\u00e9riodes de crise ou de transitions de vie, lorsque vous \u00eates \u00e0 un carrefour de votre vie, professionnelle ou personnelle, le\/la coach vous accompagne par son \u00e9coute active et son questionnement cibl\u00e9.&nbsp;Sans jugement et avec bienveillance, il\/elle vous am\u00e8ne \u00e0 vous poser les bonnes questions et r\u00e9aliser des prises de conscience qui vont vous permettre de vous mettre en action, trouver la motivation et choisir vos propres solutions. Ceci, afin d\u2019atteindre et r\u00e9aliser vos objectifs\/r\u00eaves!<\/span>\n                        <span\n                          style=\"color: rgb(51, 63, 80);\">\n                          <br>\n                          <\/span>\n                    <\/p>\n                  <\/div>\n                <\/div>\n              <\/div>\n            <\/div>\n          <\/div>\n        <\/div>\n      <\/div>\n      <div data-colibri-id=\"266-c10\" class=\"h-row-container gutters-row-lg-2 gutters-row-md-2 gutters-row-0 gutters-row-v-lg-2 gutters-row-v-md-2 gutters-row-v-2 style-618 style-local-266-c10 position-relative\">\n        <!---->\n        <div class=\"h-row justify-content-lg-center justify-content-md-center justify-content-center align-items-lg-stretch align-items-md-stretch align-items-stretch gutters-col-lg-2 gutters-col-md-2 gutters-col-0 gutters-col-v-lg-2 gutters-col-v-md-2 gutters-col-v-2\">\n          <!---->\n          <div class=\"h-column h-column-container d-flex h-col-lg-auto h-col-md-auto h-col-auto style-619-outer style-local-266-c11-outer\">\n            <div data-colibri-id=\"266-c11\" class=\"d-flex h-flex-basis h-column__inner h-px-lg-2 h-px-md-2 h-px-2 v-inner-lg-2 v-inner-md-2 v-inner-2 style-619 style-local-266-c11 position-relative\">\n              <!---->\n              <!---->\n              <div class=\"w-100 h-y-container h-column__content h-column__v-align flex-basis-100 align-self-lg-start align-self-md-start align-self-start\">\n                <!---->\n                <div data-colibri-id=\"266-c12\" class=\"d-block style-620 style-local-266-c12 position-relative h-element\">\n                  <!---->\n                  <div class=\"h-image__frame-container-outer\">\n                    <div class=\"h-image__frame-container\">\n                      <!---->\n                      <!---->\n                      <img loading=\"lazy\" decoding=\"async\" width=\"1299\" height=\"401\" src=\"https:\/\/desracinesalavie.be\/wp-content\/uploads\/2020\/11\/cropped-cropped-cropped-cropped-received_699722440929396.jpeg\" class=\"wp-image-2728 style-620-image style-local-266-c12-image\" alt=\"Coaching de vie Esther Servais\" srcset=\"https:\/\/desracinesalavie.be\/wp-content\/uploads\/2020\/11\/cropped-cropped-cropped-cropped-received_699722440929396.jpeg 1299w, https:\/\/desracinesalavie.be\/wp-content\/uploads\/2020\/11\/cropped-cropped-cropped-cropped-received_699722440929396-300x93.jpeg 300w, https:\/\/desracinesalavie.be\/wp-content\/uploads\/2020\/11\/cropped-cropped-cropped-cropped-received_699722440929396-1024x316.jpeg 1024w, https:\/\/desracinesalavie.be\/wp-content\/uploads\/2020\/11\/cropped-cropped-cropped-cropped-received_699722440929396-768x237.jpeg 768w\" sizes=\"auto, (max-width: 1299px) 100vw, 1299px\" \/>\n                      <div class=\"h-image__frame h-hide-lg h-hide-md h-hide-sm style-620-frameImage style-local-266-c12-frameImage\"><\/div>\n                    <\/div>\n                  <\/div>\n                <\/div>\n                <div data-colibri-id=\"266-c13\" class=\"h-text h-text-component style-617 style-local-266-c13 position-relative h-element\">\n                  <!---->\n                  <!---->\n                  <div class=\"\">\n                    <p><span style=\"font-weight: 600;\">&#8220;N&#8217;attends pas d&#8217;atteindre ton objectif pour \u00eatre fier de toi. Sois fier de chaque pas que tu fais.&#8221;<\/span>\n                      <br>&nbsp;<em>Karen Salmansohn<\/em>\n                      <br>\n                    <\/p>\n                  <\/div>\n                <\/div>\n              <\/div>\n            <\/div>\n          <\/div>\n          <div class=\"h-column h-column-container d-flex h-col-lg-auto h-col-md-auto h-col-auto style-3894-outer style-local-266-c14-outer\">\n            <div data-colibri-id=\"266-c14\" class=\"d-flex h-flex-basis h-column__inner h-px-lg-2 h-px-md-2 h-px-2 v-inner-lg-2 v-inner-md-2 v-inner-2 style-3894 style-local-266-c14 position-relative\">\n              <!---->\n              <!---->\n              <div class=\"w-100 h-y-container h-column__content h-column__v-align flex-basis-100 align-self-lg-start align-self-md-start align-self-start\">\n                <!---->\n                <div data-colibri-id=\"266-c15\" class=\"h-global-transition-all h-heading style-780 style-local-266-c15 position-relative h-element\">\n                  <!---->\n                  <div class=\"h-heading__outer style-780 style-local-266-c15\">\n                    <!---->\n                    <!---->\n                    <h4 class=\"\">Th\u00e9matiques abord\u00e9es :<\/h4>\n                  <\/div>\n                <\/div>\n                <div data-colibri-id=\"266-c16\" class=\"h-text h-text-component style-781 style-local-266-c16 position-relative h-element\">\n                  <!---->\n                  <!---->\n                  <div class=\"\">\n                    <p>La confiance en soi, l\u2019estime de soi.<\/p>\n                    <p>La reconversion professionnelle.<\/p>\n                    <p>La communication.<\/p>\n                    <p>Les probl\u00e8mes de couple.<\/p>\n                    <p>Les difficult\u00e9s relationnelles.<\/p>\n                    <p>La cr\u00e9ation d\u2019un nouveau projet professionnel\/priv\u00e9.<\/p>\n                    <p>Vivre avec une personne alcoolod\u00e9pendante et se reconstruire.<\/p>\n                  <\/div>\n                <\/div>\n              <\/div>\n            <\/div>\n          <\/div>\n        <\/div>\n      <\/div>\n    <\/div>\n  <\/div>\n  <div data-colibri-component=\"section\" data-colibri-id=\"266-c17\" id=\"custom-2\" class=\"h-section h-section-global-spacing d-flex align-items-lg-center align-items-md-center align-items-center style-591 style-local-266-c17 position-relative\">\n    <!---->\n    <!---->\n    <div class=\"h-section-grid-container h-section-boxed-container\">\n      <!---->\n      <div data-colibri-id=\"266-c18\" class=\"h-row-container gutters-row-lg-2 gutters-row-md-2 gutters-row-0 gutters-row-v-lg-2 gutters-row-v-md-2 gutters-row-v-2 style-592 style-local-266-c18 position-relative\">\n        <!---->\n        <div class=\"h-row justify-content-lg-center justify-content-md-center justify-content-center align-items-lg-stretch align-items-md-stretch align-items-stretch gutters-col-lg-2 gutters-col-md-2 gutters-col-0 gutters-col-v-lg-2 gutters-col-v-md-2 gutters-col-v-2\">\n          <!---->\n          <div class=\"h-column h-column-container d-flex h-col-lg-auto h-col-md-auto h-col-auto style-593-outer style-local-266-c19-outer\">\n            <div data-colibri-id=\"266-c19\" class=\"d-flex h-flex-basis h-column__inner h-px-lg-2 h-px-md-2 h-px-2 v-inner-lg-2 v-inner-md-2 v-inner-2 style-593 style-local-266-c19 position-relative\">\n              <!---->\n              <!---->\n              <div class=\"w-100 h-y-container h-column__content h-column__v-align flex-basis-100 align-self-lg-center align-self-md-center align-self-center\">\n                <!---->\n                <div data-colibri-id=\"266-c20\" class=\"h-global-transition-all h-heading style-596 style-local-266-c20 position-relative h-element\">\n                  <!---->\n                  <div class=\"h-heading__outer style-596 style-local-266-c20\">\n                    <!---->\n                    <!---->\n                    <h3 class=\"\">Pour qui ?<\/h3>\n                  <\/div>\n                <\/div>\n                <div data-colibri-id=\"266-c21\" class=\"h-text h-text-component style-971 style-local-266-c21 position-relative h-element\">\n                  <!---->\n                  <!---->\n                  <div class=\"\">\n                    <p>Vous qui \u00eates en p\u00e9riode de transition\/changement de vie professionnelle ou personnelle&#8230;<\/p>\n                    <p>Qui traversez une p\u00e9riode de difficult\u00e9s,<\/p>\n                    <p>qui avez besoin d&#8217;une \u00e9coute, d&#8217;un soutien ext\u00e9rieur et neutre,<\/p>\n                    <p>qui avez besoin d&#8217;\u00eatre accompagn\u00e9 pour prendre une d\u00e9cision ou atteindre un objectif,<\/p>\n                    <p>qui souhaitez \u00eatre accompagn\u00e9 au cours d&#8217;une \u00e9volution personnelle,<\/p>\n                    <p>qui souhaitez retrouver confiance en vous&#8230;<\/p>\n                    <p>Vous qui souhaitez changer de vie !<\/p>\n                  <\/div>\n                <\/div>\n              <\/div>\n            <\/div>\n          <\/div>\n          <div class=\"h-column h-column-container d-flex h-col-lg-auto h-col-md-auto h-col-auto style-594-outer style-local-266-c22-outer\">\n            <div data-colibri-id=\"266-c22\" class=\"d-flex h-flex-basis h-column__inner h-px-lg-2 h-px-md-2 h-px-2 v-inner-lg-2 v-inner-md-2 v-inner-2 style-594 style-local-266-c22 position-relative\">\n              <!---->\n              <!---->\n              <div class=\"w-100 h-y-container h-column__content h-column__v-align flex-basis-100 align-self-lg-center align-self-md-center align-self-center\">\n                <!---->\n                <div data-colibri-id=\"266-c23\" class=\"h-icon style-599 style-local-266-c23 position-relative h-element\">\n                  <!----><span class=\"h-svg-icon h-icon__icon style-599-icon style-local-266-c23-icon\"><!--Icon by Font Awesome (https:\/\/fontawesome.com)-->\n    <svg version=\"1.1\" xmlns=\"http:\/\/www.w3.org\/2000\/svg\" xmlns:xlink=\"http:\/\/www.w3.org\/1999\/xlink\" id=\"info-circle\" viewBox=\"0 0 1536 1896.0833\">\n      <path d=\"M1024 1376v-160q0-14-9-23t-23-9h-96V672q0-14-9-23t-23-9H544q-14 0-23 9t-9 23v160q0 14 9 23t23 9h96v320h-96q-14 0-23 9t-9 23v160q0 14 9 23t23 9h448q14 0 23-9t9-23zM896 480V320q0-14-9-23t-23-9H672q-14 0-23 9t-9 23v160q0 14 9 23t23 9h192q14 0 23-9t9-23zm640 416q0 209-103 385.5T1153.5 1561 768 1664t-385.5-103T103 1281.5 0 896t103-385.5T382.5 231 768 128t385.5 103T1433 510.5 1536 896z\"><\/path>\n    <\/svg><\/span><\/div>\n                <div data-colibri-id=\"266-c24\" class=\"h-text h-text-component style-600 style-local-266-c24 position-relative h-element\">\n                  <!---->\n                  <!---->\n                  <div class=\"\">\n                    <p><span style=\"font-weight: 600;\">Dur\u00e9e <\/span>: 1h<\/p>\n                    <p><span style=\"font-weight: 600;\">Fr\u00e9quence <\/span>: adapt\u00e9e<\/p>\n                    <p>Tarif : 60 \u20ac<\/p>\n                    <p><span style=\"font-size: 16px; font-family: &quot;Open Sans&quot;; font-weight: 600; color: rgb(153, 153, 153);\">Moyens de paiement&nbsp;<\/span><span style=\"font-size: 16px; font-family: &quot;Open Sans&quot;; font-weight: 400; color: rgb(153, 153, 153);\">:&nbsp;application bancontact ou liquide (pas de terminal bancontact)<\/span><\/p>\n                  <\/div>\n                <\/div>\n                <div data-colibri-id=\"266-c25\" class=\"style-783 style-local-266-c25 position-relative h-element\">\n                  <!---->\n                <\/div>\n              <\/div>\n            <\/div>\n          <\/div>\n          <div class=\"h-column h-column-container d-flex h-col-lg-auto h-col-md-auto h-col-auto style-595-outer style-local-266-c26-outer\">\n            <div data-colibri-id=\"266-c26\" class=\"d-flex h-flex-basis h-column__inner h-px-lg-2 h-px-md-2 h-px-2 v-inner-lg-2 v-inner-md-2 v-inner-2 style-595 style-local-266-c26 position-relative\">\n              <!---->\n              <!---->\n              <div class=\"w-100 h-y-container h-column__content h-column__v-align flex-basis-100 align-self-lg-start align-self-md-start align-self-start\">\n                <!---->\n                <div data-colibri-id=\"266-c27\" class=\"h-global-transition-all h-heading style-602 style-local-266-c27 position-relative h-element\">\n                  <!---->\n                  <div class=\"h-heading__outer style-602 style-local-266-c27\">\n                    <!---->\n                    <!---->\n                    <h4 class=\"\">Mon approche&#8230;<\/h4>\n                  <\/div>\n                <\/div>\n                <div data-colibri-id=\"266-c28\" class=\"h-text h-text-component style-601 style-local-266-c28 position-relative h-element\">\n                  <!---->\n                  <!---->\n                  <div class=\"\">\n                    <p>Le coaching de vie&nbsp;permet de&nbsp;faire face \u00e0 une situation qui parait bloqu\u00e9e \u00e0 un moment cl\u00e9 de la vie.<\/p>\n                    <p>Je vous apporte de l&#8217;aide par le biais d&#8217;un&nbsp;accompagnement&nbsp;individuel et personnalis\u00e9 afin de trouver des solutions pour avancer et atteindre votre ou vos objectifs.<\/p>\n                    <p>Le coaching permet de r\u00e9v\u00e9ler le potentiel, les ressources, les qualit\u00e9s, les valeurs de chacun pour lui permettre d\u2019atteindre le meilleur de soi-m\u00eame.\u200b<\/p>\n                    <p>Le coaching s\u2019int\u00e9resse&nbsp;davantage au COMMENT plut\u00f4t&nbsp;qu&#8217;au pourquoi.&nbsp;Comment je fais aujourd&#8217;hui pour avancer avec ce que je suis&#8230;<\/p>\n                    <p>Nous marchons, main dans la main, sur un chemin qui est le v\u00f4tre. Un chemin bord\u00e9 de bienveillance, d&#8217;\u00e9coute, de partage, de protection&#8230; Nous avons toutes et tous une force int\u00e9rieure qui m\u00e9rite d&#8217;\u00eatre exploit\u00e9e \u00e0 bon escient, alors\n                      n&#8217;attendez plus, contactez-moi !<\/p>\n                  <\/div>\n                <\/div>\n              <\/div>\n            <\/div>\n          <\/div>\n        <\/div>\n      <\/div>\n    <\/div>\n  <\/div>\n  <div data-colibri-component=\"section\" data-colibri-id=\"266-c29\" id=\"custom-3\" class=\"h-section h-section-global-spacing d-flex align-items-lg-center align-items-md-center align-items-center style-865 style-local-266-c29 position-relative\">\n    <!---->\n    <!---->\n    <div class=\"h-section-grid-container h-section-boxed-container\">\n      <!---->\n      <div data-colibri-id=\"266-c30\" class=\"h-row-container gutters-row-lg-2 gutters-row-md-2 gutters-row-0 gutters-row-v-lg-2 gutters-row-v-md-2 gutters-row-v-2 style-866 style-local-266-c30 position-relative\">\n        <!---->\n        <div class=\"h-row justify-content-lg-center justify-content-md-center justify-content-center align-items-lg-stretch align-items-md-stretch align-items-stretch gutters-col-lg-2 gutters-col-md-2 gutters-col-0 gutters-col-v-lg-2 gutters-col-v-md-2 gutters-col-v-2\">\n          <!---->\n          <div class=\"h-column h-column-container d-flex h-col-lg-auto h-col-md-auto h-col-auto style-867-outer style-local-266-c31-outer\">\n            <div data-colibri-id=\"266-c31\" class=\"d-flex h-flex-basis h-column__inner h-px-lg-2 h-px-md-2 h-px-2 v-inner-lg-2 v-inner-md-2 v-inner-2 style-867 style-local-266-c31 position-relative\">\n              <!---->\n              <!---->\n              <div class=\"w-100 h-y-container h-column__content h-column__v-align flex-basis-100 align-self-lg-center align-self-md-center align-self-center\">\n                <!---->\n                <div data-colibri-id=\"266-c32\" class=\"h-x-container style-969 style-local-266-c32 position-relative h-element\">\n                  <!---->\n                  <div class=\"h-x-container-inner style-dynamic-266-c32-group style-969-spacing style-local-266-c32-spacing\"><span class=\"h-link__outer style-970-outer style-local-266-c33-outer d-inline-flex h-element\"><a h-use-smooth-scroll=\"true\" href=\"https:\/\/desracinesalavie.be\/index.php\/therapeutes\/esther-servais\/\"  data-colibri-id=\"266-c33\" class=\"d-flex w-100 align-items-center h-link style-970 style-local-266-c33 position-relative\"><!----><!----> <span>Esther Servais<\/span><\/a>\n                    <\/span>\n                  <\/div>\n                <\/div>\n                <div data-colibri-id=\"266-c34\" class=\"h-text h-text-component style-611 style-local-266-c34 position-relative h-element\">\n                  <!---->\n                  <!---->\n                  <div class=\"\">\n                    <p>+32 495 19 53 33<\/p>\n                    <p>esther.altitudecoach@gmail.com<\/p>\n                  <\/div>\n                <\/div>\n                <div data-colibri-id=\"266-c35\" class=\"h-text h-text-component style-1434 style-local-266-c35 position-relative h-element\">\n                  <!---->\n                  <!---->\n                  <div class=\"\">\n                    <p>Horaire : lundi de 14h \u00e0 20h<\/p>\n                  <\/div>\n                <\/div>\n                <div data-colibri-id=\"266-c36\" class=\"h-x-container style-608 style-local-266-c36 position-relative h-element\">\n                  <!---->\n                  <div class=\"h-x-container-inner style-dynamic-266-c36-group style-608-spacing style-local-266-c36-spacing\"><span class=\"h-button__outer style-609-outer style-local-266-c37-outer d-inline-flex h-element\"><a h-use-smooth-scroll=\"true\" href=\"https:\/\/www.doctoranytime.be\/cl\/des-racines-a-la-vie\" target=\"_blank\"  data-colibri-id=\"266-c37\" class=\"d-flex w-100 align-items-center h-button justify-content-lg-center justify-content-md-center justify-content-center style-609 style-local-266-c37 position-relative\"><!----><!----> <span>Prendre RDV<\/span><\/a>\n                    <\/span>\n                  <\/div>\n                <\/div>\n              <\/div>\n            <\/div>\n          <\/div>\n          <div class=\"h-column h-column-container d-flex h-col-lg-auto h-col-md-auto h-col-auto style-868-outer style-local-266-c38-outer\">\n            <div data-colibri-id=\"266-c38\" class=\"d-flex h-flex-basis h-column__inner h-px-lg-2 h-px-md-2 h-px-2 v-inner-lg-2 v-inner-md-2 v-inner-2 style-868 style-local-266-c38 position-relative\">\n              <!---->\n              <!---->\n              <div class=\"w-100 h-y-container h-column__content h-column__v-align flex-basis-100 align-self-lg-center align-self-md-center align-self-center\">\n                <!---->\n                <div data-colibri-id=\"266-c39\" class=\"d-block style-610 style-local-266-c39 position-relative h-element\">\n                  <!---->\n                  <div class=\"h-image__frame-container-outer\">\n                    <a href=\"https:\/\/desracinesalavie.be\/index.php\/therapeutes\/esther-servais\/\" h-use-smooth-scroll=\"true\" class=\"image-link\">\n                      <div class=\"h-image__frame-container\">\n                        <!---->\n                        <!---->\n                        <img loading=\"lazy\" decoding=\"async\" width=\"1280\" height=\"1280\" src=\"https:\/\/desracinesalavie.be\/wp-content\/uploads\/2021\/09\/image1.png\" class=\"wp-image-5681 style-610-image style-local-266-c39-image\" alt=\"Esther servais coach de vie, coach scolaire et reiki\" srcset=\"https:\/\/desracinesalavie.be\/wp-content\/uploads\/2021\/09\/image1.png 1280w, https:\/\/desracinesalavie.be\/wp-content\/uploads\/2021\/09\/image1-300x300.png 300w, https:\/\/desracinesalavie.be\/wp-content\/uploads\/2021\/09\/image1-1024x1024.png 1024w, https:\/\/desracinesalavie.be\/wp-content\/uploads\/2021\/09\/image1-150x150.png 150w, https:\/\/desracinesalavie.be\/wp-content\/uploads\/2021\/09\/image1-768x768.png 768w\" sizes=\"auto, (max-width: 1280px) 100vw, 1280px\" \/>\n                        <div class=\"h-image__frame h-hide-lg h-hide-md h-hide-sm style-610-frameImage style-local-266-c39-frameImage\"><\/div>\n                      <\/div>\n                    <\/a>\n                  <\/div>\n                <\/div>\n              <\/div>\n            <\/div>\n          <\/div>\n          <div class=\"h-column h-column-container d-flex h-col-lg-auto h-col-md-auto h-col-auto style-3897-outer style-local-266-c40-outer\">\n            <div data-colibri-id=\"266-c40\" class=\"d-flex h-flex-basis h-column__inner h-px-lg-2 h-px-md-2 h-px-2 v-inner-lg-2 v-inner-md-2 v-inner-2 style-3897 style-local-266-c40 position-relative\">\n              <!---->\n              <!---->\n              <div class=\"w-100 h-y-container h-column__content h-column__v-align flex-basis-100 align-self-lg-center align-self-md-center align-self-center\">\n                <!---->\n                <div data-colibri-id=\"266-c41\" class=\"h-text h-text-component style-1116 style-local-266-c41 position-relative h-element\">\n                  <!---->\n                  <!---->\n                  <div class=\"\">\n                    <p>Autre(s) prestation(s) :&nbsp;<\/p>\n                  <\/div>\n                <\/div>\n                <div data-colibri-id=\"266-c42\" class=\"h-x-container style-1117 style-local-266-c42 position-relative h-element\">\n                  <!---->\n                  <div class=\"h-x-container-inner style-dynamic-266-c42-group style-1117-spacing style-local-266-c42-spacing\"><span class=\"h-link__outer style-1118-outer style-local-266-c43-outer d-inline-flex h-element\"><a h-use-smooth-scroll=\"true\" href=\"https:\/\/desracinesalavie.be\/index.php\/therapeutes\/esther-servais\/coach-scolaire-gembloux\/\"  data-colibri-id=\"266-c43\" class=\"d-flex w-100 align-items-center h-link style-1118 style-local-266-c43 position-relative\"><!----><!----> <span>Coaching scolaire<\/span><\/a>\n                    <\/span>\n                  <\/div>\n                <\/div>\n                <div data-colibri-id=\"266-c44\" class=\"h-x-container style-2236 style-local-266-c44 position-relative h-element\">\n                  <!---->\n                  <div class=\"h-x-container-inner style-dynamic-266-c44-group style-2236-spacing style-local-266-c44-spacing\"><span class=\"h-link__outer style-2237-outer style-local-266-c45-outer d-inline-flex h-element\"><a h-use-smooth-scroll=\"true\" href=\"https:\/\/desracinesalavie.be\/index.php\/reiki\/\"  data-colibri-id=\"266-c45\" class=\"d-flex w-100 align-items-center h-link style-2237 style-local-266-c45 position-relative\"><!----><!----> <span>Reiki<\/span><\/a>\n                    <\/span>\n                  <\/div>\n                <\/div>\n                <div data-colibri-id=\"266-c46\" class=\"h-x-container style-2027 style-local-266-c46 position-relative h-element\">\n                  <!---->\n                  <div class=\"h-x-container-inner style-dynamic-266-c46-group style-2027-spacing style-local-266-c46-spacing\"><span class=\"h-link__outer style-2028-outer style-local-266-c47-outer d-inline-flex h-element\"><a h-use-smooth-scroll=\"true\" href=\"https:\/\/desracinesalavie.be\/index.php\/chi-mitysai\/\"  data-colibri-id=\"266-c47\" class=\"d-flex w-100 align-items-center h-link style-2028 style-local-266-c47 position-relative\"><!----><!----> <span>Chi MiTySa\u00ef<\/span><\/a>\n                    <\/span>\n                  <\/div>\n                <\/div>\n              <\/div>\n            <\/div>\n          <\/div>\n        <\/div>\n      <\/div>\n    <\/div>\n  <\/div>\n<\/div>","protected":false},"excerpt":{"rendered":"<p>Coaching de vie \u00e0 Gembloux (Namur) Esther Servais vous re\u00e7oit en consultation en coaching de vie \u00e0 Des Racines \u00e0 la Vie \u00e0 Gembloux.&nbsp; Vous pouvez la joindre par t\u00e9l\u00e9phone ou mail, ou prendre directement votre rendez-vous en ligne. Le coaching est un accompagnement personnalis\u00e9 et sur-mesure, orient\u00e9 sur les solutions et non sur les [&hellip;]<\/p>\n","protected":false},"author":1,"featured_media":0,"parent":151,"menu_order":0,"comment_status":"closed","ping_status":"closed","template":"page-templates\/full-width-page.php","meta":{"footnotes":""},"class_list":["post-266","page","type-page","status-publish","hentry"],"yoast_head":"<!-- This site is optimized with the Yoast SEO plugin v27.4 - https:\/\/yoast.com\/product\/yoast-seo-wordpress\/ -->\n<title>Coach de vie - Esther Servais - Des Racines \u00e0 la Vie - Gembloux<\/title>\n<meta name=\"description\" content=\"Coaching de vie \u00e0 Gembloux : p\u00e9riodes de transition personnelle ou professionnelle, r\u00e9orientation, confiance en soi, gestion du stress...\" \/>\n<meta name=\"robots\" content=\"index, follow, max-snippet:-1, max-image-preview:large, max-video-preview:-1\" \/>\n<link rel=\"canonical\" href=\"https:\/\/desracinesalavie.be\/index.php\/therapeutes\/esther-servais\/coach-de-vie-gembloux\/\" \/>\n<meta property=\"og:locale\" content=\"en_US\" \/>\n<meta property=\"og:type\" content=\"article\" \/>\n<meta property=\"og:title\" content=\"Coach de vie - Esther Servais - Des Racines \u00e0 la Vie - Gembloux\" \/>\n<meta property=\"og:description\" content=\"Coaching de vie \u00e0 Gembloux : p\u00e9riodes de transition personnelle ou professionnelle, r\u00e9orientation, confiance en soi, gestion du stress...\" \/>\n<meta property=\"og:url\" content=\"https:\/\/desracinesalavie.be\/index.php\/therapeutes\/esther-servais\/coach-de-vie-gembloux\/\" \/>\n<meta property=\"og:site_name\" content=\"Des Racines \u00e0 la Vie\" \/>\n<meta property=\"article:modified_time\" content=\"2025-01-14T09:12:55+00:00\" \/>\n<meta property=\"og:image\" content=\"https:\/\/desracinesalavie.be\/wp-content\/uploads\/2020\/11\/cropped-cropped-cropped-cropped-received_699722440929396.jpeg\" \/>\n\t<meta property=\"og:image:width\" content=\"1299\" \/>\n\t<meta property=\"og:image:height\" content=\"401\" \/>\n\t<meta property=\"og:image:type\" content=\"image\/jpeg\" \/>\n<meta name=\"twitter:card\" content=\"summary_large_image\" \/>\n<meta name=\"twitter:label1\" content=\"Est. reading time\" \/>\n\t<meta name=\"twitter:data1\" content=\"2 minutes\" \/>\n<script type=\"application\/ld+json\" class=\"yoast-schema-graph\">{\"@context\":\"https:\\\/\\\/schema.org\",\"@graph\":[{\"@type\":\"WebPage\",\"@id\":\"https:\\\/\\\/desracinesalavie.be\\\/index.php\\\/therapeutes\\\/esther-servais\\\/coach-de-vie-gembloux\\\/\",\"url\":\"https:\\\/\\\/desracinesalavie.be\\\/index.php\\\/therapeutes\\\/esther-servais\\\/coach-de-vie-gembloux\\\/\",\"name\":\"Coach de vie - Esther Servais - Des Racines \u00e0 la Vie - Gembloux\",\"isPartOf\":{\"@id\":\"https:\\\/\\\/desracinesalavie.be\\\/#website\"},\"primaryImageOfPage\":{\"@id\":\"https:\\\/\\\/desracinesalavie.be\\\/index.php\\\/therapeutes\\\/esther-servais\\\/coach-de-vie-gembloux\\\/#primaryimage\"},\"image\":{\"@id\":\"https:\\\/\\\/desracinesalavie.be\\\/index.php\\\/therapeutes\\\/esther-servais\\\/coach-de-vie-gembloux\\\/#primaryimage\"},\"thumbnailUrl\":\"https:\\\/\\\/desracinesalavie.be\\\/wp-content\\\/uploads\\\/2020\\\/11\\\/cropped-cropped-cropped-cropped-received_699722440929396.jpeg\",\"datePublished\":\"2020-11-01T15:38:14+00:00\",\"dateModified\":\"2025-01-14T09:12:55+00:00\",\"description\":\"Coaching de vie \u00e0 Gembloux : p\u00e9riodes de transition personnelle ou professionnelle, r\u00e9orientation, confiance en soi, gestion du stress...\",\"breadcrumb\":{\"@id\":\"https:\\\/\\\/desracinesalavie.be\\\/index.php\\\/therapeutes\\\/esther-servais\\\/coach-de-vie-gembloux\\\/#breadcrumb\"},\"inLanguage\":\"en-US\",\"potentialAction\":[{\"@type\":\"ReadAction\",\"target\":[\"https:\\\/\\\/desracinesalavie.be\\\/index.php\\\/therapeutes\\\/esther-servais\\\/coach-de-vie-gembloux\\\/\"]}]},{\"@type\":\"ImageObject\",\"inLanguage\":\"en-US\",\"@id\":\"https:\\\/\\\/desracinesalavie.be\\\/index.php\\\/therapeutes\\\/esther-servais\\\/coach-de-vie-gembloux\\\/#primaryimage\",\"url\":\"https:\\\/\\\/desracinesalavie.be\\\/wp-content\\\/uploads\\\/2020\\\/11\\\/cropped-cropped-cropped-cropped-received_699722440929396.jpeg\",\"contentUrl\":\"https:\\\/\\\/desracinesalavie.be\\\/wp-content\\\/uploads\\\/2020\\\/11\\\/cropped-cropped-cropped-cropped-received_699722440929396.jpeg\",\"width\":1299,\"height\":401,\"caption\":\"Coaching de vie Esther Servais\"},{\"@type\":\"BreadcrumbList\",\"@id\":\"https:\\\/\\\/desracinesalavie.be\\\/index.php\\\/therapeutes\\\/esther-servais\\\/coach-de-vie-gembloux\\\/#breadcrumb\",\"itemListElement\":[{\"@type\":\"ListItem\",\"position\":1,\"name\":\"Home\",\"item\":\"https:\\\/\\\/desracinesalavie.be\\\/\"},{\"@type\":\"ListItem\",\"position\":2,\"name\":\"Th\u00e9rapeutes\",\"item\":\"https:\\\/\\\/desracinesalavie.be\\\/index.php\\\/therapeutes\\\/\"},{\"@type\":\"ListItem\",\"position\":3,\"name\":\"Esther Servais\",\"item\":\"https:\\\/\\\/desracinesalavie.be\\\/index.php\\\/therapeutes\\\/esther-servais\\\/\"},{\"@type\":\"ListItem\",\"position\":4,\"name\":\"Coach de vie\"}]},{\"@type\":\"WebSite\",\"@id\":\"https:\\\/\\\/desracinesalavie.be\\\/#website\",\"url\":\"https:\\\/\\\/desracinesalavie.be\\\/\",\"name\":\"Des Racines \u00e0 la Vie\",\"description\":\"Votre centre param\u00e9dical \u00e0 Gembloux\",\"publisher\":{\"@id\":\"https:\\\/\\\/desracinesalavie.be\\\/#organization\"},\"potentialAction\":[{\"@type\":\"SearchAction\",\"target\":{\"@type\":\"EntryPoint\",\"urlTemplate\":\"https:\\\/\\\/desracinesalavie.be\\\/?s={search_term_string}\"},\"query-input\":{\"@type\":\"PropertyValueSpecification\",\"valueRequired\":true,\"valueName\":\"search_term_string\"}}],\"inLanguage\":\"en-US\"},{\"@type\":\"Organization\",\"@id\":\"https:\\\/\\\/desracinesalavie.be\\\/#organization\",\"name\":\"Des Racines \u00e0 la Vie\",\"url\":\"https:\\\/\\\/desracinesalavie.be\\\/\",\"logo\":{\"@type\":\"ImageObject\",\"inLanguage\":\"en-US\",\"@id\":\"https:\\\/\\\/desracinesalavie.be\\\/#\\\/schema\\\/logo\\\/image\\\/\",\"url\":\"https:\\\/\\\/desracinesalavie.be\\\/wp-content\\\/uploads\\\/2020\\\/11\\\/cropped-logo-Jennyfer-blanc.png\",\"contentUrl\":\"https:\\\/\\\/desracinesalavie.be\\\/wp-content\\\/uploads\\\/2020\\\/11\\\/cropped-logo-Jennyfer-blanc.png\",\"width\":300,\"height\":410,\"caption\":\"Des Racines \u00e0 la Vie\"},\"image\":{\"@id\":\"https:\\\/\\\/desracinesalavie.be\\\/#\\\/schema\\\/logo\\\/image\\\/\"}}]}<\/script>\n<!-- \/ Yoast SEO plugin. -->","yoast_head_json":{"title":"Coach de vie - Esther Servais - Des Racines \u00e0 la Vie - Gembloux","description":"Coaching de vie \u00e0 Gembloux : p\u00e9riodes de transition personnelle ou professionnelle, r\u00e9orientation, confiance en soi, gestion du stress...","robots":{"index":"index","follow":"follow","max-snippet":"max-snippet:-1","max-image-preview":"max-image-preview:large","max-video-preview":"max-video-preview:-1"},"canonical":"https:\/\/desracinesalavie.be\/index.php\/therapeutes\/esther-servais\/coach-de-vie-gembloux\/","og_locale":"en_US","og_type":"article","og_title":"Coach de vie - Esther Servais - Des Racines \u00e0 la Vie - Gembloux","og_description":"Coaching de vie \u00e0 Gembloux : p\u00e9riodes de transition personnelle ou professionnelle, r\u00e9orientation, confiance en soi, gestion du stress...","og_url":"https:\/\/desracinesalavie.be\/index.php\/therapeutes\/esther-servais\/coach-de-vie-gembloux\/","og_site_name":"Des Racines \u00e0 la Vie","article_modified_time":"2025-01-14T09:12:55+00:00","og_image":[{"width":1299,"height":401,"url":"https:\/\/desracinesalavie.be\/wp-content\/uploads\/2020\/11\/cropped-cropped-cropped-cropped-received_699722440929396.jpeg","type":"image\/jpeg"}],"twitter_card":"summary_large_image","twitter_misc":{"Est. reading time":"2 minutes"},"schema":{"@context":"https:\/\/schema.org","@graph":[{"@type":"WebPage","@id":"https:\/\/desracinesalavie.be\/index.php\/therapeutes\/esther-servais\/coach-de-vie-gembloux\/","url":"https:\/\/desracinesalavie.be\/index.php\/therapeutes\/esther-servais\/coach-de-vie-gembloux\/","name":"Coach de vie - Esther Servais - Des Racines \u00e0 la Vie - Gembloux","isPartOf":{"@id":"https:\/\/desracinesalavie.be\/#website"},"primaryImageOfPage":{"@id":"https:\/\/desracinesalavie.be\/index.php\/therapeutes\/esther-servais\/coach-de-vie-gembloux\/#primaryimage"},"image":{"@id":"https:\/\/desracinesalavie.be\/index.php\/therapeutes\/esther-servais\/coach-de-vie-gembloux\/#primaryimage"},"thumbnailUrl":"https:\/\/desracinesalavie.be\/wp-content\/uploads\/2020\/11\/cropped-cropped-cropped-cropped-received_699722440929396.jpeg","datePublished":"2020-11-01T15:38:14+00:00","dateModified":"2025-01-14T09:12:55+00:00","description":"Coaching de vie \u00e0 Gembloux : p\u00e9riodes de transition personnelle ou professionnelle, r\u00e9orientation, confiance en soi, gestion du stress...","breadcrumb":{"@id":"https:\/\/desracinesalavie.be\/index.php\/therapeutes\/esther-servais\/coach-de-vie-gembloux\/#breadcrumb"},"inLanguage":"en-US","potentialAction":[{"@type":"ReadAction","target":["https:\/\/desracinesalavie.be\/index.php\/therapeutes\/esther-servais\/coach-de-vie-gembloux\/"]}]},{"@type":"ImageObject","inLanguage":"en-US","@id":"https:\/\/desracinesalavie.be\/index.php\/therapeutes\/esther-servais\/coach-de-vie-gembloux\/#primaryimage","url":"https:\/\/desracinesalavie.be\/wp-content\/uploads\/2020\/11\/cropped-cropped-cropped-cropped-received_699722440929396.jpeg","contentUrl":"https:\/\/desracinesalavie.be\/wp-content\/uploads\/2020\/11\/cropped-cropped-cropped-cropped-received_699722440929396.jpeg","width":1299,"height":401,"caption":"Coaching de vie Esther Servais"},{"@type":"BreadcrumbList","@id":"https:\/\/desracinesalavie.be\/index.php\/therapeutes\/esther-servais\/coach-de-vie-gembloux\/#breadcrumb","itemListElement":[{"@type":"ListItem","position":1,"name":"Home","item":"https:\/\/desracinesalavie.be\/"},{"@type":"ListItem","position":2,"name":"Th\u00e9rapeutes","item":"https:\/\/desracinesalavie.be\/index.php\/therapeutes\/"},{"@type":"ListItem","position":3,"name":"Esther Servais","item":"https:\/\/desracinesalavie.be\/index.php\/therapeutes\/esther-servais\/"},{"@type":"ListItem","position":4,"name":"Coach de vie"}]},{"@type":"WebSite","@id":"https:\/\/desracinesalavie.be\/#website","url":"https:\/\/desracinesalavie.be\/","name":"Des Racines \u00e0 la Vie","description":"Votre centre param\u00e9dical \u00e0 Gembloux","publisher":{"@id":"https:\/\/desracinesalavie.be\/#organization"},"potentialAction":[{"@type":"SearchAction","target":{"@type":"EntryPoint","urlTemplate":"https:\/\/desracinesalavie.be\/?s={search_term_string}"},"query-input":{"@type":"PropertyValueSpecification","valueRequired":true,"valueName":"search_term_string"}}],"inLanguage":"en-US"},{"@type":"Organization","@id":"https:\/\/desracinesalavie.be\/#organization","name":"Des Racines \u00e0 la Vie","url":"https:\/\/desracinesalavie.be\/","logo":{"@type":"ImageObject","inLanguage":"en-US","@id":"https:\/\/desracinesalavie.be\/#\/schema\/logo\/image\/","url":"https:\/\/desracinesalavie.be\/wp-content\/uploads\/2020\/11\/cropped-logo-Jennyfer-blanc.png","contentUrl":"https:\/\/desracinesalavie.be\/wp-content\/uploads\/2020\/11\/cropped-logo-Jennyfer-blanc.png","width":300,"height":410,"caption":"Des Racines \u00e0 la Vie"},"image":{"@id":"https:\/\/desracinesalavie.be\/#\/schema\/logo\/image\/"}}]}},"_links":{"self":[{"href":"https:\/\/desracinesalavie.be\/index.php\/wp-json\/wp\/v2\/pages\/266","targetHints":{"allow":["GET"]}}],"collection":[{"href":"https:\/\/desracinesalavie.be\/index.php\/wp-json\/wp\/v2\/pages"}],"about":[{"href":"https:\/\/desracinesalavie.be\/index.php\/wp-json\/wp\/v2\/types\/page"}],"author":[{"embeddable":true,"href":"https:\/\/desracinesalavie.be\/index.php\/wp-json\/wp\/v2\/users\/1"}],"replies":[{"embeddable":true,"href":"https:\/\/desracinesalavie.be\/index.php\/wp-json\/wp\/v2\/comments?post=266"}],"version-history":[{"count":20,"href":"https:\/\/desracinesalavie.be\/index.php\/wp-json\/wp\/v2\/pages\/266\/revisions"}],"predecessor-version":[{"id":9956,"href":"https:\/\/desracinesalavie.be\/index.php\/wp-json\/wp\/v2\/pages\/266\/revisions\/9956"}],"up":[{"embeddable":true,"href":"https:\/\/desracinesalavie.be\/index.php\/wp-json\/wp\/v2\/pages\/151"}],"wp:attachment":[{"href":"https:\/\/desracinesalavie.be\/index.php\/wp-json\/wp\/v2\/media?parent=266"}],"curies":[{"name":"wp","href":"https:\/\/api.w.org\/{rel}","templated":true}]}}