{"id":7044,"date":"2022-04-04T13:49:32","date_gmt":"2022-04-04T13:49:32","guid":{"rendered":"https:\/\/desracinesalavie.be\/index.php\/psychotherapeute-couples-ados-et-familles\/"},"modified":"2023-12-14T12:30:19","modified_gmt":"2023-12-14T12:30:19","slug":"psychotherapeute-couples-ados-et-familles","status":"publish","type":"page","link":"https:\/\/desracinesalavie.be\/index.php\/psychotherapeute-couples-ados-et-familles\/","title":{"rendered":"Psychoth\u00e9rapeute &#8211; Sexologue"},"content":{"rendered":"<div data-colibri-id=\"7044-c1\" class=\"style-3139 style-local-7044-c1 position-relative\">\n  <!---->\n  <div data-colibri-component=\"section\" data-colibri-id=\"7044-c2\" id=\"custom\" class=\"h-section h-section-global-spacing d-flex align-items-lg-center align-items-md-center align-items-center style-3140 style-local-7044-c2 position-relative\">\n    <!---->\n    <!---->\n    <div class=\"h-section-grid-container h-section-boxed-container\">\n      <!---->\n      <div data-colibri-id=\"7044-c3\" class=\"h-row-container gutters-row-lg-2 gutters-row-md-2 gutters-row-0 gutters-row-v-lg-2 gutters-row-v-md-2 gutters-row-v-2 style-3141 style-local-7044-c3 position-relative\">\n        <!---->\n        <div class=\"h-row justify-content-lg-center justify-content-md-center justify-content-center align-items-lg-stretch align-items-md-stretch align-items-stretch gutters-col-lg-2 gutters-col-md-2 gutters-col-0 gutters-col-v-lg-2 gutters-col-v-md-2 gutters-col-v-2\">\n          <!---->\n          <div class=\"h-column h-column-container d-flex h-col-lg-auto h-col-md-auto h-col-auto style-1902-outer style-local-7044-c4-outer\">\n            <div data-colibri-id=\"7044-c4\" class=\"d-flex h-flex-basis h-column__inner h-px-lg-2 h-px-md-2 h-px-2 v-inner-lg-2 v-inner-md-2 v-inner-2 style-1902 style-local-7044-c4 position-relative\">\n              <!---->\n              <!---->\n              <div class=\"w-100 h-y-container h-column__content h-column__v-align flex-basis-100 align-self-lg-start align-self-md-start align-self-start\">\n                <!---->\n                <div data-colibri-id=\"7044-c5\" class=\"h-global-transition-all h-heading style-1375 style-local-7044-c5 position-relative h-element\">\n                  <!---->\n                  <div class=\"h-heading__outer style-1375 style-local-7044-c5\">\n                    <!---->\n                    <!---->\n                    <h3 class=\"\">Sexologie, Th\u00e9rapie de couples, th\u00e9rapie familiale et prise en charge des adolescents \u00e0 Gembloux (Namur).<\/h3>\n                  <\/div>\n                <\/div>\n                <div data-colibri-id=\"7044-c6\" class=\"h-global-transition-all h-heading style-1374 style-local-7044-c6 position-relative h-element\">\n                  <!---->\n                  <div class=\"h-heading__outer style-1374 style-local-7044-c6\">\n                    <!---->\n                    <!---->\n                    <h6 class=\"\">Valentine Gillain vous re\u00e7oit en consultation en psychoth\u00e9rapie syst\u00e9mique (ados, famille et couples) et sexologie \u00e0 Des Racines \u00e0 la Vie \u00e0 Gembloux.\n                      <br>Vous pouvez la joindre par t\u00e9l\u00e9phone ou par mail, ou prendre directement votre rendez-vous en ligne.<\/h6>\n                  <\/div>\n                <\/div>\n              <\/div>\n            <\/div>\n          <\/div>\n        <\/div>\n      <\/div>\n      <div data-colibri-id=\"7044-c7\" class=\"h-row-container gutters-row-lg-2 gutters-row-md-2 gutters-row-0 gutters-row-v-lg-2 gutters-row-v-md-2 gutters-row-v-2 style-3145 style-local-7044-c7 position-relative\">\n        <!---->\n        <div class=\"h-row justify-content-lg-center justify-content-md-center justify-content-center align-items-lg-stretch align-items-md-stretch align-items-stretch gutters-col-lg-2 gutters-col-md-2 gutters-col-0 gutters-col-v-lg-2 gutters-col-v-md-2 gutters-col-v-2\">\n          <!---->\n          <div class=\"h-column h-column-container d-flex h-col-lg-auto h-col-md-auto h-col-auto style-3149-outer style-local-7044-c8-outer\">\n            <div data-colibri-id=\"7044-c8\" class=\"d-flex h-flex-basis h-column__inner h-px-lg-2 h-px-md-2 h-px-2 v-inner-lg-2 v-inner-md-2 v-inner-2 style-3149 style-local-7044-c8 position-relative\">\n              <!---->\n              <!---->\n              <div class=\"w-100 h-y-container h-column__content h-column__v-align flex-basis-100 align-self-lg-start align-self-md-start align-self-start\">\n                <!---->\n                <div data-colibri-id=\"7044-c9\" class=\"h-text h-text-component style-3152 style-local-7044-c9 position-relative h-element\">\n                  <!---->\n                  <!---->\n                  <div class=\"\">\n                    <p>Mon approche dynamique est un atout dans le contact et la prise en charge de nos <span style=\"font-weight: 600;\">adolescents<\/span>, autour de questions relationnelles avec leurs pairs ou leur famille. Mais avant tout vis-\u00e0-vis d&#8217;eux-m\u00eames.<\/p>\n                    <p>J&#8217;accompagne \u00e9galement les <span style=\"font-weight: 600;\">familles<\/span> \u00e0 sortir d&#8217;une spirale qu&#8217;elles pourraient qualifier de n\u00e9gative. Changer leur regard sur ce qui pose probl\u00e8me tout en mettant en mouvement chacun des membres\n                      de la famille. Peut-\u00eatre l&#8217;occasion de questionner les g\u00e9n\u00e9rations pr\u00e9c\u00e9dentes si cette spirale semble se r\u00e9p\u00e9ter.<\/p>\n                    <p>Enfin, la dimension du <span style=\"font-weight: 600;\">couple<\/span> n&#8217;est pas \u00e0 n\u00e9gliger. Je les accompagne pour se poser, faire le point, attaquer le n\u0153ud pour renouer par la suite. La dimension sexuelle peut \u00e9galement \u00eatre abord\u00e9e\n                      dans la th\u00e9rapie.<\/p>\n                  <\/div>\n                <\/div>\n              <\/div>\n            <\/div>\n          <\/div>\n        <\/div>\n      <\/div>\n      <div data-colibri-id=\"7044-c10\" class=\"h-row-container gutters-row-lg-2 gutters-row-md-2 gutters-row-0 gutters-row-v-lg-2 gutters-row-v-md-2 gutters-row-v-2 style-3154 style-local-7044-c10 position-relative\">\n        <!---->\n        <div class=\"h-row justify-content-lg-center justify-content-md-center justify-content-center align-items-lg-stretch align-items-md-stretch align-items-stretch gutters-col-lg-2 gutters-col-md-2 gutters-col-0 gutters-col-v-lg-2 gutters-col-v-md-2 gutters-col-v-2\">\n          <!---->\n          <div class=\"h-column h-column-container d-flex h-col-lg-auto h-col-md-auto h-col-auto style-3155-outer style-local-7044-c11-outer\">\n            <div data-colibri-id=\"7044-c11\" class=\"d-flex h-flex-basis h-column__inner h-px-lg-2 h-px-md-2 h-px-2 v-inner-lg-2 v-inner-md-2 v-inner-2 style-3155 style-local-7044-c11 position-relative\">\n              <!---->\n              <!---->\n              <div class=\"w-100 h-y-container h-column__content h-column__v-align flex-basis-100 align-self-lg-start align-self-md-start align-self-start\">\n                <!---->\n                <div data-colibri-id=\"7044-c12\" class=\"d-block style-3153 style-local-7044-c12 position-relative h-element\">\n                  <!---->\n                  <div class=\"h-image__frame-container-outer\">\n                    <div class=\"h-image__frame-container\">\n                      <!---->\n                      <!---->\n                      <img loading=\"lazy\" decoding=\"async\" width=\"2560\" height=\"920\" src=\"https:\/\/desracinesalavie.be\/wp-content\/uploads\/2022\/04\/cropped-20211103_165245-scaled-1.jpg\" class=\"wp-image-7048 style-3153-image style-local-7044-c12-image\" alt=\"\" srcset=\"https:\/\/desracinesalavie.be\/wp-content\/uploads\/2022\/04\/cropped-20211103_165245-scaled-1.jpg 2560w, https:\/\/desracinesalavie.be\/wp-content\/uploads\/2022\/04\/cropped-20211103_165245-scaled-1-300x108.jpg 300w, https:\/\/desracinesalavie.be\/wp-content\/uploads\/2022\/04\/cropped-20211103_165245-scaled-1-1024x368.jpg 1024w, https:\/\/desracinesalavie.be\/wp-content\/uploads\/2022\/04\/cropped-20211103_165245-scaled-1-768x276.jpg 768w, https:\/\/desracinesalavie.be\/wp-content\/uploads\/2022\/04\/cropped-20211103_165245-scaled-1-1536x552.jpg 1536w, https:\/\/desracinesalavie.be\/wp-content\/uploads\/2022\/04\/cropped-20211103_165245-scaled-1-2048x736.jpg 2048w\" sizes=\"auto, (max-width: 2560px) 100vw, 2560px\" \/>\n                      <div class=\"h-image__frame h-hide-lg h-hide-md h-hide-sm style-3153-frameImage style-local-7044-c12-frameImage\"><\/div>\n                    <\/div>\n                  <\/div>\n                <\/div>\n                <div data-colibri-id=\"7044-c13\" class=\"h-text h-text-component style-1384 style-local-7044-c13 position-relative h-element\">\n                  <!---->\n                  <!---->\n                  <div class=\"\">\n                    <p><strong style=\"font-weight: 600;\">&#8220;Si haute soit la montagne, on y trouve toujours un sentier&#8221;<\/strong><\/p>\n                    <p><em>Dicton anonyme<\/em><\/p>\n                  <\/div>\n                <\/div>\n              <\/div>\n            <\/div>\n          <\/div>\n        <\/div>\n      <\/div>\n    <\/div>\n  <\/div>\n  <div data-colibri-component=\"section\" data-colibri-id=\"7044-c14\" id=\"custom-2\" class=\"h-section h-section-global-spacing d-flex align-items-lg-center align-items-md-center align-items-center style-3156 style-local-7044-c14 position-relative\">\n    <!---->\n    <!---->\n    <div class=\"h-section-grid-container h-section-boxed-container\">\n      <!---->\n      <div data-colibri-id=\"7044-c15\" class=\"h-row-container gutters-row-lg-2 gutters-row-md-2 gutters-row-0 gutters-row-v-lg-2 gutters-row-v-md-2 gutters-row-v-2 style-3157 style-local-7044-c15 position-relative\">\n        <!---->\n        <div class=\"h-row justify-content-lg-center justify-content-md-center justify-content-center align-items-lg-stretch align-items-md-stretch align-items-stretch gutters-col-lg-2 gutters-col-md-2 gutters-col-0 gutters-col-v-lg-2 gutters-col-v-md-2 gutters-col-v-2\">\n          <!---->\n          <div class=\"h-column h-column-container d-flex h-col-lg-auto h-col-md-auto h-col-auto style-3158-outer style-local-7044-c16-outer\">\n            <div data-colibri-id=\"7044-c16\" class=\"d-flex h-flex-basis h-column__inner h-px-lg-2 h-px-md-2 h-px-2 v-inner-lg-2 v-inner-md-2 v-inner-2 style-3158 style-local-7044-c16 position-relative\">\n              <!---->\n              <!---->\n              <div class=\"w-100 h-y-container h-column__content h-column__v-align flex-basis-100 align-self-lg-start align-self-md-start align-self-start\">\n                <!---->\n                <div data-colibri-id=\"7044-c17\" class=\"h-global-transition-all h-heading style-1824 style-local-7044-c17 position-relative h-element\">\n                  <!---->\n                  <div class=\"h-heading__outer style-1824 style-local-7044-c17\">\n                    <!---->\n                    <!---->\n                    <h3 class=\"\">Pour qui ?<\/h3>\n                  <\/div>\n                <\/div>\n                <div data-colibri-id=\"7044-c18\" class=\"h-text h-text-component style-3167 style-local-7044-c18 position-relative h-element\">\n                  <!---->\n                  <!---->\n                  <div class=\"\">\n                    <p>J&#8217;accueille celles et ceux, seuls ou avec leur syst\u00e8me, adolescents, couple ou famille qui sont en souffrance, sont bloqu\u00e9s, sont emp\u00each\u00e9s d&#8217;avancer. <\/p>\n                    <p>Touch\u00e9s dans leur estime d&#8217;eux-m\u00eames, leur confiance bless\u00e9e, bloqu\u00e9e, qui ont besoin d&#8217;\u00eatre r\u00e9-accroch\u00e9s au syst\u00e8me scolaire, professionnel familial ou dans leur couple.<\/p>\n                    <p> Celles et ceux qui arrivent \u00e0 nommer leur d\u00e9sir de changement dans une spirale n\u00e9gative. <\/p>\n                    <p>Cherchons ensemble vos forces, ce sentier afin de gravir cette montagne et d&#8217;y voir toute la beaut\u00e9 qui s&#8217;y cache.<\/p>\n                  <\/div>\n                <\/div>\n              <\/div>\n            <\/div>\n          <\/div>\n          <div class=\"h-column h-column-container d-flex h-col-lg-auto h-col-md-auto h-col-auto style-3159-outer style-local-7044-c19-outer\">\n            <div data-colibri-id=\"7044-c19\" class=\"d-flex h-flex-basis h-column__inner h-px-lg-2 h-px-md-2 h-px-2 v-inner-lg-2 v-inner-md-2 v-inner-2 style-3159 style-local-7044-c19 position-relative\">\n              <!---->\n              <!---->\n              <div class=\"w-100 h-y-container h-column__content h-column__v-align flex-basis-100 align-self-lg-start align-self-md-start align-self-start\">\n                <!---->\n                <div data-colibri-id=\"7044-c20\" class=\"h-icon style-3162 style-local-7044-c20 position-relative h-element\">\n                  <!----><span class=\"h-svg-icon h-icon__icon style-3162-icon style-local-7044-c20-icon\"><!--Icon by Font Awesome (https:\/\/fontawesome.com)-->\n    <svg version=\"1.1\" xmlns=\"http:\/\/www.w3.org\/2000\/svg\" xmlns:xlink=\"http:\/\/www.w3.org\/1999\/xlink\" id=\"info-circle\" viewBox=\"0 0 1536 1896.0833\">\n      <path d=\"M1024 1376v-160q0-14-9-23t-23-9h-96V672q0-14-9-23t-23-9H544q-14 0-23 9t-9 23v160q0 14 9 23t23 9h96v320h-96q-14 0-23 9t-9 23v160q0 14 9 23t23 9h448q14 0 23-9t9-23zM896 480V320q0-14-9-23t-23-9H672q-14 0-23 9t-9 23v160q0 14 9 23t23 9h192q14 0 23-9t9-23zm640 416q0 209-103 385.5T1153.5 1561 768 1664t-385.5-103T103 1281.5 0 896t103-385.5T382.5 231 768 128t385.5 103T1433 510.5 1536 896z\"><\/path>\n    <\/svg><\/span><\/div>\n                <div data-colibri-id=\"7044-c21\" class=\"h-text h-text-component style-3165 style-local-7044-c21 position-relative h-element\">\n                  <!---->\n                  <!---->\n                  <div class=\"\">\n                    <p><span style=\"font-weight: 600;\">Dur\u00e9e d&#8217;une rencontre<\/span>&nbsp;: 50&#8242;<\/p>\n                    <p><span style=\"font-weight: 600;\">Tarif<\/span> :<\/p>\n                    <ul>\n                      <li>\u00e0 partir de 50\u20ac en individuel<\/li>\n                      <li>60\u20ac en couple<\/li>\n                      <li>70\u20ac en famille<\/li>\n                    <\/ul>\n                    <p>Le prix ne doit en aucun cas \u00eatre un frein dans votre d\u00e9marche th\u00e9rapeutique, discutons-en.<\/p>\n                    <p><span style=\"font-weight: 600;\">Moyens de paiement<\/span> :&nbsp;application bancontact ou liquide (pas de terminal bancontact)<\/p>\n                    <p><span style=\"font-weight: 600; font-size: 16px; font-family: &quot;Open Sans&quot;; color: rgb(153, 153, 153);\">Fr\u00e9quence<\/span><span style=\"font-weight: 400; font-size: 16px; font-family: &quot;Open Sans&quot;; color: rgb(153, 153, 153);\">&nbsp;: Il n\u2019y a pas de r\u00e8gles concernant la fr\u00e9quence des rendez-vous, celle-ci sera d\u00e9termin\u00e9e ensemble.<\/span><\/p>\n                  <\/div>\n                <\/div>\n              <\/div>\n            <\/div>\n          <\/div>\n          <div class=\"h-column h-column-container d-flex h-col-lg-auto h-col-md-auto h-col-auto style-3160-outer style-local-7044-c22-outer\">\n            <div data-colibri-id=\"7044-c22\" class=\"d-flex h-flex-basis h-column__inner h-px-lg-2 h-px-md-2 h-px-2 v-inner-lg-2 v-inner-md-2 v-inner-2 style-3160 style-local-7044-c22 position-relative\">\n              <!---->\n              <!---->\n              <div class=\"w-100 h-y-container h-column__content h-column__v-align flex-basis-100 align-self-lg-start align-self-md-start align-self-start\">\n                <!---->\n                <div data-colibri-id=\"7044-c23\" class=\"h-global-transition-all h-heading style-1826 style-local-7044-c23 position-relative h-element\">\n                  <!---->\n                  <div class=\"h-heading__outer style-1826 style-local-7044-c23\">\n                    <!---->\n                    <!---->\n                    <h5 class=\"\">En pratique&#8230;<\/h5>\n                  <\/div>\n                <\/div>\n                <div data-colibri-id=\"7044-c24\" class=\"h-text h-text-component style-3166 style-local-7044-c24 position-relative h-element\">\n                  <!---->\n                  <!---->\n                  <div class=\"\">\n                    <p>Chez moi, on cause avec les ados, on se pose en couple et on prend une place en famille<\/p>\n                    <p>Mon approche est dynamique, j&#8217;essaye qu&#8217;on sorte de sa zone de confort, qu&#8217;on s&#8217;essaye, qu&#8217;on questionne les g\u00e9n\u00e9rations ant\u00e9rieures.<\/p>\n                    <p>On chemine ensemble pour trouver vos forces sur lesquelles vous allez pouvoir vous appuyer pour avancer.<\/p>\n                    <p>J&#8217;utilise des m\u00e9dias qui peuvent aider \u00e0 lib\u00e9rer la parole.<\/p>\n                    <p>Cela fait 15 ans que j&#8217;accompagne \u00e9galement des adolescents en p\u00e9dopsychiatrie et j&#8217;ai pu d\u00e9velopper des leviers, des jeux, des mises en sc\u00e8ne qui sont devenus n\u00e9cessaires dans leur processus de changement.<\/p>\n                  <\/div>\n                <\/div>\n              <\/div>\n            <\/div>\n          <\/div>\n        <\/div>\n      <\/div>\n    <\/div>\n  <\/div>\n  <div data-colibri-component=\"section\" data-colibri-id=\"7044-c25\" id=\"custom-3\" class=\"h-section h-section-global-spacing d-flex align-items-lg-center align-items-md-center align-items-center style-3168 style-local-7044-c25 position-relative\">\n    <!---->\n    <!---->\n    <div class=\"h-section-grid-container h-section-boxed-container\">\n      <!---->\n      <div data-colibri-id=\"7044-c26\" class=\"h-row-container gutters-row-lg-2 gutters-row-md-2 gutters-row-0 gutters-row-v-lg-2 gutters-row-v-md-2 gutters-row-v-2 style-3169 style-local-7044-c26 position-relative\">\n        <!---->\n        <div class=\"h-row justify-content-lg-center justify-content-md-center justify-content-center align-items-lg-stretch align-items-md-stretch align-items-stretch gutters-col-lg-2 gutters-col-md-2 gutters-col-0 gutters-col-v-lg-2 gutters-col-v-md-2 gutters-col-v-2\">\n          <!---->\n          <div class=\"h-column h-column-container d-flex h-col-lg-auto h-col-md-auto h-col-auto style-3170-outer style-local-7044-c27-outer\">\n            <div data-colibri-id=\"7044-c27\" class=\"d-flex h-flex-basis h-column__inner h-px-lg-2 h-px-md-2 h-px-2 v-inner-lg-2 v-inner-md-2 v-inner-2 style-3170 style-local-7044-c27 position-relative\">\n              <!---->\n              <!---->\n              <div class=\"w-100 h-y-container h-column__content h-column__v-align flex-basis-100 align-self-lg-start align-self-md-start align-self-start\">\n                <!---->\n                <div data-colibri-id=\"7044-c28\" class=\"d-block style-1838 style-local-7044-c28 position-relative h-element\">\n                  <!---->\n                  <div class=\"h-image__frame-container-outer\">\n                    <a href=\"https:\/\/desracinesalavie.be\/index.php\/valentine-gillain\/\" h-use-smooth-scroll=\"true\" class=\"image-link\">\n                      <div class=\"h-image__frame-container\">\n                        <!---->\n                        <!---->\n                        <img loading=\"lazy\" decoding=\"async\" width=\"1000\" height=\"1000\" src=\"https:\/\/desracinesalavie.be\/wp-content\/uploads\/2022\/04\/Valentine_blanc_1000.png\" class=\"wp-image-7056 style-1838-image style-local-7044-c28-image\" alt=\"Valentine Gillain psychoth\u00e9rapeute\" srcset=\"https:\/\/desracinesalavie.be\/wp-content\/uploads\/2022\/04\/Valentine_blanc_1000.png 1000w, https:\/\/desracinesalavie.be\/wp-content\/uploads\/2022\/04\/Valentine_blanc_1000-300x300.png 300w, https:\/\/desracinesalavie.be\/wp-content\/uploads\/2022\/04\/Valentine_blanc_1000-150x150.png 150w, https:\/\/desracinesalavie.be\/wp-content\/uploads\/2022\/04\/Valentine_blanc_1000-768x768.png 768w\" sizes=\"auto, (max-width: 1000px) 100vw, 1000px\" \/>\n                        <div class=\"h-image__frame h-hide-lg h-hide-md h-hide-sm style-1838-frameImage style-local-7044-c28-frameImage\"><\/div>\n                      <\/div>\n                    <\/a>\n                  <\/div>\n                <\/div>\n              <\/div>\n            <\/div>\n          <\/div>\n          <div class=\"h-column h-column-container d-flex h-col-lg-auto h-col-md-auto h-col-auto style-3171-outer style-local-7044-c29-outer\">\n            <div data-colibri-id=\"7044-c29\" class=\"d-flex h-flex-basis h-column__inner h-px-lg-2 h-px-md-2 h-px-2 v-inner-lg-2 v-inner-md-2 v-inner-2 style-3171 style-local-7044-c29 position-relative\">\n              <!---->\n              <!---->\n              <div class=\"w-100 h-y-container h-column__content h-column__v-align flex-basis-100 align-self-lg-center align-self-md-center align-self-center\">\n                <!---->\n                <div data-colibri-id=\"7044-c30\" class=\"h-x-container style-3173 style-local-7044-c30 position-relative h-element\">\n                  <!---->\n                  <div class=\"h-x-container-inner style-dynamic-7044-c30-group style-3173-spacing style-local-7044-c30-spacing\"><span class=\"h-link__outer style-1840-outer style-local-7044-c31-outer d-inline-flex h-element\"><a h-use-smooth-scroll=\"true\" href=\"https:\/\/desracinesalavie.be\/index.php\/valentine-gillain\/\"  data-colibri-id=\"7044-c31\" class=\"d-flex w-100 align-items-center h-link style-1840 style-local-7044-c31 position-relative\"><!----><!----> <span>Valentine Gillain<\/span><\/a>\n                    <\/span>\n                  <\/div>\n                <\/div>\n                <div data-colibri-id=\"7044-c32\" class=\"h-text h-text-component style-1841 style-local-7044-c32 position-relative h-element\">\n                  <!---->\n                  <!---->\n                  <div class=\"\">\n                    <p>+32 472 49 74 69<\/p>\n                    <p>vgillain.therapeute@gmail.com<\/p>\n                  <\/div>\n                <\/div>\n                <div data-colibri-id=\"7044-c33\" class=\"h-text h-text-component style-3176 style-local-7044-c33 position-relative h-element\">\n                  <!---->\n                  <!---->\n                  <div class=\"\">\n                    <p><span style=\"font-weight: 400; font-size: 16px; font-family: &quot;Open Sans&quot;; color: rgb(153, 153, 153);\">Horaire : jeudi de 9h \u00e0 15h <\/span><\/p>\n                  <\/div>\n                <\/div>\n                <div data-colibri-id=\"7044-c34\" class=\"h-x-container style-3177 style-local-7044-c34 position-relative h-element\">\n                  <!---->\n                  <div class=\"h-x-container-inner style-dynamic-7044-c34-group style-3177-spacing style-local-7044-c34-spacing\"><span class=\"h-button__outer style-3178-outer style-local-7044-c35-outer d-inline-flex h-element\"><a h-use-smooth-scroll=\"true\" href=\"https:\/\/www.doctoranytime.be\/cl\/des-racines-a-la-vie\"  data-colibri-id=\"7044-c35\" class=\"d-flex w-100 align-items-center h-button justify-content-lg-center justify-content-md-center justify-content-center style-3178 style-local-7044-c35 position-relative\"><!----><!----> <span>Prendre RDV<\/span><\/a>\n                    <\/span>\n                  <\/div>\n                <\/div>\n              <\/div>\n            <\/div>\n          <\/div>\n        <\/div>\n      <\/div>\n    <\/div>\n  <\/div>\n<\/div>","protected":false},"excerpt":{"rendered":"<p>Sexologie, Th\u00e9rapie de couples, th\u00e9rapie familiale et prise en charge des adolescents \u00e0 Gembloux (Namur). Valentine Gillain vous re\u00e7oit en consultation en psychoth\u00e9rapie syst\u00e9mique (ados, famille et couples) et sexologie \u00e0 Des Racines \u00e0 la Vie \u00e0 Gembloux. Vous pouvez la joindre par t\u00e9l\u00e9phone ou par mail, ou prendre directement votre rendez-vous en ligne. Mon [&hellip;]<\/p>\n","protected":false},"author":1,"featured_media":0,"parent":0,"menu_order":0,"comment_status":"closed","ping_status":"closed","template":"page-templates\/full-width-page.php","meta":{"footnotes":""},"class_list":["post-7044","page","type-page","status-publish","hentry"],"yoast_head":"<!-- This site is optimized with the Yoast SEO plugin v27.4 - https:\/\/yoast.com\/product\/yoast-seo-wordpress\/ -->\n<title>Psychoth\u00e9rapeute - Sexologue - Des Racines \u00e0 la Vie<\/title>\n<meta name=\"robots\" content=\"index, follow, max-snippet:-1, max-image-preview:large, max-video-preview:-1\" \/>\n<link rel=\"canonical\" href=\"https:\/\/desracinesalavie.be\/index.php\/psychotherapeute-couples-ados-et-familles\/\" \/>\n<meta property=\"og:locale\" content=\"en_US\" \/>\n<meta property=\"og:type\" content=\"article\" \/>\n<meta property=\"og:title\" content=\"Psychoth\u00e9rapeute - Sexologue - Des Racines \u00e0 la Vie\" \/>\n<meta property=\"og:description\" content=\"Sexologie, Th\u00e9rapie de couples, th\u00e9rapie familiale et prise en charge des adolescents \u00e0 Gembloux (Namur). Valentine Gillain vous re\u00e7oit en consultation en psychoth\u00e9rapie syst\u00e9mique (ados, famille et couples) et sexologie \u00e0 Des Racines \u00e0 la Vie \u00e0 Gembloux. Vous pouvez la joindre par t\u00e9l\u00e9phone ou par mail, ou prendre directement votre rendez-vous en ligne. Mon [&hellip;]\" \/>\n<meta property=\"og:url\" content=\"https:\/\/desracinesalavie.be\/index.php\/psychotherapeute-couples-ados-et-familles\/\" \/>\n<meta property=\"og:site_name\" content=\"Des Racines \u00e0 la Vie\" \/>\n<meta property=\"article:modified_time\" content=\"2023-12-14T12:30:19+00:00\" \/>\n<meta property=\"og:image\" content=\"https:\/\/desracinesalavie.be\/wp-content\/uploads\/2022\/04\/cropped-20211103_165245-scaled-1.jpg\" \/>\n<meta name=\"twitter:card\" content=\"summary_large_image\" \/>\n<meta name=\"twitter:label1\" content=\"Est. reading time\" \/>\n\t<meta name=\"twitter:data1\" content=\"3 minutes\" \/>\n<script type=\"application\/ld+json\" class=\"yoast-schema-graph\">{\"@context\":\"https:\\\/\\\/schema.org\",\"@graph\":[{\"@type\":\"WebPage\",\"@id\":\"https:\\\/\\\/desracinesalavie.be\\\/index.php\\\/psychotherapeute-couples-ados-et-familles\\\/\",\"url\":\"https:\\\/\\\/desracinesalavie.be\\\/index.php\\\/psychotherapeute-couples-ados-et-familles\\\/\",\"name\":\"Psychoth\u00e9rapeute - Sexologue - Des Racines \u00e0 la Vie\",\"isPartOf\":{\"@id\":\"https:\\\/\\\/desracinesalavie.be\\\/#website\"},\"primaryImageOfPage\":{\"@id\":\"https:\\\/\\\/desracinesalavie.be\\\/index.php\\\/psychotherapeute-couples-ados-et-familles\\\/#primaryimage\"},\"image\":{\"@id\":\"https:\\\/\\\/desracinesalavie.be\\\/index.php\\\/psychotherapeute-couples-ados-et-familles\\\/#primaryimage\"},\"thumbnailUrl\":\"https:\\\/\\\/desracinesalavie.be\\\/wp-content\\\/uploads\\\/2022\\\/04\\\/cropped-20211103_165245-scaled-1.jpg\",\"datePublished\":\"2022-04-04T13:49:32+00:00\",\"dateModified\":\"2023-12-14T12:30:19+00:00\",\"breadcrumb\":{\"@id\":\"https:\\\/\\\/desracinesalavie.be\\\/index.php\\\/psychotherapeute-couples-ados-et-familles\\\/#breadcrumb\"},\"inLanguage\":\"en-US\",\"potentialAction\":[{\"@type\":\"ReadAction\",\"target\":[\"https:\\\/\\\/desracinesalavie.be\\\/index.php\\\/psychotherapeute-couples-ados-et-familles\\\/\"]}]},{\"@type\":\"ImageObject\",\"inLanguage\":\"en-US\",\"@id\":\"https:\\\/\\\/desracinesalavie.be\\\/index.php\\\/psychotherapeute-couples-ados-et-familles\\\/#primaryimage\",\"url\":\"https:\\\/\\\/desracinesalavie.be\\\/wp-content\\\/uploads\\\/2022\\\/04\\\/cropped-20211103_165245-scaled-1.jpg\",\"contentUrl\":\"https:\\\/\\\/desracinesalavie.be\\\/wp-content\\\/uploads\\\/2022\\\/04\\\/cropped-20211103_165245-scaled-1.jpg\",\"width\":2560,\"height\":920},{\"@type\":\"BreadcrumbList\",\"@id\":\"https:\\\/\\\/desracinesalavie.be\\\/index.php\\\/psychotherapeute-couples-ados-et-familles\\\/#breadcrumb\",\"itemListElement\":[{\"@type\":\"ListItem\",\"position\":1,\"name\":\"Home\",\"item\":\"https:\\\/\\\/desracinesalavie.be\\\/\"},{\"@type\":\"ListItem\",\"position\":2,\"name\":\"Psychoth\u00e9rapeute &#8211; Sexologue\"}]},{\"@type\":\"WebSite\",\"@id\":\"https:\\\/\\\/desracinesalavie.be\\\/#website\",\"url\":\"https:\\\/\\\/desracinesalavie.be\\\/\",\"name\":\"Des Racines \u00e0 la Vie\",\"description\":\"Votre centre param\u00e9dical \u00e0 Gembloux\",\"publisher\":{\"@id\":\"https:\\\/\\\/desracinesalavie.be\\\/#organization\"},\"potentialAction\":[{\"@type\":\"SearchAction\",\"target\":{\"@type\":\"EntryPoint\",\"urlTemplate\":\"https:\\\/\\\/desracinesalavie.be\\\/?s={search_term_string}\"},\"query-input\":{\"@type\":\"PropertyValueSpecification\",\"valueRequired\":true,\"valueName\":\"search_term_string\"}}],\"inLanguage\":\"en-US\"},{\"@type\":\"Organization\",\"@id\":\"https:\\\/\\\/desracinesalavie.be\\\/#organization\",\"name\":\"Des Racines \u00e0 la Vie\",\"url\":\"https:\\\/\\\/desracinesalavie.be\\\/\",\"logo\":{\"@type\":\"ImageObject\",\"inLanguage\":\"en-US\",\"@id\":\"https:\\\/\\\/desracinesalavie.be\\\/#\\\/schema\\\/logo\\\/image\\\/\",\"url\":\"https:\\\/\\\/desracinesalavie.be\\\/wp-content\\\/uploads\\\/2020\\\/11\\\/cropped-logo-Jennyfer-blanc.png\",\"contentUrl\":\"https:\\\/\\\/desracinesalavie.be\\\/wp-content\\\/uploads\\\/2020\\\/11\\\/cropped-logo-Jennyfer-blanc.png\",\"width\":300,\"height\":410,\"caption\":\"Des Racines \u00e0 la Vie\"},\"image\":{\"@id\":\"https:\\\/\\\/desracinesalavie.be\\\/#\\\/schema\\\/logo\\\/image\\\/\"}}]}<\/script>\n<!-- \/ Yoast SEO plugin. -->","yoast_head_json":{"title":"Psychoth\u00e9rapeute - Sexologue - Des Racines \u00e0 la Vie","robots":{"index":"index","follow":"follow","max-snippet":"max-snippet:-1","max-image-preview":"max-image-preview:large","max-video-preview":"max-video-preview:-1"},"canonical":"https:\/\/desracinesalavie.be\/index.php\/psychotherapeute-couples-ados-et-familles\/","og_locale":"en_US","og_type":"article","og_title":"Psychoth\u00e9rapeute - Sexologue - Des Racines \u00e0 la Vie","og_description":"Sexologie, Th\u00e9rapie de couples, th\u00e9rapie familiale et prise en charge des adolescents \u00e0 Gembloux (Namur). Valentine Gillain vous re\u00e7oit en consultation en psychoth\u00e9rapie syst\u00e9mique (ados, famille et couples) et sexologie \u00e0 Des Racines \u00e0 la Vie \u00e0 Gembloux. Vous pouvez la joindre par t\u00e9l\u00e9phone ou par mail, ou prendre directement votre rendez-vous en ligne. Mon [&hellip;]","og_url":"https:\/\/desracinesalavie.be\/index.php\/psychotherapeute-couples-ados-et-familles\/","og_site_name":"Des Racines \u00e0 la Vie","article_modified_time":"2023-12-14T12:30:19+00:00","og_image":[{"url":"https:\/\/desracinesalavie.be\/wp-content\/uploads\/2022\/04\/cropped-20211103_165245-scaled-1.jpg","type":"","width":"","height":""}],"twitter_card":"summary_large_image","twitter_misc":{"Est. reading time":"3 minutes"},"schema":{"@context":"https:\/\/schema.org","@graph":[{"@type":"WebPage","@id":"https:\/\/desracinesalavie.be\/index.php\/psychotherapeute-couples-ados-et-familles\/","url":"https:\/\/desracinesalavie.be\/index.php\/psychotherapeute-couples-ados-et-familles\/","name":"Psychoth\u00e9rapeute - Sexologue - Des Racines \u00e0 la Vie","isPartOf":{"@id":"https:\/\/desracinesalavie.be\/#website"},"primaryImageOfPage":{"@id":"https:\/\/desracinesalavie.be\/index.php\/psychotherapeute-couples-ados-et-familles\/#primaryimage"},"image":{"@id":"https:\/\/desracinesalavie.be\/index.php\/psychotherapeute-couples-ados-et-familles\/#primaryimage"},"thumbnailUrl":"https:\/\/desracinesalavie.be\/wp-content\/uploads\/2022\/04\/cropped-20211103_165245-scaled-1.jpg","datePublished":"2022-04-04T13:49:32+00:00","dateModified":"2023-12-14T12:30:19+00:00","breadcrumb":{"@id":"https:\/\/desracinesalavie.be\/index.php\/psychotherapeute-couples-ados-et-familles\/#breadcrumb"},"inLanguage":"en-US","potentialAction":[{"@type":"ReadAction","target":["https:\/\/desracinesalavie.be\/index.php\/psychotherapeute-couples-ados-et-familles\/"]}]},{"@type":"ImageObject","inLanguage":"en-US","@id":"https:\/\/desracinesalavie.be\/index.php\/psychotherapeute-couples-ados-et-familles\/#primaryimage","url":"https:\/\/desracinesalavie.be\/wp-content\/uploads\/2022\/04\/cropped-20211103_165245-scaled-1.jpg","contentUrl":"https:\/\/desracinesalavie.be\/wp-content\/uploads\/2022\/04\/cropped-20211103_165245-scaled-1.jpg","width":2560,"height":920},{"@type":"BreadcrumbList","@id":"https:\/\/desracinesalavie.be\/index.php\/psychotherapeute-couples-ados-et-familles\/#breadcrumb","itemListElement":[{"@type":"ListItem","position":1,"name":"Home","item":"https:\/\/desracinesalavie.be\/"},{"@type":"ListItem","position":2,"name":"Psychoth\u00e9rapeute &#8211; Sexologue"}]},{"@type":"WebSite","@id":"https:\/\/desracinesalavie.be\/#website","url":"https:\/\/desracinesalavie.be\/","name":"Des Racines \u00e0 la Vie","description":"Votre centre param\u00e9dical \u00e0 Gembloux","publisher":{"@id":"https:\/\/desracinesalavie.be\/#organization"},"potentialAction":[{"@type":"SearchAction","target":{"@type":"EntryPoint","urlTemplate":"https:\/\/desracinesalavie.be\/?s={search_term_string}"},"query-input":{"@type":"PropertyValueSpecification","valueRequired":true,"valueName":"search_term_string"}}],"inLanguage":"en-US"},{"@type":"Organization","@id":"https:\/\/desracinesalavie.be\/#organization","name":"Des Racines \u00e0 la Vie","url":"https:\/\/desracinesalavie.be\/","logo":{"@type":"ImageObject","inLanguage":"en-US","@id":"https:\/\/desracinesalavie.be\/#\/schema\/logo\/image\/","url":"https:\/\/desracinesalavie.be\/wp-content\/uploads\/2020\/11\/cropped-logo-Jennyfer-blanc.png","contentUrl":"https:\/\/desracinesalavie.be\/wp-content\/uploads\/2020\/11\/cropped-logo-Jennyfer-blanc.png","width":300,"height":410,"caption":"Des Racines \u00e0 la Vie"},"image":{"@id":"https:\/\/desracinesalavie.be\/#\/schema\/logo\/image\/"}}]}},"_links":{"self":[{"href":"https:\/\/desracinesalavie.be\/index.php\/wp-json\/wp\/v2\/pages\/7044","targetHints":{"allow":["GET"]}}],"collection":[{"href":"https:\/\/desracinesalavie.be\/index.php\/wp-json\/wp\/v2\/pages"}],"about":[{"href":"https:\/\/desracinesalavie.be\/index.php\/wp-json\/wp\/v2\/types\/page"}],"author":[{"embeddable":true,"href":"https:\/\/desracinesalavie.be\/index.php\/wp-json\/wp\/v2\/users\/1"}],"replies":[{"embeddable":true,"href":"https:\/\/desracinesalavie.be\/index.php\/wp-json\/wp\/v2\/comments?post=7044"}],"version-history":[{"count":14,"href":"https:\/\/desracinesalavie.be\/index.php\/wp-json\/wp\/v2\/pages\/7044\/revisions"}],"predecessor-version":[{"id":8944,"href":"https:\/\/desracinesalavie.be\/index.php\/wp-json\/wp\/v2\/pages\/7044\/revisions\/8944"}],"wp:attachment":[{"href":"https:\/\/desracinesalavie.be\/index.php\/wp-json\/wp\/v2\/media?parent=7044"}],"curies":[{"name":"wp","href":"https:\/\/api.w.org\/{rel}","templated":true}]}}