{"id":9428,"date":"2024-08-02T11:05:22","date_gmt":"2024-08-02T11:05:22","guid":{"rendered":"https:\/\/desracinesalavie.be\/?page_id=9428"},"modified":"2024-10-08T13:48:01","modified_gmt":"2024-10-08T13:48:01","slug":"reflexologie-plantaire","status":"publish","type":"page","link":"https:\/\/desracinesalavie.be\/index.php\/reflexologie-plantaire\/","title":{"rendered":"R\u00e9flexologie plantaire"},"content":{"rendered":"<div data-colibri-id=\"9428-c1\" class=\"style-4335 style-local-9428-c1 position-relative\">\n  <!---->\n  <div data-colibri-component=\"section\" data-colibri-id=\"9428-c2\" id=\"custom\" class=\"h-section h-section-global-spacing d-flex align-items-lg-center align-items-md-center align-items-center style-4336 style-local-9428-c2 position-relative\">\n    <!---->\n    <!---->\n    <div class=\"h-section-grid-container h-section-boxed-container\">\n      <!---->\n      <div data-colibri-id=\"9428-c3\" class=\"h-row-container gutters-row-lg-2 gutters-row-md-2 gutters-row-0 gutters-row-v-lg-2 gutters-row-v-md-2 gutters-row-v-2 style-4337 style-local-9428-c3 position-relative\">\n        <!---->\n        <div class=\"h-row justify-content-lg-center justify-content-md-center justify-content-center align-items-lg-stretch align-items-md-stretch align-items-stretch gutters-col-lg-2 gutters-col-md-2 gutters-col-0 gutters-col-v-lg-2 gutters-col-v-md-2 gutters-col-v-2\">\n          <!---->\n          <div class=\"h-column h-column-container d-flex h-col-lg-auto h-col-md-auto h-col-auto style-4338-outer style-local-9428-c4-outer\">\n            <div data-colibri-id=\"9428-c4\" class=\"d-flex h-flex-basis h-column__inner h-px-lg-2 h-px-md-2 h-px-2 v-inner-lg-2 v-inner-md-2 v-inner-2 style-4338 style-local-9428-c4 position-relative\">\n              <!---->\n              <!---->\n              <div class=\"w-100 h-y-container h-column__content h-column__v-align flex-basis-100 align-self-lg-start align-self-md-start align-self-start\">\n                <!---->\n                <div data-colibri-id=\"9428-c5\" class=\"h-global-transition-all h-heading style-4339 style-local-9428-c5 position-relative h-element\">\n                  <!---->\n                  <div class=\"h-heading__outer style-4339 style-local-9428-c5\">\n                    <!---->\n                    <!---->\n                    <h3 class=\"\">R\u00e9flexologie plantaire \u00e0 Gembloux (Namur)<\/h3>\n                  <\/div>\n                <\/div>\n                <div data-colibri-id=\"9428-c6\" class=\"h-global-transition-all h-heading style-4340 style-local-9428-c6 position-relative h-element\">\n                  <!---->\n                  <div class=\"h-heading__outer style-4340 style-local-9428-c6\">\n                    <!---->\n                    <!---->\n                    <h6 class=\"\">Pascale de Grasse vous re\u00e7oit en consultation en r\u00e9flexologie plantaire \u00e0 Des Racines \u00e0 la Vie \u00e0 Gembloux. Vous pouvez la joindre par t\u00e9l\u00e9phone ou par\n                      <a href=\"mailto:pascaledegrasse@gmail.com\" target=\"_blank\" rel=\"noopener\">mail<\/a>, ou prendre directement votre rendez-vous en ligne.<\/h6>\n                  <\/div>\n                <\/div>\n              <\/div>\n            <\/div>\n          <\/div>\n        <\/div>\n      <\/div>\n      <div data-colibri-id=\"9428-c7\" class=\"h-row-container gutters-row-lg-2 gutters-row-md-2 gutters-row-0 gutters-row-v-lg-2 gutters-row-v-md-2 gutters-row-v-2 style-4341 style-local-9428-c7 position-relative\">\n        <!---->\n        <div class=\"h-row justify-content-lg-center justify-content-md-center justify-content-center align-items-lg-stretch align-items-md-stretch align-items-stretch gutters-col-lg-2 gutters-col-md-2 gutters-col-0 gutters-col-v-lg-2 gutters-col-v-md-2 gutters-col-v-2\">\n          <!---->\n          <div class=\"h-column h-column-container d-flex h-col-lg-auto h-col-md-auto h-col-auto style-4342-outer style-local-9428-c8-outer\">\n            <div data-colibri-id=\"9428-c8\" class=\"d-flex h-flex-basis h-column__inner h-px-lg-2 h-px-md-2 h-px-2 v-inner-lg-2 v-inner-md-2 v-inner-2 style-4342 style-local-9428-c8 position-relative\">\n              <!---->\n              <!---->\n              <div class=\"w-100 h-y-container h-column__content h-column__v-align flex-basis-100 align-self-lg-center align-self-md-center align-self-center\">\n                <!---->\n                <div data-colibri-id=\"9428-c9\" class=\"h-text h-text-component style-4343 style-local-9428-c9 position-relative h-element\">\n                  <!---->\n                  <!---->\n                  <div class=\"\">\n                    <p><strong style=\"font-weight: 600;\">La r\u00e9flexologie plantaire<\/strong><strong style=\"font-weight: 400;\">, associ\u00e9e \u00e0 l\u2019\u00e9nerg\u00e9tique chinoise est une invitation \u00e0 un<\/strong><strong> <\/strong><strong style=\"font-weight: 600;\">r\u00e9\u00e9quilibrage global<\/strong><strong>&nbsp;<\/strong>\n                      <strong\n                        style=\"font-weight: 400;\">: physique, psychique, \u00e9motionnel et \u00e9nerg\u00e9tique.<\/strong>\n                    <\/p>\n                    <p>Elle fait partie des m\u00e9decines douces et naturelles pratiqu\u00e9es depuis des mill\u00e9naires en Chine.&nbsp;Elle repose sur le principe que chaque zone r\u00e9flexe du pied correspond \u00e0 un organe ou une partie du corps.<\/p>\n                    <p>En travaillant sur ces zones, le r\u00e9flexologue vise \u00e0 r\u00e9tablir l\u2019\u00e9quilibre du corps en lib\u00e9rant les tensions accumul\u00e9es.<\/p>\n                  <\/div>\n                <\/div>\n              <\/div>\n            <\/div>\n          <\/div>\n        <\/div>\n      <\/div>\n      <div data-colibri-id=\"9428-c10\" class=\"h-row-container gutters-row-lg-2 gutters-row-md-2 gutters-row-0 gutters-row-v-lg-2 gutters-row-v-md-2 gutters-row-v-2 style-4344 style-local-9428-c10 position-relative\">\n        <!---->\n        <div class=\"h-row justify-content-lg-center justify-content-md-center justify-content-center align-items-lg-stretch align-items-md-stretch align-items-stretch gutters-col-lg-2 gutters-col-md-2 gutters-col-0 gutters-col-v-lg-2 gutters-col-v-md-2 gutters-col-v-2\">\n          <!---->\n          <div class=\"h-column h-column-container d-flex h-col-lg-auto h-col-md-auto h-col-auto style-4345-outer style-local-9428-c11-outer\">\n            <div data-colibri-id=\"9428-c11\" class=\"d-flex h-flex-basis h-column__inner h-px-lg-2 h-px-md-2 h-px-2 v-inner-lg-2 v-inner-md-2 v-inner-2 style-4345 style-local-9428-c11 position-relative\">\n              <!---->\n              <!---->\n              <div class=\"w-100 h-y-container h-column__content h-column__v-align flex-basis-100 align-self-lg-start align-self-md-start align-self-start\">\n                <!---->\n                <div data-colibri-id=\"9428-c12\" class=\"d-block style-4346 style-local-9428-c12 position-relative h-element\">\n                  <!---->\n                  <div class=\"h-image__frame-container-outer\">\n                    <div class=\"h-image__frame-container\">\n                      <!---->\n                      <!---->\n                      <img loading=\"lazy\" decoding=\"async\" width=\"640\" height=\"640\" src=\"https:\/\/desracinesalavie.be\/wp-content\/uploads\/2024\/08\/cropped-legs-8735523_640.png\" class=\"wp-image-9518 style-4346-image style-local-9428-c12-image\" alt=\"R\u00e9flexologie plantaire pascale de grasse\" srcset=\"https:\/\/desracinesalavie.be\/wp-content\/uploads\/2024\/08\/cropped-legs-8735523_640.png 640w, https:\/\/desracinesalavie.be\/wp-content\/uploads\/2024\/08\/cropped-legs-8735523_640-300x300.png 300w, https:\/\/desracinesalavie.be\/wp-content\/uploads\/2024\/08\/cropped-legs-8735523_640-150x150.png 150w\" sizes=\"auto, (max-width: 640px) 100vw, 640px\" \/>\n                      <div class=\"h-image__frame h-hide-lg h-hide-md h-hide-sm style-4346-frameImage style-local-9428-c12-frameImage\"><\/div>\n                    <\/div>\n                  <\/div>\n                <\/div>\n              <\/div>\n            <\/div>\n          <\/div>\n          <div class=\"h-column h-column-container d-flex h-col-lg-auto h-col-md-auto h-col-auto style-4347-outer style-local-9428-c13-outer\">\n            <div data-colibri-id=\"9428-c13\" class=\"d-flex h-flex-basis h-column__inner h-px-lg-2 h-px-md-2 h-px-2 v-inner-lg-2 v-inner-md-2 v-inner-2 style-4347 style-local-9428-c13 position-relative\">\n              <!---->\n              <!---->\n              <div class=\"w-100 h-y-container h-column__content h-column__v-align flex-basis-100 align-self-lg-center align-self-md-center align-self-center\">\n                <!---->\n                <div data-colibri-id=\"9428-c14\" class=\"h-text h-text-component style-4348 style-local-9428-c14 position-relative h-element\">\n                  <!---->\n                  <!---->\n                  <div class=\"\">\n                    <p><strong style=\"font-weight: 600;\">Bienfaits :<\/strong>&nbsp;<\/p>\n                    <p>\u00b7&nbsp;&nbsp;&nbsp;&nbsp;&nbsp;&nbsp;&nbsp;&nbsp;<strong style=\"font-weight: 600;\">Physiques :<\/strong>&nbsp;<\/p>\n                    <ul>\n                      <li>Am\u00e9lioration de la fonction digestive : naus\u00e9es, vomissements, reflux, constipation<\/li>\n                      <li>Am\u00e9lioration de la fonction respiratoire : rhumes ou toux \u00e0 r\u00e9p\u00e9tition, difficult\u00e9s respiratoires<\/li>\n                      <li>Diminution des douleurs ost\u00e9oarticulaires (bassin, dos&#8230;) ainsi que des douleurs ligamentaires, du p\u00e9rin\u00e9e<\/li>\n                      <li>Diminution des&nbsp;probl\u00e8mes circulatoires et lymphatiques : jambes lourdes, \u0153d\u00e8mes<\/li>\n                      <li>Elimination des toxines (travail approfondi sur reins-vessie, foie-v\u00e9sicule biliaire, gros&nbsp;intestin-intestin gr\u00eale)\n                        <br>&nbsp;&nbsp;<\/li>\n                    <\/ul>\n                    <p>\u00b7&nbsp;&nbsp;&nbsp;&nbsp;&nbsp;&nbsp;&nbsp;&nbsp;<strong style=\"font-weight: 600;\">Physiologiques :<\/strong>&nbsp;<\/p>\n                    <ul>\n                      <li>Am\u00e9lioration de troubles hormonaux.<\/li>\n                      <li>Diminution des&nbsp;probl\u00e9matiques li\u00e9es au syst\u00e8me endocrinien : troubles du cycle f\u00e9minin, immunit\u00e9&nbsp;<\/li>\n                      <li>Apaisement du syst\u00e8me nerveux : troubles du sommeil, maux de t\u00eate, le stress et toute fatigue \u00e9motionnelle<\/li>\n                    <\/ul>\n                    <p>\u00b7&nbsp;&nbsp;&nbsp;&nbsp;&nbsp;&nbsp;&nbsp;&nbsp;<strong style=\"font-weight: 600;\">Psycho-\u00e9motionnels :<\/strong><strong> <\/strong><\/p>\n                    <ul>\n                      <li>R\u00e9duction du stress<\/li>\n                      <li>Apaisement de l\u2019anxi\u00e9t\u00e9&nbsp;<\/li>\n                      <li>Am\u00e9lioration de l&#8217;\u00e9tat de fatigue<\/li>\n                    <\/ul>\n                  <\/div>\n                <\/div>\n              <\/div>\n            <\/div>\n          <\/div>\n        <\/div>\n      <\/div>\n    <\/div>\n  <\/div>\n  <div data-colibri-component=\"section\" data-colibri-id=\"9428-c15\" id=\"custom-2\" class=\"h-section h-section-global-spacing d-flex align-items-lg-center align-items-md-center align-items-center style-4349 style-local-9428-c15 position-relative\">\n    <!---->\n    <!---->\n    <div class=\"h-section-grid-container h-section-boxed-container\">\n      <!---->\n      <div data-colibri-id=\"9428-c16\" class=\"h-row-container gutters-row-lg-2 gutters-row-md-2 gutters-row-0 gutters-row-v-lg-2 gutters-row-v-md-2 gutters-row-v-2 style-4350 style-local-9428-c16 position-relative\">\n        <!---->\n        <div class=\"h-row justify-content-lg-center justify-content-md-center justify-content-center align-items-lg-stretch align-items-md-stretch align-items-stretch gutters-col-lg-2 gutters-col-md-2 gutters-col-0 gutters-col-v-lg-2 gutters-col-v-md-2 gutters-col-v-2\">\n          <!---->\n          <div class=\"h-column h-column-container d-flex h-col-lg-auto h-col-md-auto h-col-auto style-4351-outer style-local-9428-c17-outer\">\n            <div data-colibri-id=\"9428-c17\" class=\"d-flex h-flex-basis h-column__inner h-px-lg-2 h-px-md-2 h-px-2 v-inner-lg-2 v-inner-md-2 v-inner-2 style-4351 style-local-9428-c17 position-relative\">\n              <!---->\n              <!---->\n              <div class=\"w-100 h-y-container h-column__content h-column__v-align flex-basis-100 align-self-lg-start align-self-md-start align-self-start\">\n                <!---->\n                <div data-colibri-id=\"9428-c18\" class=\"h-global-transition-all h-heading style-4352 style-local-9428-c18 position-relative h-element\">\n                  <!---->\n                  <div class=\"h-heading__outer style-4352 style-local-9428-c18\">\n                    <!---->\n                    <!---->\n                    <h3 class=\"\">Pour qui ?<\/h3>\n                  <\/div>\n                <\/div>\n                <div data-colibri-id=\"9428-c19\" class=\"h-text h-text-component style-4353 style-local-9428-c19 position-relative h-element\">\n                  <!---->\n                  <!---->\n                  <div class=\"\">\n                    <p>Je pratique la r\u00e9flexologie plantaire chez toutes personnes, <strong style=\"font-weight: 600;\">de l\u2019enfant \u00e0 la personne \u00e2g\u00e9e, en passant par la femme enceinte.<\/strong><\/p>\n                    <p><strong> <\/strong>Certaines pr\u00e9cautions apparaissent chez la femme&nbsp;en parcours PMA ou enceinte car&nbsp;il est important de respecter la stimulation hormonale du parcours et l\u2019\u00e9quilibre hormonal de la grossesse.&nbsp;&nbsp;<\/p>\n                    <p><span style=\"color: rgb(153, 153, 153); font-family: &quot;Open Sans&quot;; font-size: 16px; font-weight: 400;\">La r\u00e9flexologie plantaire chez le b\u00e9b\u00e9 jusqu\u2019\u00e0 5 ans se fait sur l\u2019enfant et le parent au cours de la m\u00eame s\u00e9ance. La partie qui concerne l&#8217;enfant sera plus courte : de 3 \u00e0 15 minutes suivant l\u2019\u00e2ge, le reste de la s\u00e9ance sera pour le parent.<\/span><\/p>\n                    <p>La&nbsp;<strong style=\"font-weight: 600;\">contre-indication<\/strong>&nbsp;principale concerne des ant\u00e9c\u00e9dents r\u00e9cents de phl\u00e9bite ou d\u2019art\u00e9rite.<\/p>\n                    <p>La r\u00e9flexologie plantaire ne conviendra pas \u00e9galement lors de traumatisme r\u00e9cent du pied comme une fracture.<\/p>\n                  <\/div>\n                <\/div>\n              <\/div>\n            <\/div>\n          <\/div>\n          <div class=\"h-column h-column-container d-flex h-col-lg-auto h-col-md-auto h-col-auto style-4354-outer style-local-9428-c20-outer\">\n            <div data-colibri-id=\"9428-c20\" class=\"d-flex h-flex-basis h-column__inner h-px-lg-2 h-px-md-2 h-px-2 v-inner-lg-2 v-inner-md-2 v-inner-2 style-4354 style-local-9428-c20 position-relative\">\n              <!---->\n              <!---->\n              <div class=\"w-100 h-y-container h-column__content h-column__v-align flex-basis-100 align-self-lg-center align-self-md-center align-self-center\">\n                <!---->\n                <div data-colibri-id=\"9428-c21\" class=\"h-icon style-4355 style-local-9428-c21 position-relative h-element\">\n                  <!----><span class=\"h-svg-icon h-icon__icon style-4355-icon style-local-9428-c21-icon\"><!--Icon by Font Awesome (https:\/\/fontawesome.com)-->\n    <svg version=\"1.1\" xmlns=\"http:\/\/www.w3.org\/2000\/svg\" xmlns:xlink=\"http:\/\/www.w3.org\/1999\/xlink\" id=\"info-circle\" viewBox=\"0 0 1536 1896.0833\">\n      <path d=\"M1024 1376v-160q0-14-9-23t-23-9h-96V672q0-14-9-23t-23-9H544q-14 0-23 9t-9 23v160q0 14 9 23t23 9h96v320h-96q-14 0-23 9t-9 23v160q0 14 9 23t23 9h448q14 0 23-9t9-23zM896 480V320q0-14-9-23t-23-9H672q-14 0-23 9t-9 23v160q0 14 9 23t23 9h192q14 0 23-9t9-23zm640 416q0 209-103 385.5T1153.5 1561 768 1664t-385.5-103T103 1281.5 0 896t103-385.5T382.5 231 768 128t385.5 103T1433 510.5 1536 896z\"><\/path>\n    <\/svg><\/span><\/div>\n                <div data-colibri-id=\"9428-c22\" class=\"h-text h-text-component style-4356 style-local-9428-c22 position-relative h-element\">\n                  <!---->\n                  <!---->\n                  <div class=\"\">\n                    <p><span style=\"font-weight: 600;\">Dur\u00e9e<\/span> : 1h30<\/p>\n                    <p><span style=\"font-weight: 600;\">Fr\u00e9quence<\/span> : variable<\/p>\n                    <p><span style=\"font-weight: 600;\">Tarif<\/span> : 50 \u20ac<\/p>\n                    <p><span style=\"font-weight: 600;\">Moyens de paiement<\/span> :&nbsp;application bancontact, virement ou liquide (pas de terminal bancontact).<\/p>\n                  <\/div>\n                <\/div>\n              <\/div>\n            <\/div>\n          <\/div>\n          <div class=\"h-column h-column-container d-flex h-col-lg-auto h-col-md-auto h-col-auto style-4357-outer style-local-9428-c23-outer\">\n            <div data-colibri-id=\"9428-c23\" class=\"d-flex h-flex-basis h-column__inner h-px-lg-2 h-px-md-2 h-px-2 v-inner-lg-2 v-inner-md-2 v-inner-2 style-4357 style-local-9428-c23 position-relative\">\n              <!---->\n              <!---->\n              <div class=\"w-100 h-y-container h-column__content h-column__v-align flex-basis-100 align-self-lg-center align-self-md-center align-self-center\">\n                <!---->\n                <div data-colibri-id=\"9428-c24\" class=\"h-global-transition-all h-heading style-4358 style-local-9428-c24 position-relative h-element\">\n                  <!---->\n                  <div class=\"h-heading__outer style-4358 style-local-9428-c24\">\n                    <!---->\n                    <!---->\n                    <h5 class=\"\">En pratique&#8230;<\/h5>\n                  <\/div>\n                <\/div>\n                <div data-colibri-id=\"9428-c25\" class=\"h-text h-text-component style-4359 style-local-9428-c25 position-relative h-element\">\n                  <!---->\n                  <!---->\n                  <div class=\"\">\n                    <p>Je commence par une anamn\u00e8se afin de&nbsp;comprendre vos besoins. <\/p>\n                    <p>Ensuite, je vous installe&nbsp;confortablement&nbsp;sur une table de massage afin de pouvoir travailler&nbsp;en profondeur sur les zones r\u00e9flexes de vos pieds.<\/p>\n                    <p>Cette pratique manuelle s\u2019applique par des pressions rythm\u00e9es et dynamiques sur des zones plantaires pr\u00e9cises&nbsp;: un mouvement de reptation avec le pouce principalement, comme une chenille, en rythme plus ou moins soutenu (adapt\u00e9\n                      \u00e0 chaque s\u00e9ance) de pressions et de rel\u00e2chements. Des mouvements plus enveloppants, comme des effleurements gliss\u00e9s, sont mis en place pour les manipulations de d\u00e9but de s\u00e9ance ou le drainage lymphatique par exemple.<\/p>\n                  <\/div>\n                <\/div>\n              <\/div>\n            <\/div>\n          <\/div>\n        <\/div>\n      <\/div>\n      <div data-colibri-id=\"9428-c26\" class=\"h-row-container gutters-row-lg-2 gutters-row-md-2 gutters-row-0 gutters-row-v-lg-2 gutters-row-v-md-2 gutters-row-v-2 style-4387 style-local-9428-c26 position-relative\">\n        <!---->\n        <div class=\"h-row justify-content-lg-center justify-content-md-center justify-content-center align-items-lg-stretch align-items-md-stretch align-items-stretch gutters-col-lg-2 gutters-col-md-2 gutters-col-0 gutters-col-v-lg-2 gutters-col-v-md-2 gutters-col-v-2\">\n          <!---->\n          <div class=\"h-column h-column-container d-flex h-col-lg-auto h-col-md-auto h-col-auto style-4388-outer style-local-9428-c27-outer\">\n            <div data-colibri-id=\"9428-c27\" class=\"d-flex h-flex-basis h-column__inner h-px-lg-2 h-px-md-2 h-px-2 v-inner-lg-2 v-inner-md-2 v-inner-2 style-4388 style-local-9428-c27 position-relative\">\n              <!---->\n              <!---->\n              <div class=\"w-100 h-y-container h-column__content h-column__v-align flex-basis-100 align-self-lg-start align-self-md-start align-self-start\">\n                <!---->\n                <div data-colibri-id=\"9428-c28\" class=\"h-text h-text-component style-4389 style-local-9428-c28 position-relative h-element\">\n                  <!---->\n                  <!---->\n                  <div class=\"\">\n                    <p><strong style=\"font-weight: 600; font-size: 16px; font-family: &quot;Open Sans&quot;; color: rgb(153, 153, 153);\">A savoir&nbsp;:<\/strong><strong style=\"font-size: 16px; font-family: &quot;Open Sans&quot;; color: rgb(153, 153, 153);\">&nbsp;<\/strong>\n                      <span\n                        style=\"font-size: 16px; font-family: &quot;Open Sans&quot;; color: rgb(153, 153, 153); font-weight: 400;\">La r\u00e9flexologie ne se substitue pas \u00e0 une consultation m\u00e9dicale. il ne s&#8217;agit nullement de soins m\u00e9dicaux ou de kin\u00e9sith\u00e9rapie, elle&nbsp;vient compl\u00e9ter ces approches en offrant un mieux-\u00eatre.<\/span>\n                    <\/p>\n                  <\/div>\n                <\/div>\n              <\/div>\n            <\/div>\n          <\/div>\n        <\/div>\n      <\/div>\n    <\/div>\n  <\/div>\n  <div data-colibri-component=\"section\" data-colibri-id=\"9428-c29\" id=\"content\" class=\"h-section h-section-global-spacing d-flex align-items-lg-center align-items-md-center align-items-center style-4373 style-local-9428-c29 position-relative\">\n    <!---->\n    <!---->\n    <div class=\"h-section-grid-container h-section-boxed-container\">\n      <!---->\n      <div data-colibri-id=\"9428-c30\" class=\"h-row-container gutters-row-lg-2 gutters-row-md-2 gutters-row-2 gutters-row-v-lg-2 gutters-row-v-md-2 gutters-row-v-2 style-4374 style-local-9428-c30 position-relative\">\n        <!---->\n        <div class=\"h-row justify-content-lg-center justify-content-md-center justify-content-center align-items-lg-center align-items-md-center align-items-center gutters-col-lg-2 gutters-col-md-2 gutters-col-2 gutters-col-v-lg-2 gutters-col-v-md-2 gutters-col-v-2\">\n          <!---->\n          <div class=\"h-column h-column-container d-flex h-col-lg-auto h-col-md-auto h-col-auto align-self-lg-center align-self-md-center align-self-center style-4375-outer style-local-9428-c31-outer\">\n            <div data-colibri-id=\"9428-c31\" class=\"d-flex h-flex-basis h-column__inner h-px-lg-2 h-px-md-2 h-px-0 v-inner-lg-0 v-inner-md-2 v-inner-0 style-4375 style-local-9428-c31 position-relative\">\n              <!---->\n              <!---->\n              <div class=\"w-100 h-y-container h-column__content h-column__v-align flex-basis-100 align-self-lg-center align-self-md-center align-self-center\">\n                <!---->\n                <div data-colibri-id=\"9428-c32\" class=\"h-global-transition-all h-heading style-4376 style-local-9428-c32 position-relative h-element\">\n                  <!---->\n                  <div class=\"h-heading__outer style-4376 style-local-9428-c32\">\n                    <!---->\n                    <!---->\n                    <h4 class=\"\">Applications sp\u00e9cifiques :<\/h4>\n                  <\/div>\n                <\/div>\n                <div data-colibri-id=\"9428-c33\" class=\"h-lead h-text h-text-component style-4377 style-local-9428-c33 position-relative h-element\">\n                  <!---->\n                  <!---->\n                  <div class=\"\">\n                    <p>La r\u00e9flexologie plantaire peut s&#8217;appliquer de fa\u00e7on plus adapt\u00e9e en pr\u00e9-conception et PMA ainsi qu&#8217;en p\u00e9riode p\u00e9rinatale.<\/p>\n                  <\/div>\n                <\/div>\n              <\/div>\n            <\/div>\n          <\/div>\n          <div class=\"h-column h-column-container d-flex h-col-lg-auto h-col-md-auto h-col-auto align-self-lg-center align-self-md-center align-self-center style-4378-outer style-local-9428-c34-outer\">\n            <div data-colibri-id=\"9428-c34\" class=\"d-flex h-flex-basis h-column__inner h-px-lg-0 h-px-md-0 h-px-0 v-inner-lg-0 v-inner-md-0 v-inner-0 style-4378 style-local-9428-c34 position-relative\">\n              <!---->\n              <!---->\n              <div class=\"w-100 h-y-container h-column__content h-column__v-align flex-basis-100 align-self-lg-center align-self-md-center align-self-center\">\n                <!---->\n                <div data-colibri-id=\"9428-c35\" class=\"h-row-container gutters-row-lg-2 gutters-row-md-2 gutters-row-2 gutters-row-v-lg-2 gutters-row-v-md-2 gutters-row-v-2 style-4379 style-local-9428-c35 position-relative\">\n                  <!---->\n                  <div class=\"h-row justify-content-lg-center justify-content-md-center justify-content-center align-items-lg-stretch align-items-md-stretch align-items-stretch gutters-col-lg-2 gutters-col-md-2 gutters-col-2 gutters-col-v-lg-2 gutters-col-v-md-2 gutters-col-v-2\">\n                    <!---->\n                    <div class=\"h-column h-column-container d-flex h-col-lg-auto h-col-md-auto h-col-auto style-4380-outer style-local-9428-c36-outer\">\n                      <div data-colibri-id=\"9428-c36\" class=\"d-flex h-flex-basis h-column__inner h-ui-empty-state-container h-px-lg-0 h-px-md-0 h-px-0 v-inner-lg-0 v-inner-md-0 v-inner-0 style-4380 style-local-9428-c36 position-relative\">\n                        <!---->\n                        <!---->\n                        <div class=\"w-100 h-y-container h-column__content h-column__v-align flex-basis-100\">\n                          <!---->\n                        <\/div>\n                      <\/div>\n                    <\/div>\n                    <div class=\"h-column h-column-container d-flex h-col-lg-auto h-col-md-auto h-col-auto style-4381-outer style-local-9428-c37-outer\">\n                      <div data-colibri-id=\"9428-c37\" class=\"d-flex h-flex-basis h-column__inner h-px-lg-0 h-px-md-0 h-px-0 v-inner-lg-0 v-inner-md-0 v-inner-0 style-4381 style-local-9428-c37 position-relative\">\n                        <!---->\n                        <!---->\n                        <div class=\"w-100 h-y-container h-column__content h-column__v-align flex-basis-100 align-self-lg-start align-self-md-start align-self-start\">\n                          <!---->\n                          <div data-colibri-id=\"9428-c38\" class=\"h-global-transition-all h-heading style-4382 style-local-9428-c38 position-relative h-element\">\n                            <!---->\n                            <div class=\"h-heading__outer style-4382 style-local-9428-c38\">\n                              <!---->\n                              <!---->\n                              <h5 class=\"\">R\u00e9flexologie plantaire pr\u00e9-conceptionnelle<\/h5>\n                            <\/div>\n                          <\/div>\n                          <div data-colibri-id=\"9428-c39\" class=\"h-text h-text-component style-4383 style-local-9428-c39 position-relative h-element\">\n                            <!---->\n                            <!---->\n                            <div class=\"\">\n                              <p>Pour toute personne, homme ou femme&nbsp;qui&nbsp;souhaite devenir parent naturellement mais b\u00e9b\u00e9 se fait attendre ou pour toute personne qui envisage un parcours PMA.<\/p>\n                              <p>En l\u2019absence de st\u00e9rilit\u00e9 d\u2019origine physique, la r\u00e9flexologie plantaire pourra vous aider \u00e0 avoir un enfant en <span style=\"font-weight: 600;\">r\u00e9gulant votre syst\u00e8me hormonal et en<\/span><strong style=\"font-weight: 600;\">&nbsp;diminuant votre stress.<\/strong>&nbsp;Mieux\n                                d\u00e9tendue, votre corps pourra accueillir un futur b\u00e9b\u00e9.<\/p>\n                              <p>Indications plus sp\u00e9cifiques :<\/p>\n                              <ul>\n                                <li>Irr\u00e9gularit\u00e9 des cycles<\/li>\n                                <li>Syndr\u00f4me des ovaires polykystiques (SOPK)<\/li>\n                                <li>Endom\u00e9triose<\/li>\n                              <\/ul>\n                              <p><span style=\"color: rgb(153, 153, 153); font-family: &quot;Open Sans&quot;; font-size: 16px; font-weight: 400;\">La r\u00e9flexologie plantaire pr\u00e9-conceptionnelle&nbsp;favorise l\u2019hom\u00e9ostasie, la circulation sanguine, lymphatique et \u00e9nerg\u00e9tique. Elle permet de d\u00e9nouer les tensions au niveau du bassin et du bas du dos, aidant \u00e0 sortir du cercle vicieux des douleurs de l&#8217;endom\u00e9triose. Elle agit sur le syst\u00e8me endocrinien et elle \u00e9quilibre et stimule le fonctionnement des organes et des glandes.<\/span><\/p>\n                              <p><span class=\"ql-cursor\">\ufeff<\/span>De plus, en agissant sur les organes \u00e9monctoires comme le foie, la r\u00e9flexologie permet de r\u00e9duire l\u2019inflammation de votre corps.<\/p>\n                            <\/div>\n                          <\/div>\n                        <\/div>\n                      <\/div>\n                    <\/div>\n                  <\/div>\n                <\/div>\n              <\/div>\n            <\/div>\n          <\/div>\n          <div class=\"h-column h-column-container d-flex h-col-lg-auto h-col-md-auto h-col-auto align-self-lg-center align-self-md-center align-self-center style-4378-outer style-local-9428-c40-outer\">\n            <div data-colibri-id=\"9428-c40\" class=\"d-flex h-flex-basis h-column__inner h-px-lg-0 h-px-md-0 h-px-0 v-inner-lg-0 v-inner-md-0 v-inner-0 style-4378 style-local-9428-c40 position-relative\">\n              <!---->\n              <!---->\n              <div class=\"w-100 h-y-container h-column__content h-column__v-align flex-basis-100 align-self-lg-center align-self-md-center align-self-center\">\n                <!---->\n                <div data-colibri-id=\"9428-c41\" class=\"h-row-container gutters-row-lg-2 gutters-row-md-2 gutters-row-2 gutters-row-v-lg-2 gutters-row-v-md-2 gutters-row-v-2 style-4384 style-local-9428-c41 position-relative\">\n                  <!---->\n                  <div class=\"h-row justify-content-lg-center justify-content-md-center justify-content-center align-items-lg-stretch align-items-md-stretch align-items-stretch gutters-col-lg-2 gutters-col-md-2 gutters-col-2 gutters-col-v-lg-2 gutters-col-v-md-2 gutters-col-v-2\">\n                    <!---->\n                    <div class=\"h-column h-column-container d-flex h-col-lg-auto h-col-md-auto h-col-auto style-4385-outer style-local-9428-c42-outer\">\n                      <div data-colibri-id=\"9428-c42\" class=\"d-flex h-flex-basis h-column__inner h-px-lg-0 h-px-md-0 h-px-0 v-inner-lg-0 v-inner-md-0 v-inner-0 style-4385 style-local-9428-c42 position-relative\">\n                        <!---->\n                        <!---->\n                        <div class=\"w-100 h-y-container h-column__content h-column__v-align flex-basis-100 align-self-lg-start align-self-md-start align-self-start\">\n                          <!---->\n                          <div data-colibri-id=\"9428-c43\" class=\"h-global-transition-all h-heading style-4382 style-local-9428-c43 position-relative h-element\">\n                            <!---->\n                            <div class=\"h-heading__outer style-4382 style-local-9428-c43\">\n                              <!---->\n                              <!---->\n                              <h5 class=\"\">R\u00e9flexologie plantaire p\u00e9rinatale<\/h5>\n                            <\/div>\n                          <\/div>\n                          <div data-colibri-id=\"9428-c44\" class=\"h-text h-text-component style-4383 style-local-9428-c44 position-relative h-element\">\n                            <!---->\n                            <!---->\n                            <div class=\"\">\n                              <p>Pour toutes les mamans qui ont des petits maux li\u00e9s \u00e0 la grossesse&nbsp;: douleurs ligamentaires, naus\u00e9es, constipation, jambes lourdes et\/ou des \u0153d\u00e8mes aux pieds.<\/p>\n                              <p>Comme soin compl\u00e9mentaire \u00e0 la pr\u00e9paration \u00e0 la naissance en\n                                <a href=\"https:\/\/desracinesalavie.be\/index.php\/hypnonatal\" target=\"_blank\" rel=\"noopener\">hypno-natal<\/a>, en&nbsp;\n                                <a href=\"https:\/\/desracinesalavie.be\/index.php\/sophrologie\" target=\"_blank\" rel=\"noopener\">sophrologie<\/a> ou \u00e0 l\u2019occasion des massages pr\u00e9natal pour un travail \u00e0 la fois sur le mental et le corps.<\/p>\n                              <p><strong style=\"font-weight: 600;\">En pr\u00e9natal<\/strong> elle diminuera votre stress, vos naus\u00e9es et favorisera la qualit\u00e9 de votre sommeil.<\/p>\n                              <p>elle peut \u00e9galement apaiser vos douleurs ligamentaires et favoriser l&#8217;\u00e9limination des toxines.<\/p>\n                              <p>La r\u00e9flexologie plantaire peut r\u00e9duire consid\u00e9rablement l\u2019anxi\u00e9t\u00e9, la douleur et raccourcir la dur\u00e9e du travail en salle d\u2019accouchement.<\/p>\n                              <p><strong style=\"font-weight: 600; font-size: 16px; font-family: &quot;Open Sans&quot;; color: rgb(153, 153, 153);\">En pr\u00e9 et en postnatal<\/strong><span style=\"font-weight: 400; font-size: 16px; font-family: &quot;Open Sans&quot;; color: rgb(153, 153, 153);\">&nbsp;la r\u00e9flexologie peut vous aider \u00e0 r\u00e9cup\u00e9rer plus facilement et \u00e0 retrouver votre vitalit\u00e9 suite \u00e0 une possible grande fatigue.<\/span><\/p>\n                              <p><strong style=\"font-weight: 600;\">En post -partum<\/strong>, elle vous aidera \u00e0 r\u00e9\u00e9quilibrer le syst\u00e8me hormonal, \u00e0 soulager vos troubles organiques comme des probl\u00e8mes digestifs et \u00e0 retrouver une s\u00e9r\u00e9nit\u00e9 pour profiter pleinement\n                                de votre b\u00e9b\u00e9.<\/p>\n                              <p><strong style=\"font-weight: 600;\">Le massage \u00ab&nbsp;drainage lymphatique<\/strong><span style=\"font-weight: 600;\">&nbsp;\u00bb<\/span> fait partie de la r\u00e9flexologie plantaire, il stimule la<strong>&nbsp;<\/strong>circulation sanguine\n                                et lymphatique \u00e0 partir des zones r\u00e9flexes et il peut \u00eatre associ\u00e9 au\n                                <a href=\"https:\/\/desracinesalavie.be\/index.php\/massages-bien-etre\" target=\"_blank\" rel=\"noopener\">massage circulatoire et au drainage lymphatique<\/a> des membres inf\u00e9rieurs, souvent b\u00e9n\u00e9fique en fin de grossesse.<\/p>\n                            <\/div>\n                          <\/div>\n                        <\/div>\n                      <\/div>\n                    <\/div>\n                    <div class=\"h-column h-column-container d-flex h-col-lg-auto h-col-md-auto h-col-auto style-4386-outer style-local-9428-c45-outer\">\n                      <div data-colibri-id=\"9428-c45\" class=\"d-flex h-flex-basis h-column__inner h-ui-empty-state-container h-px-lg-0 h-px-md-0 h-px-0 v-inner-lg-0 v-inner-md-0 v-inner-0 style-4386 style-local-9428-c45 position-relative\">\n                        <!---->\n                        <!---->\n                        <div class=\"w-100 h-y-container h-column__content h-column__v-align flex-basis-100\">\n                          <!---->\n                        <\/div>\n                      <\/div>\n                    <\/div>\n                  <\/div>\n                <\/div>\n              <\/div>\n            <\/div>\n          <\/div>\n        <\/div>\n      <\/div>\n    <\/div>\n  <\/div>\n  <div data-colibri-component=\"section\" data-colibri-id=\"9428-c46\" id=\"custom-3\" class=\"h-section h-section-global-spacing d-flex align-items-lg-center align-items-md-center align-items-center style-4360 style-local-9428-c46 position-relative\">\n    <!---->\n    <!---->\n    <div class=\"h-section-grid-container h-section-boxed-container\">\n      <!---->\n      <div data-colibri-id=\"9428-c47\" class=\"h-row-container gutters-row-lg-2 gutters-row-md-2 gutters-row-0 gutters-row-v-lg-2 gutters-row-v-md-2 gutters-row-v-2 style-4361 style-local-9428-c47 position-relative\">\n        <!---->\n        <div class=\"h-row justify-content-lg-center justify-content-md-center justify-content-center align-items-lg-stretch align-items-md-stretch align-items-stretch gutters-col-lg-2 gutters-col-md-2 gutters-col-0 gutters-col-v-lg-2 gutters-col-v-md-2 gutters-col-v-2\">\n          <!---->\n          <div class=\"h-column h-column-container d-flex h-col-lg-auto h-col-md-auto h-col-auto style-4362-outer style-local-9428-c48-outer\">\n            <div data-colibri-id=\"9428-c48\" class=\"d-flex h-flex-basis h-column__inner h-px-lg-2 h-px-md-2 h-px-2 v-inner-lg-2 v-inner-md-2 v-inner-2 style-4362 style-local-9428-c48 position-relative\">\n              <!---->\n              <!---->\n              <div class=\"w-100 h-y-container h-column__content h-column__v-align flex-basis-100 align-self-lg-center align-self-md-center align-self-center\">\n                <!---->\n                <div data-colibri-id=\"9428-c49\" class=\"h-x-container style-4363 style-local-9428-c49 position-relative h-element\">\n                  <!---->\n                  <div class=\"h-x-container-inner style-dynamic-9428-c49-group style-4363-spacing style-local-9428-c49-spacing\"><span class=\"h-link__outer style-4364-outer style-local-9428-c50-outer d-inline-flex h-element\"><a h-use-smooth-scroll=\"true\" href=\"https:\/\/desracinesalavie.be\/index.php\/pascale-de-grasse\/\"  data-colibri-id=\"9428-c50\" class=\"d-flex w-100 align-items-center h-link style-4364 style-local-9428-c50 position-relative\"><!----><!----> <span>Pascale de Grasse<\/span><\/a>\n                    <\/span>\n                  <\/div>\n                <\/div>\n                <div data-colibri-id=\"9428-c51\" class=\"h-text h-text-component style-4365 style-local-9428-c51 position-relative h-element\">\n                  <!---->\n                  <!---->\n                  <div class=\"\">\n                    <p>+32 470 47 20 31<\/p>\n                    <p>\n                      <a href=\"mailto:pascaledegrasse@gmail.com\">pascaledegrasse@gmail.com<\/a>\n                    <\/p>\n                  <\/div>\n                <\/div>\n                <div data-colibri-id=\"9428-c52\" class=\"h-text h-text-component style-4366 style-local-9428-c52 position-relative h-element\">\n                  <!---->\n                  <!---->\n                  <div class=\"\">\n                    <p><span style=\"font-weight: 400; font-size: 16px; font-family: &quot;Open Sans&quot;; color: rgb(153, 153, 153);\">Horaire : lundi de 8h \u00e0 14h<\/span><\/p>\n                  <\/div>\n                <\/div>\n                <div data-colibri-id=\"9428-c53\" class=\"h-x-container style-4367 style-local-9428-c53 position-relative h-element\">\n                  <!---->\n                  <div class=\"h-x-container-inner style-dynamic-9428-c53-group style-4367-spacing style-local-9428-c53-spacing\"><span class=\"h-button__outer style-4368-outer style-local-9428-c54-outer d-inline-flex h-element\"><a h-use-smooth-scroll=\"true\" href=\"https:\/\/www.doctoranytime.be\/cl\/des-racines-a-la-vie\"  data-colibri-id=\"9428-c54\" class=\"d-flex w-100 align-items-center h-button justify-content-lg-center justify-content-md-center justify-content-center style-4368 style-local-9428-c54 position-relative\"><!----><!----> <span>Prendre rdv<\/span><\/a>\n                    <\/span>\n                  <\/div>\n                <\/div>\n              <\/div>\n            <\/div>\n          <\/div>\n          <div class=\"h-column h-column-container d-flex h-col-lg-auto h-col-md-auto h-col-auto style-4369-outer style-local-9428-c55-outer\">\n            <div data-colibri-id=\"9428-c55\" class=\"d-flex h-flex-basis h-column__inner h-px-lg-2 h-px-md-2 h-px-2 v-inner-lg-2 v-inner-md-2 v-inner-2 style-4369 style-local-9428-c55 position-relative\">\n              <!---->\n              <!---->\n              <div class=\"w-100 h-y-container h-column__content h-column__v-align flex-basis-100 align-self-lg-center align-self-md-center align-self-center\">\n                <!---->\n                <div data-colibri-id=\"9428-c56\" class=\"d-block style-4370 style-local-9428-c56 position-relative h-element\">\n                  <!---->\n                  <div class=\"h-image__frame-container-outer\">\n                    <a href=\"https:\/\/desracinesalavie.be\/index.php\/pascale-de-grasse\/\" h-use-smooth-scroll=\"true\" class=\"image-link\">\n                      <div class=\"h-image__frame-container\">\n                        <!---->\n                        <!---->\n                        <img loading=\"lazy\" decoding=\"async\" width=\"1500\" height=\"1500\" src=\"https:\/\/desracinesalavie.be\/wp-content\/uploads\/2024\/08\/Pascale-Blanc.png\" class=\"wp-image-9278 style-4370-image style-local-9428-c56-image\" alt=\"Pascale de Grasse hypnoth\u00e9rapeute massoth\u00e9rapeute\" srcset=\"https:\/\/desracinesalavie.be\/wp-content\/uploads\/2024\/08\/Pascale-Blanc.png 1500w, https:\/\/desracinesalavie.be\/wp-content\/uploads\/2024\/08\/Pascale-Blanc-300x300.png 300w, https:\/\/desracinesalavie.be\/wp-content\/uploads\/2024\/08\/Pascale-Blanc-1024x1024.png 1024w, https:\/\/desracinesalavie.be\/wp-content\/uploads\/2024\/08\/Pascale-Blanc-150x150.png 150w, https:\/\/desracinesalavie.be\/wp-content\/uploads\/2024\/08\/Pascale-Blanc-768x768.png 768w\" sizes=\"auto, (max-width: 1500px) 100vw, 1500px\" \/>\n                        <div class=\"h-image__frame h-hide-lg h-hide-md h-hide-sm style-4370-frameImage style-local-9428-c56-frameImage\"><\/div>\n                      <\/div>\n                    <\/a>\n                  <\/div>\n                <\/div>\n              <\/div>\n            <\/div>\n          <\/div>\n          <div class=\"h-column h-column-container d-flex h-col-lg-auto h-col-md-auto h-col-auto style-4371-outer style-local-9428-c57-outer\">\n            <div data-colibri-id=\"9428-c57\" class=\"d-flex h-flex-basis h-column__inner h-px-lg-2 h-px-md-2 h-px-2 v-inner-lg-2 v-inner-md-2 v-inner-2 style-4371 style-local-9428-c57 position-relative\">\n              <!---->\n              <!---->\n              <div class=\"w-100 h-y-container h-column__content h-column__v-align flex-basis-100 align-self-lg-center align-self-md-center align-self-center\">\n                <!---->\n                <div data-colibri-id=\"9428-c58\" class=\"h-text h-text-component style-4372 style-local-9428-c58 position-relative h-element\">\n                  <!---->\n                  <!---->\n                  <div class=\"\">\n                    <p><span style=\"font-weight: 600;\">Autre(s) prestation(s) :<\/span><\/p>\n                    <p>\n                      <a href=\"https:\/\/desracinesalavie.be\/index.php\/hypnose-therapeutique\">Hypnose th\u00e9rapeutique<\/a>\n                    <\/p>\n                    <p>\n                      <a href=\"https:\/\/desracinesalavie.be\/index.php\/hypnonatal\">Hypnonatal<\/a>\n                    <\/p>\n                    <p>\n                      <a href=\"https:\/\/desracinesalavie.be\/index.php\/ritmo-derive-de-lemdr\">RITMO<\/a> (d\u00e9riv\u00e9 de l&#8217;EMDR)<\/p>\n                    <p>\n                      <a href=\"https:\/\/desracinesalavie.be\/index.php\/sophrologie\">Sophrologie<\/a> (PMA, hyperstress et burn out)<\/p>\n                    <p>\n                      <a href=\"https:\/\/desracinesalavie.be\/index.php\/psychogenealogie-et-transgenerationnel\">Psychog\u00e9n\u00e9alogie et transg\u00e9n\u00e9rationnel<\/a>\n                    <\/p>\n                    <p>\n                      <a href=\"https:\/\/desracinesalavie.be\/index.php\/massages-natalla-de-la-preconception-a-la-naissance\">Massages NatalLa<\/a>\n                    <\/p>\n                    <p>\n                      <a href=\"https:\/\/desracinesalavie.be\/index.php\/massages-bien-etre\">Massages bien-\u00eatre<\/a>\n                    <\/p>\n                    <p><span style=\"font-family: &quot;Open Sans&quot;; font-weight: 400; font-size: 16px; color: rgb(153, 153, 153);\"> <\/span><\/p>\n                  <\/div>\n                <\/div>\n              <\/div>\n            <\/div>\n          <\/div>\n        <\/div>\n      <\/div>\n    <\/div>\n  <\/div>\n<\/div>","protected":false},"excerpt":{"rendered":"<p>R\u00e9flexologie plantaire \u00e0 Gembloux (Namur) Pascale de Grasse vous re\u00e7oit en consultation en r\u00e9flexologie plantaire \u00e0 Des Racines \u00e0 la Vie \u00e0 Gembloux. Vous pouvez la joindre par t\u00e9l\u00e9phone ou par mail, ou prendre directement votre rendez-vous en ligne. La r\u00e9flexologie plantaire, associ\u00e9e \u00e0 l\u2019\u00e9nerg\u00e9tique chinoise est une invitation \u00e0 un r\u00e9\u00e9quilibrage global&nbsp; : physique, [&hellip;]<\/p>\n","protected":false},"author":1,"featured_media":0,"parent":0,"menu_order":0,"comment_status":"closed","ping_status":"closed","template":"page-templates\/full-width-page.php","meta":{"footnotes":""},"class_list":["post-9428","page","type-page","status-publish","hentry"],"yoast_head":"<!-- This site is optimized with the Yoast SEO plugin v27.5 - https:\/\/yoast.com\/product\/yoast-seo-wordpress\/ -->\n<title>R\u00e9flexologie plantaire - Des Racines \u00e0 la Vie<\/title>\n<meta name=\"robots\" content=\"index, follow, max-snippet:-1, max-image-preview:large, max-video-preview:-1\" \/>\n<link rel=\"canonical\" href=\"https:\/\/desracinesalavie.be\/index.php\/reflexologie-plantaire\/\" \/>\n<meta property=\"og:locale\" content=\"en_US\" \/>\n<meta property=\"og:type\" content=\"article\" \/>\n<meta property=\"og:title\" content=\"R\u00e9flexologie plantaire - Des Racines \u00e0 la Vie\" \/>\n<meta property=\"og:description\" content=\"R\u00e9flexologie plantaire \u00e0 Gembloux (Namur) Pascale de Grasse vous re\u00e7oit en consultation en r\u00e9flexologie plantaire \u00e0 Des Racines \u00e0 la Vie \u00e0 Gembloux. Vous pouvez la joindre par t\u00e9l\u00e9phone ou par mail, ou prendre directement votre rendez-vous en ligne. La r\u00e9flexologie plantaire, associ\u00e9e \u00e0 l\u2019\u00e9nerg\u00e9tique chinoise est une invitation \u00e0 un r\u00e9\u00e9quilibrage global&nbsp; : physique, [&hellip;]\" \/>\n<meta property=\"og:url\" content=\"https:\/\/desracinesalavie.be\/index.php\/reflexologie-plantaire\/\" \/>\n<meta property=\"og:site_name\" content=\"Des Racines \u00e0 la Vie\" \/>\n<meta property=\"article:modified_time\" content=\"2024-10-08T13:48:01+00:00\" \/>\n<meta property=\"og:image\" content=\"https:\/\/desracinesalavie.be\/wp-content\/uploads\/2024\/08\/cropped-legs-8735523_640.png\" \/>\n\t<meta property=\"og:image:width\" content=\"640\" \/>\n\t<meta property=\"og:image:height\" content=\"640\" \/>\n\t<meta property=\"og:image:type\" content=\"image\/png\" \/>\n<meta name=\"twitter:card\" content=\"summary_large_image\" \/>\n<meta name=\"twitter:label1\" content=\"Est. reading time\" \/>\n\t<meta name=\"twitter:data1\" content=\"5 minutes\" \/>\n<script type=\"application\/ld+json\" class=\"yoast-schema-graph\">{\"@context\":\"https:\\\/\\\/schema.org\",\"@graph\":[{\"@type\":\"WebPage\",\"@id\":\"https:\\\/\\\/desracinesalavie.be\\\/index.php\\\/reflexologie-plantaire\\\/\",\"url\":\"https:\\\/\\\/desracinesalavie.be\\\/index.php\\\/reflexologie-plantaire\\\/\",\"name\":\"R\u00e9flexologie plantaire - Des Racines \u00e0 la Vie\",\"isPartOf\":{\"@id\":\"https:\\\/\\\/desracinesalavie.be\\\/#website\"},\"primaryImageOfPage\":{\"@id\":\"https:\\\/\\\/desracinesalavie.be\\\/index.php\\\/reflexologie-plantaire\\\/#primaryimage\"},\"image\":{\"@id\":\"https:\\\/\\\/desracinesalavie.be\\\/index.php\\\/reflexologie-plantaire\\\/#primaryimage\"},\"thumbnailUrl\":\"https:\\\/\\\/desracinesalavie.be\\\/wp-content\\\/uploads\\\/2024\\\/08\\\/cropped-legs-8735523_640.png\",\"datePublished\":\"2024-08-02T11:05:22+00:00\",\"dateModified\":\"2024-10-08T13:48:01+00:00\",\"breadcrumb\":{\"@id\":\"https:\\\/\\\/desracinesalavie.be\\\/index.php\\\/reflexologie-plantaire\\\/#breadcrumb\"},\"inLanguage\":\"en-US\",\"potentialAction\":[{\"@type\":\"ReadAction\",\"target\":[\"https:\\\/\\\/desracinesalavie.be\\\/index.php\\\/reflexologie-plantaire\\\/\"]}]},{\"@type\":\"ImageObject\",\"inLanguage\":\"en-US\",\"@id\":\"https:\\\/\\\/desracinesalavie.be\\\/index.php\\\/reflexologie-plantaire\\\/#primaryimage\",\"url\":\"https:\\\/\\\/desracinesalavie.be\\\/wp-content\\\/uploads\\\/2024\\\/08\\\/cropped-legs-8735523_640.png\",\"contentUrl\":\"https:\\\/\\\/desracinesalavie.be\\\/wp-content\\\/uploads\\\/2024\\\/08\\\/cropped-legs-8735523_640.png\",\"width\":640,\"height\":640,\"caption\":\"R\u00e9flexologie plantaire pascale de grasse\"},{\"@type\":\"BreadcrumbList\",\"@id\":\"https:\\\/\\\/desracinesalavie.be\\\/index.php\\\/reflexologie-plantaire\\\/#breadcrumb\",\"itemListElement\":[{\"@type\":\"ListItem\",\"position\":1,\"name\":\"Home\",\"item\":\"https:\\\/\\\/desracinesalavie.be\\\/\"},{\"@type\":\"ListItem\",\"position\":2,\"name\":\"R\u00e9flexologie plantaire\"}]},{\"@type\":\"WebSite\",\"@id\":\"https:\\\/\\\/desracinesalavie.be\\\/#website\",\"url\":\"https:\\\/\\\/desracinesalavie.be\\\/\",\"name\":\"Des Racines \u00e0 la Vie\",\"description\":\"Votre centre param\u00e9dical \u00e0 Gembloux\",\"publisher\":{\"@id\":\"https:\\\/\\\/desracinesalavie.be\\\/#organization\"},\"potentialAction\":[{\"@type\":\"SearchAction\",\"target\":{\"@type\":\"EntryPoint\",\"urlTemplate\":\"https:\\\/\\\/desracinesalavie.be\\\/?s={search_term_string}\"},\"query-input\":{\"@type\":\"PropertyValueSpecification\",\"valueRequired\":true,\"valueName\":\"search_term_string\"}}],\"inLanguage\":\"en-US\"},{\"@type\":\"Organization\",\"@id\":\"https:\\\/\\\/desracinesalavie.be\\\/#organization\",\"name\":\"Des Racines \u00e0 la Vie\",\"url\":\"https:\\\/\\\/desracinesalavie.be\\\/\",\"logo\":{\"@type\":\"ImageObject\",\"inLanguage\":\"en-US\",\"@id\":\"https:\\\/\\\/desracinesalavie.be\\\/#\\\/schema\\\/logo\\\/image\\\/\",\"url\":\"https:\\\/\\\/desracinesalavie.be\\\/wp-content\\\/uploads\\\/2020\\\/11\\\/cropped-logo-Jennyfer-blanc.png\",\"contentUrl\":\"https:\\\/\\\/desracinesalavie.be\\\/wp-content\\\/uploads\\\/2020\\\/11\\\/cropped-logo-Jennyfer-blanc.png\",\"width\":300,\"height\":410,\"caption\":\"Des Racines \u00e0 la Vie\"},\"image\":{\"@id\":\"https:\\\/\\\/desracinesalavie.be\\\/#\\\/schema\\\/logo\\\/image\\\/\"}}]}<\/script>\n<!-- \/ Yoast SEO plugin. -->","yoast_head_json":{"title":"R\u00e9flexologie plantaire - Des Racines \u00e0 la Vie","robots":{"index":"index","follow":"follow","max-snippet":"max-snippet:-1","max-image-preview":"max-image-preview:large","max-video-preview":"max-video-preview:-1"},"canonical":"https:\/\/desracinesalavie.be\/index.php\/reflexologie-plantaire\/","og_locale":"en_US","og_type":"article","og_title":"R\u00e9flexologie plantaire - Des Racines \u00e0 la Vie","og_description":"R\u00e9flexologie plantaire \u00e0 Gembloux (Namur) Pascale de Grasse vous re\u00e7oit en consultation en r\u00e9flexologie plantaire \u00e0 Des Racines \u00e0 la Vie \u00e0 Gembloux. Vous pouvez la joindre par t\u00e9l\u00e9phone ou par mail, ou prendre directement votre rendez-vous en ligne. La r\u00e9flexologie plantaire, associ\u00e9e \u00e0 l\u2019\u00e9nerg\u00e9tique chinoise est une invitation \u00e0 un r\u00e9\u00e9quilibrage global&nbsp; : physique, [&hellip;]","og_url":"https:\/\/desracinesalavie.be\/index.php\/reflexologie-plantaire\/","og_site_name":"Des Racines \u00e0 la Vie","article_modified_time":"2024-10-08T13:48:01+00:00","og_image":[{"width":640,"height":640,"url":"https:\/\/desracinesalavie.be\/wp-content\/uploads\/2024\/08\/cropped-legs-8735523_640.png","type":"image\/png"}],"twitter_card":"summary_large_image","twitter_misc":{"Est. reading time":"5 minutes"},"schema":{"@context":"https:\/\/schema.org","@graph":[{"@type":"WebPage","@id":"https:\/\/desracinesalavie.be\/index.php\/reflexologie-plantaire\/","url":"https:\/\/desracinesalavie.be\/index.php\/reflexologie-plantaire\/","name":"R\u00e9flexologie plantaire - Des Racines \u00e0 la Vie","isPartOf":{"@id":"https:\/\/desracinesalavie.be\/#website"},"primaryImageOfPage":{"@id":"https:\/\/desracinesalavie.be\/index.php\/reflexologie-plantaire\/#primaryimage"},"image":{"@id":"https:\/\/desracinesalavie.be\/index.php\/reflexologie-plantaire\/#primaryimage"},"thumbnailUrl":"https:\/\/desracinesalavie.be\/wp-content\/uploads\/2024\/08\/cropped-legs-8735523_640.png","datePublished":"2024-08-02T11:05:22+00:00","dateModified":"2024-10-08T13:48:01+00:00","breadcrumb":{"@id":"https:\/\/desracinesalavie.be\/index.php\/reflexologie-plantaire\/#breadcrumb"},"inLanguage":"en-US","potentialAction":[{"@type":"ReadAction","target":["https:\/\/desracinesalavie.be\/index.php\/reflexologie-plantaire\/"]}]},{"@type":"ImageObject","inLanguage":"en-US","@id":"https:\/\/desracinesalavie.be\/index.php\/reflexologie-plantaire\/#primaryimage","url":"https:\/\/desracinesalavie.be\/wp-content\/uploads\/2024\/08\/cropped-legs-8735523_640.png","contentUrl":"https:\/\/desracinesalavie.be\/wp-content\/uploads\/2024\/08\/cropped-legs-8735523_640.png","width":640,"height":640,"caption":"R\u00e9flexologie plantaire pascale de grasse"},{"@type":"BreadcrumbList","@id":"https:\/\/desracinesalavie.be\/index.php\/reflexologie-plantaire\/#breadcrumb","itemListElement":[{"@type":"ListItem","position":1,"name":"Home","item":"https:\/\/desracinesalavie.be\/"},{"@type":"ListItem","position":2,"name":"R\u00e9flexologie plantaire"}]},{"@type":"WebSite","@id":"https:\/\/desracinesalavie.be\/#website","url":"https:\/\/desracinesalavie.be\/","name":"Des Racines \u00e0 la Vie","description":"Votre centre param\u00e9dical \u00e0 Gembloux","publisher":{"@id":"https:\/\/desracinesalavie.be\/#organization"},"potentialAction":[{"@type":"SearchAction","target":{"@type":"EntryPoint","urlTemplate":"https:\/\/desracinesalavie.be\/?s={search_term_string}"},"query-input":{"@type":"PropertyValueSpecification","valueRequired":true,"valueName":"search_term_string"}}],"inLanguage":"en-US"},{"@type":"Organization","@id":"https:\/\/desracinesalavie.be\/#organization","name":"Des Racines \u00e0 la Vie","url":"https:\/\/desracinesalavie.be\/","logo":{"@type":"ImageObject","inLanguage":"en-US","@id":"https:\/\/desracinesalavie.be\/#\/schema\/logo\/image\/","url":"https:\/\/desracinesalavie.be\/wp-content\/uploads\/2020\/11\/cropped-logo-Jennyfer-blanc.png","contentUrl":"https:\/\/desracinesalavie.be\/wp-content\/uploads\/2020\/11\/cropped-logo-Jennyfer-blanc.png","width":300,"height":410,"caption":"Des Racines \u00e0 la Vie"},"image":{"@id":"https:\/\/desracinesalavie.be\/#\/schema\/logo\/image\/"}}]}},"_links":{"self":[{"href":"https:\/\/desracinesalavie.be\/index.php\/wp-json\/wp\/v2\/pages\/9428","targetHints":{"allow":["GET"]}}],"collection":[{"href":"https:\/\/desracinesalavie.be\/index.php\/wp-json\/wp\/v2\/pages"}],"about":[{"href":"https:\/\/desracinesalavie.be\/index.php\/wp-json\/wp\/v2\/types\/page"}],"author":[{"embeddable":true,"href":"https:\/\/desracinesalavie.be\/index.php\/wp-json\/wp\/v2\/users\/1"}],"replies":[{"embeddable":true,"href":"https:\/\/desracinesalavie.be\/index.php\/wp-json\/wp\/v2\/comments?post=9428"}],"version-history":[{"count":5,"href":"https:\/\/desracinesalavie.be\/index.php\/wp-json\/wp\/v2\/pages\/9428\/revisions"}],"predecessor-version":[{"id":9919,"href":"https:\/\/desracinesalavie.be\/index.php\/wp-json\/wp\/v2\/pages\/9428\/revisions\/9919"}],"wp:attachment":[{"href":"https:\/\/desracinesalavie.be\/index.php\/wp-json\/wp\/v2\/media?parent=9428"}],"curies":[{"name":"wp","href":"https:\/\/api.w.org\/{rel}","templated":true}]}}